{"id":1040,"date":"2018-02-12T14:02:28","date_gmt":"2018-02-12T13:02:28","guid":{"rendered":"http:\/\/www2.krajskakniznicazilina.sk\/?page_id=1040"},"modified":"2026-03-23T10:53:41","modified_gmt":"2026-03-23T09:53:41","slug":"fond-na-podporu-umenia","status":"publish","type":"page","link":"https:\/\/www.krajskakniznicazilina.sk\/index.php\/o-kniznici\/projekty\/fond-na-podporu-umenia\/","title":{"rendered":"Fond na podporu umenia"},"content":{"rendered":"<p style=\"text-align: justify;\"><strong><a href=\"https:\/\/www.fpu.sk\/sk\/\"><img loading=\"lazy\" decoding=\"async\" class=\"alignright\" src=\"https:\/\/www.krajskakniznicazilina.sk\/menu\/okniz\/pro\/fpu\/fpu_logo.png\" alt=\"Fond na podporu umenia\" width=\"236\" height=\"100\" \/><\/a><\/strong><\/p>\n<p style=\"text-align: justify;\"><strong>Fond na podporu umenia\u00a0<\/strong>a<strong>\u00a0\u017dilinsk\u00fd samospr\u00e1vny kraj<\/strong>\u00a0z verejn\u00fdch zdrojov podporili realiz\u00e1ciu projektov Krajskej kni\u017enice v \u017diline:<\/p>\n<p><strong>Projekty podporen\u00e9 Fondom na podporu umenia za rok 2025<\/strong><\/p>\n<ul>\n<li>S knihou \u2013 \u010d\u00edtam, rozumiem, mysl\u00edm, som \u2013 XVIII. ro\u010dn\u00edk (2\u00a0000 \u20ac)<\/li>\n<li>Obnova Spolo\u010denskej a\u00a0Rozpr\u00e1vkovej miestnosti Krajskej kni\u017enice v\u00a0\u017diline (5\u00a0000 \u20ac)<\/li>\n<li>Obnova 2. nadzemn\u00e9ho podla\u017eia Krajskej kni\u017enice v \u017diline (50\u00a0000 \u20ac)<\/li>\n<li>Akviz\u00edcia kni\u017eni\u010dn\u00e9ho fondu 2025 (3\u00a0000 \u20ac)<\/li>\n<\/ul>\n<p style=\"text-align: justify;\"><strong>Projekty podporen\u00e9 Fondom na podporu umenia za rok 2024<\/strong><\/p>\n<ul>\n<li style=\"text-align: justify;\">Na vln\u00e1ch literat\u00fary v kni\u017enici<\/li>\n<li style=\"text-align: justify;\">S knihou \u2013 \u010d\u00edtam, rozumiem, mysl\u00edm, som &#8211; XVII. ro\u010dn\u00edk<\/li>\n<li style=\"text-align: justify;\">Obnova 2. nadzemn\u00e9ho podla\u017eia Krajskej kni\u017enice v \u017diline \u2013 s\u00fa\u0165a\u017e n\u00e1vrhov<\/li>\n<li style=\"text-align: justify;\">Akviz\u00edcia kni\u017eni\u010dn\u00e9ho fondu (2024)<\/li>\n<\/ul>\n<p><strong>Projekty podporen\u00e9 Fondom na podporu umenia za rok 2023<\/strong><\/p>\n<ul>\n<li>S detskou knihou \u2013 \u00a0XVI. ro\u010dn\u00edk festivalu<\/li>\n<li>\u010c\u00edtam \u2013 rozumiem \u2013 mysl\u00edm \u2013 som \u00a02. ro\u010dn\u00edk<\/li>\n<li>Skvalitnenie slu\u017eieb Krajskej kni\u017enice v \u017diline &#8211; obnova 1. poschodia a in\u0161tal\u00e1cia RFID syst\u00e9mu<\/li>\n<li>Akviz\u00edcia kni\u017eni\u010dn\u00e9ho fondu (2023)<\/li>\n<\/ul>\n<p><strong>Projekty podporen\u00e9 Fondom na podporu umenia za rok 2022<\/strong><\/p>\n<ul>\n<li>Vianoce s detskou knihou \u2013 \u00a0XV. ro\u010dn\u00edk festivalu (<a href=\"https:\/\/www.krajskakniznicazilina.sk\/menu\/okniz\/pro\/fpu\/KvZd5.jpg\">Kni\u017enica v \u017eivote die\u0165a\u0165a &#8211; V. ro\u010dn\u00edk<\/a>,\u00a0<a href=\"https:\/\/www.krajskakniznicazilina.sk\/menu\/okniz\/pro\/fpu\/vianoceDK15%201.jpg\">podujatia 1<\/a>, <a href=\"https:\/\/www.krajskakniznicazilina.sk\/menu\/okniz\/pro\/fpu\/vianoceDK15%202.jpg\">podujatia 2<\/a>, <a href=\"https:\/\/www.krajskakniznicazilina.sk\/menu\/okniz\/pro\/fpu\/vianoceDK15%203.jpg\">podujatia 3<\/a>)<\/li>\n<li>\u010c\u00edtam \u2013 rozumiem \u2013 mysl\u00edm \u2013 som<\/li>\n<li><a href=\"https:\/\/www.krajskakniznicazilina.sk\/index.php\/o-kniznici\/projekty\/architektonicka-sutaz-navrhov\/\">Obnova 1. poschodia Krajskej kni\u017enice v \u017diline \u2013 s\u00fa\u0165a\u017e n\u00e1vrhov<\/a><\/li>\n<li>Akviz\u00edcia kni\u017eni\u010dn\u00e9ho fondu (2022)<\/li>\n<\/ul>\n<p><strong>Projekty podporen\u00e9 Fondom na podporu umenia za rok 2021<\/strong><\/p>\n<ul>\n<li>Akviz\u00edcia kni\u017eni\u010dn\u00e9ho fondu (2021)<\/li>\n<li>Vianoce s detskou knihou \u2013 \u00a0XIV. ro\u010dn\u00edk festivalu<\/li>\n<li>Obnova pr\u00edzemn\u00e9ho podla\u017eia krajskej kni\u017enice (IV. etapa)<\/li>\n<\/ul>\n<p><strong>Projekty podporen\u00e9 Fondom na podporu umenia za rok 2020<\/strong><\/p>\n<ul>\n<li>Akviz\u00edcia kni\u017eni\u010dn\u00e9ho fondu (2020)<\/li>\n<li>Vianoce s detskou knihou \u2013 \u00a0XIV. ro\u010dn\u00edk festivalu<\/li>\n<\/ul>\n<p><strong>Projekty podporen\u00e9 Fondom na podporu umenia za rok 2019<\/strong><\/p>\n<ul>\n<li>Akviz\u00edcia kni\u017eni\u010dn\u00e9ho fondu (2019)<\/li>\n<li>Obnova vstupn\u00fdch priestorov krajskej kni\u017enice<\/li>\n<li>Vzdel\u00e1vanie knihovn\u00edkov v oblasti komunika\u010dn\u00fdch a digit\u00e1lnych zru\u010dnost\u00ed<\/li>\n<li>Vianoce s detskou knihou \u2013 \u00a0XIII. ro\u010dn\u00edk festivalu<\/li>\n<\/ul>\n<p><a href=\"https:\/\/www.krajskakniznicazilina.sk\/index.php\/o-kniznici\/projekty\/fond-na-podporu-umenia\/fpu-projekty-2018\/\"><strong>Projekty podporen\u00e9 Fondom na podporu umenia za rok 2018<\/strong><\/a><\/p>\n<ul>\n<li>Akviz\u00edcia kni\u017eni\u010dn\u00e9ho fondu (2018)<\/li>\n<li>Skvalitnenie slu\u017eieb oddelenia odbornej literat\u00fary a \u0161tudovn\u00ed &#8211; fin\u00e1lna etapa<\/li>\n<li>Kni\u017enica pre najmen\u0161\u00edch a &#8222;n\u00e1s\u0165ro\u010dn\u00fdch&#8220;<\/li>\n<li>Dni detskej knihy 2018 &#8211; 35. ro\u010dn\u00edk celoslovensk\u00e9ho festivalu<\/li>\n<li>Vianoce s detskou knihou &#8211; \u00a0XII. ro\u010dn\u00edk festivalu<\/li>\n<\/ul>\n<p><strong><a href=\"https:\/\/www.krajskakniznicazilina.sk\/index.php\/o-kniznici\/projekty\/fond-na-podporu-umenia\/fpu-projekty-2017\/\">Projekty podporen\u00e9 Fondom na podporu umenia za rok 2017<\/a><\/strong><\/p>\n<ul>\n<li>Akviz\u00edcia kni\u017eni\u010dn\u00e9ho fondu (2017)<\/li>\n<li>Skvalitnenie ochrany a spr\u00edstup\u0148ovania kni\u017eni\u010dn\u00e9ho fondu pre pou\u017e\u00edvate\u013eov<\/li>\n<li>Rozvoj komunitnej kni\u017enice v krajskej kni\u017enici<\/li>\n<li>U\u010d\u00edme sa \u010d\u00edta\u0165 \u2013 program na rozvoj \u010ditate\u013eskej gramotnosti v prostred\u00ed kni\u017en\u00edc<\/li>\n<li>Vianoce s detskou knihou &#8211; XI. ro\u010dn\u00edk festivalu<\/li>\n<\/ul>\n<p style=\"text-align: justify;\"><strong><a href=\"https:\/\/www.krajskakniznicazilina.sk\/index.php\/o-kniznici\/projekty\/fond-na-podporu-umenia\/fpu-projekty-2016\/\">Projekty podporen\u00e9 Fondom na podporu umenia za rok 2016<\/a><\/strong><\/p>\n<ul>\n<li>Akviz\u00edcia kni\u017eni\u010dn\u00e9ho fondu (2016)<\/li>\n<li>Skvalitnenie slu\u017eieb oddelenia odbornej literat\u00fary a \u0161tudovn\u00ed<\/li>\n<li>Propag\u00e1cia slu\u017eieb krajskej kni\u017enice<\/li>\n<li>Vianoce s detskou knihou &#8211; X. ro\u010dn\u00edk festivalu<\/li>\n<\/ul>\n","protected":false},"excerpt":{"rendered":"<p>Fond na podporu umenia\u00a0a\u00a0\u017dilinsk\u00fd samospr\u00e1vny kraj\u00a0z verejn\u00fdch zdrojov podporili realiz\u00e1ciu projektov Krajskej kni\u017enice v \u017diline: Projekty podporen\u00e9 Fondom na podporu umenia za rok 2025 S knihou \u2013 \u010d\u00edtam, rozumiem, mysl\u00edm, som \u2013 XVIII. ro\u010dn\u00edk (2\u00a0000 \u20ac) Obnova Spolo\u010denskej a\u00a0Rozpr\u00e1vkovej miestnosti Krajskej kni\u017enice v\u00a0\u017diline (5\u00a0000 \u20ac) Obnova 2. nadzemn\u00e9ho podla\u017eia Krajskej kni\u017enice v \u017diline (50\u00a0000 \u20ac) &#8230; <a title=\"Fond na podporu umenia\" class=\"read-more\" href=\"https:\/\/www.krajskakniznicazilina.sk\/index.php\/o-kniznici\/projekty\/fond-na-podporu-umenia\/\" aria-label=\"Pre\u010d\u00edtajte si viac o Fond na podporu umenia\">\u010c\u00edta\u0165 viac<\/a><\/p>\n","protected":false},"author":1,"featured_media":0,"parent":73,"menu_order":0,"comment_status":"closed","ping_status":"closed","template":"","meta":{"footnotes":""},"class_list":["post-1040","page","type-page","status-publish"],"_links":{"self":[{"href":"https:\/\/www.krajskakniznicazilina.sk\/index.php\/wp-json\/wp\/v2\/pages\/1040","targetHints":{"allow":["GET"]}}],"collection":[{"href":"https:\/\/www.krajskakniznicazilina.sk\/index.php\/wp-json\/wp\/v2\/pages"}],"about":[{"href":"https:\/\/www.krajskakniznicazilina.sk\/index.php\/wp-json\/wp\/v2\/types\/page"}],"author":[{"embeddable":true,"href":"https:\/\/www.krajskakniznicazilina.sk\/index.php\/wp-json\/wp\/v2\/users\/1"}],"replies":[{"embeddable":true,"href":"https:\/\/www.krajskakniznicazilina.sk\/index.php\/wp-json\/wp\/v2\/comments?post=1040"}],"version-history":[{"count":29,"href":"https:\/\/www.krajskakniznicazilina.sk\/index.php\/wp-json\/wp\/v2\/pages\/1040\/revisions"}],"predecessor-version":[{"id":16978,"href":"https:\/\/www.krajskakniznicazilina.sk\/index.php\/wp-json\/wp\/v2\/pages\/1040\/revisions\/16978"}],"up":[{"embeddable":true,"href":"https:\/\/www.krajskakniznicazilina.sk\/index.php\/wp-json\/wp\/v2\/pages\/73"}],"wp:attachment":[{"href":"https:\/\/www.krajskakniznicazilina.sk\/index.php\/wp-json\/wp\/v2\/media?parent=1040"}],"curies":[{"name":"wp","href":"https:\/\/api.w.org\/{rel}","templated":true}]}}