{"id":1053,"date":"2018-02-12T15:08:51","date_gmt":"2018-02-12T14:08:51","guid":{"rendered":"http:\/\/www2.krajskakniznicazilina.sk\/?page_id=1053"},"modified":"2019-06-17T09:55:09","modified_gmt":"2019-06-17T07:55:09","slug":"potulky","status":"publish","type":"page","link":"https:\/\/www.krajskakniznicazilina.sk\/index.php\/o-kniznici\/projekty\/potulky\/","title":{"rendered":"Potulky"},"content":{"rendered":"<p>v r\u00e1mci projektu<strong>\u00a0\u201ePotulky-toulky po stop\u00e1ch osobnost\u00ed a zauj\u00edmavost\u00ed na\u0161ich regi\u00f3nov \u201c<\/strong>\u00a0k\u00f3d projektu SK\/FMP\/15\/024. Program cezhrani\u010dnej spolupr\u00e1ce:\u00a0Slovensk\u00e1 republika \u2013 \u010cesk\u00e1 republika 2007 \u2013 2013.<br \/>\n<a href=\"https:\/\/www.krajskakniznicazilina.sk\/menu\/okniz\/pro\/potulky\/osob.png\"><img decoding=\"async\" class=\"aligncenter\" src=\"https:\/\/www.krajskakniznicazilina.sk\/menu\/okniz\/pro\/potulky\/osob.png\" alt=\"Osobnosti Horn\u00e9ho Pova\u017eia \u017eilinsk\u00e9ho kraja a fr\u00fddecko-m\u00edstecka moravsko-slezk\u00e9ho kraja\" width=\"60%\" height=\"60%\" \/><\/a><\/p>\n<h2 id=\"tablepress-6-name\" class=\"tablepress-table-name tablepress-table-name-id-6\">Osobnosti z mapy<\/h2>\n\n<table id=\"tablepress-6\" class=\"tablepress tablepress-id-6\" aria-labelledby=\"tablepress-6-name\">\n<thead>\n<tr class=\"row-1\">\n\t<th class=\"column-1\">slovensk\u00e9 osobnosti<\/th><th class=\"column-2\">\u010desk\u00e9 osobnosti<\/th>\n<\/tr>\n<\/thead>\n<tbody class=\"row-striping row-hover\">\n<tr class=\"row-2\">\n\t<td class=\"column-1\"><a href=\"http:\/\/www2.krajskakniznicazilina.sk\/menu\/okniz\/pro\/potulky\/bosniakova.pdf\">\u017dofia Bosniakov\u00e1<\/a><\/td><td class=\"column-2\"><a href=\"http:\/\/www2.krajskakniznicazilina.sk\/menu\/okniz\/pro\/potulky\/ondras.pdf\">Ondr\u00e1\u0161<\/a><\/td>\n<\/tr>\n<tr class=\"row-3\">\n\t<td class=\"column-1\"><a href=\"http:\/\/www2.krajskakniznicazilina.sk\/menu\/okniz\/pro\/potulky\/janosik.pdf\">J\u00e1no\u0161\u00edk<\/a><\/td><td class=\"column-2\"><a href=\"http:\/\/www2.krajskakniznicazilina.sk\/menu\/okniz\/pro\/potulky\/bezruc.pdf\">Peter Bezru\u010d<\/a><\/td>\n<\/tr>\n<tr class=\"row-4\">\n\t<td class=\"column-1\"><a href=\"http:\/\/www2.krajskakniznicazilina.sk\/menu\/okniz\/pro\/potulky\/ferkovci.pdf\">bratia Ferkovci<\/a><\/td><td class=\"column-2\"><a href=\"http:\/\/www2.krajskakniznicazilina.sk\/menu\/okniz\/pro\/potulky\/dusa.pdf\">Ferdi\u0161 Du\u0161a<\/a><\/td>\n<\/tr>\n<tr class=\"row-5\">\n\t<td class=\"column-1\"><a href=\"http:\/\/www2.krajskakniznicazilina.sk\/menu\/okniz\/pro\/potulky\/kollar.pdf\">Adam Franti\u0161ek Koll\u00e1r<\/a><\/td><td class=\"column-2\"><a href=\"http:\/\/www2.krajskakniznicazilina.sk\/menu\/okniz\/pro\/potulky\/janacek.pdf\">Leo\u0161 Jan\u00e1\u010dek<\/a><\/td>\n<\/tr>\n<tr class=\"row-6\">\n\t<td class=\"column-1\"><a href=\"http:\/\/www2.krajskakniznicazilina.sk\/menu\/okniz\/pro\/potulky\/hloznik.pdf\">Vincent Hlo\u017en\u00edk<\/a><\/td><td class=\"column-2\"><a href=\"http:\/\/www2.krajskakniznicazilina.sk\/menu\/okniz\/pro\/potulky\/mikolas.pdf\">Jaroslav Ludvik Mikol\u00e1\u0161<\/a><\/td>\n<\/tr>\n<tr class=\"row-7\">\n\t<td class=\"column-1\"><a href=\"http:\/\/www2.krajskakniznicazilina.sk\/menu\/okniz\/pro\/potulky\/thurzo.pdf\">Juraj Thurzo<\/a><\/td><td class=\"column-2\"><a href=\"http:\/\/www2.krajskakniznicazilina.sk\/menu\/okniz\/pro\/potulky\/lysohorsky.pdf\">Ondra Lysohorsk\u00fd<\/a><\/td>\n<\/tr>\n<tr class=\"row-8\">\n\t<td class=\"column-1\"><a href=\"http:\/\/www2.krajskakniznicazilina.sk\/menu\/okniz\/pro\/potulky\/lombardini.pdf\">Alexander Lombardini<\/a><\/td><td class=\"column-2\"><a href=\"http:\/\/www2.krajskakniznicazilina.sk\/menu\/okniz\/pro\/potulky\/peterkova.pdf\">Bo\u017eena Peterkov\u00e1<\/a><\/td>\n<\/tr>\n<tr class=\"row-9\">\n\t<td class=\"column-1\"><a href=\"http:\/\/www2.krajskakniznicazilina.sk\/menu\/okniz\/pro\/potulky\/vrtilek.pdf\">J\u00e1n Vrt\u00edlek\u00a0<\/a><\/td><td class=\"column-2\"><a href=\"http:\/\/www2.krajskakniznicazilina.sk\/menu\/okniz\/pro\/potulky\/socha.pdf\">Vincenc Socha<\/a><\/td>\n<\/tr>\n<tr class=\"row-10\">\n\t<td class=\"column-1\"><a href=\"http:\/\/www2.krajskakniznicazilina.sk\/menu\/okniz\/pro\/potulky\/pekara.pdf\">Jozef Pekara<\/a><\/td><td class=\"column-2\"><a href=\"http:\/\/www2.krajskakniznicazilina.sk\/menu\/okniz\/pro\/potulky\/servatkova.pdf\">Eli\u0161ka Serv\u00e1tkov\u00e1<\/a><\/td>\n<\/tr>\n<tr class=\"row-11\">\n\t<td class=\"column-1\"><a href=\"http:\/\/www2.krajskakniznicazilina.sk\/menu\/okniz\/pro\/potulky\/sirmiensis.pdf\">Teod\u00f3z Sirmiensis<\/a><\/td><td class=\"column-2\"><a href=\"http:\/\/www2.krajskakniznicazilina.sk\/menu\/okniz\/pro\/potulky\/pavlok.pdf\">Bohumil Pavlok<\/a><\/td>\n<\/tr>\n<\/tbody>\n<\/table>\n<!-- #tablepress-6 from cache -->\n","protected":false},"excerpt":{"rendered":"<p>v r\u00e1mci projektu\u00a0\u201ePotulky-toulky po stop\u00e1ch osobnost\u00ed a zauj\u00edmavost\u00ed na\u0161ich regi\u00f3nov \u201c\u00a0k\u00f3d projektu SK\/FMP\/15\/024. Program cezhrani\u010dnej spolupr\u00e1ce:\u00a0Slovensk\u00e1 republika \u2013 \u010cesk\u00e1 republika 2007 \u2013 2013.<\/p>\n","protected":false},"author":1,"featured_media":0,"parent":73,"menu_order":0,"comment_status":"closed","ping_status":"closed","template":"","meta":{"footnotes":""},"class_list":["post-1053","page","type-page","status-publish"],"_links":{"self":[{"href":"https:\/\/www.krajskakniznicazilina.sk\/index.php\/wp-json\/wp\/v2\/pages\/1053","targetHints":{"allow":["GET"]}}],"collection":[{"href":"https:\/\/www.krajskakniznicazilina.sk\/index.php\/wp-json\/wp\/v2\/pages"}],"about":[{"href":"https:\/\/www.krajskakniznicazilina.sk\/index.php\/wp-json\/wp\/v2\/types\/page"}],"author":[{"embeddable":true,"href":"https:\/\/www.krajskakniznicazilina.sk\/index.php\/wp-json\/wp\/v2\/users\/1"}],"replies":[{"embeddable":true,"href":"https:\/\/www.krajskakniznicazilina.sk\/index.php\/wp-json\/wp\/v2\/comments?post=1053"}],"version-history":[{"count":8,"href":"https:\/\/www.krajskakniznicazilina.sk\/index.php\/wp-json\/wp\/v2\/pages\/1053\/revisions"}],"predecessor-version":[{"id":3880,"href":"https:\/\/www.krajskakniznicazilina.sk\/index.php\/wp-json\/wp\/v2\/pages\/1053\/revisions\/3880"}],"up":[{"embeddable":true,"href":"https:\/\/www.krajskakniznicazilina.sk\/index.php\/wp-json\/wp\/v2\/pages\/73"}],"wp:attachment":[{"href":"https:\/\/www.krajskakniznicazilina.sk\/index.php\/wp-json\/wp\/v2\/media?parent=1053"}],"curies":[{"name":"wp","href":"https:\/\/api.w.org\/{rel}","templated":true}]}}