{"id":1129,"date":"2018-02-19T11:11:22","date_gmt":"2018-02-19T10:11:22","guid":{"rendered":"http:\/\/www2.krajskakniznicazilina.sk\/?page_id=1129"},"modified":"2019-06-17T10:06:43","modified_gmt":"2019-06-17T08:06:43","slug":"bez-hranic","status":"publish","type":"page","link":"https:\/\/www.krajskakniznicazilina.sk\/index.php\/o-kniznici\/projekty\/bez-hranic\/","title":{"rendered":"Bez hran\u00edc"},"content":{"rendered":"<h4><strong>Bez hran\u00edc<\/strong> (spolo\u010dn\u00fd kult\u00farny priestor)<\/h4>\n<p>K\u00f3d projektu Bez hran\u00edc je PL-SK\/ZA\/PP\/I\/078.\u00a0Projekt je spolufinancovan\u00fd Eur\u00f3pskou \u00faniou z prostriedkov\u00a0Eur\u00f3pskeho fondu region\u00e1lneho rozvoja a \u0161t\u00e1tnym rozpo\u010dtom v r\u00e1mci\u00a0Programu cezhrani\u010dnej spolupr\u00e1ce Po\u013esko \u2013 Slovensk\u00e1 republika 2007 \u2013 2013<\/p>\n<p><img loading=\"lazy\" decoding=\"async\" class=\"alignnone\" title=\"PL-SK 2007-2013\" src=\"https:\/\/www.krajskakniznicazilina.sk\/menu\/okniz\/pro\/bezhr\/logoplsk.JPG\" alt=\"PL-SK 2007-2013\" width=\"89\" height=\"110\" border=\"1\" \/>\u00a0 \u00a0 \u00a0 \u00a0 \u00a0 \u00a0 \u00a0 \u00a0 \u00a0 \u00a0 \u00a0 \u00a0 \u00a0<img loading=\"lazy\" decoding=\"async\" class=\"alignnone\" title=\"\u017dilinsk\u00fd samospr\u00e1vny kraj\" src=\"https:\/\/www.krajskakniznicazilina.sk\/menu\/okniz\/pro\/bezhr\/logovuc.JPG\" alt=\"\u017dilinsk\u00fd samospr\u00e1vny kraj\" width=\"170\" height=\"77\" border=\"0\" \/>\u00a0 \u00a0 \u00a0 \u00a0 \u00a0 \u00a0 \u00a0 \u00a0 \u00a0 \u00a0 \u00a0 \u00a0 \u00a0<img loading=\"lazy\" decoding=\"async\" class=\"alignnone\" title=\"Eur\u00f3psky fond region\u00e1lneho rozvoja\" src=\"https:\/\/www.krajskakniznicazilina.sk\/menu\/okniz\/pro\/bezhr\/logoeu.JPG\" alt=\"Eur\u00f3psky fond region\u00e1lneho rozvoja\" width=\"103\" height=\"118\" border=\"1\" \/><\/p>\n","protected":false},"excerpt":{"rendered":"<p>Bez hran\u00edc (spolo\u010dn\u00fd kult\u00farny priestor) K\u00f3d projektu Bez hran\u00edc je PL-SK\/ZA\/PP\/I\/078.\u00a0Projekt je spolufinancovan\u00fd Eur\u00f3pskou \u00faniou z prostriedkov\u00a0Eur\u00f3pskeho fondu region\u00e1lneho rozvoja a \u0161t\u00e1tnym rozpo\u010dtom v r\u00e1mci\u00a0Programu cezhrani\u010dnej spolupr\u00e1ce Po\u013esko \u2013 Slovensk\u00e1 republika 2007 \u2013 2013 \u00a0 \u00a0 \u00a0 \u00a0 \u00a0 \u00a0 \u00a0 \u00a0 \u00a0 \u00a0 \u00a0 \u00a0 \u00a0\u00a0 \u00a0 \u00a0 \u00a0 \u00a0 \u00a0 \u00a0 \u00a0 \u00a0 &#8230; <a title=\"Bez hran\u00edc\" class=\"read-more\" href=\"https:\/\/www.krajskakniznicazilina.sk\/index.php\/o-kniznici\/projekty\/bez-hranic\/\" aria-label=\"Pre\u010d\u00edtajte si viac o Bez hran\u00edc\">\u010c\u00edta\u0165 viac<\/a><\/p>\n","protected":false},"author":1,"featured_media":0,"parent":73,"menu_order":0,"comment_status":"closed","ping_status":"closed","template":"","meta":{"footnotes":""},"class_list":["post-1129","page","type-page","status-publish"],"_links":{"self":[{"href":"https:\/\/www.krajskakniznicazilina.sk\/index.php\/wp-json\/wp\/v2\/pages\/1129","targetHints":{"allow":["GET"]}}],"collection":[{"href":"https:\/\/www.krajskakniznicazilina.sk\/index.php\/wp-json\/wp\/v2\/pages"}],"about":[{"href":"https:\/\/www.krajskakniznicazilina.sk\/index.php\/wp-json\/wp\/v2\/types\/page"}],"author":[{"embeddable":true,"href":"https:\/\/www.krajskakniznicazilina.sk\/index.php\/wp-json\/wp\/v2\/users\/1"}],"replies":[{"embeddable":true,"href":"https:\/\/www.krajskakniznicazilina.sk\/index.php\/wp-json\/wp\/v2\/comments?post=1129"}],"version-history":[{"count":6,"href":"https:\/\/www.krajskakniznicazilina.sk\/index.php\/wp-json\/wp\/v2\/pages\/1129\/revisions"}],"predecessor-version":[{"id":3890,"href":"https:\/\/www.krajskakniznicazilina.sk\/index.php\/wp-json\/wp\/v2\/pages\/1129\/revisions\/3890"}],"up":[{"embeddable":true,"href":"https:\/\/www.krajskakniznicazilina.sk\/index.php\/wp-json\/wp\/v2\/pages\/73"}],"wp:attachment":[{"href":"https:\/\/www.krajskakniznicazilina.sk\/index.php\/wp-json\/wp\/v2\/media?parent=1129"}],"curies":[{"name":"wp","href":"https:\/\/api.w.org\/{rel}","templated":true}]}}