{"id":1138,"date":"2018-02-19T11:47:42","date_gmt":"2018-02-19T10:47:42","guid":{"rendered":"http:\/\/www2.krajskakniznicazilina.sk\/?page_id=1138"},"modified":"2019-06-17T08:44:33","modified_gmt":"2019-06-17T06:44:33","slug":"sme-rozdielni","status":"publish","type":"page","link":"https:\/\/www.krajskakniznicazilina.sk\/index.php\/sme-rozdielni\/","title":{"rendered":"Sme rozdielni, a predsa tak podobn\u00ed"},"content":{"rendered":"<h4 align=\"left\">Projekt\u00a0<strong><a title=\"osf projekt\" href=\"https:\/\/www.krajskakniznicazilina.sk\/menu\/okniz\/pro\/smerozd_projekt.pdf\">Sme rozdielni, a predsa tak podobn\u00ed<\/a><\/strong><\/h4>\n<p><strong><img loading=\"lazy\" decoding=\"async\" class=\"alignright\" title=\"Open society found\" src=\"https:\/\/www.krajskakniznicazilina.sk\/menu\/okniz\/pro\/OSF.jpg\" alt=\"Open society found\" width=\"135\" height=\"48\" \/><\/strong><\/p>\n<p style=\"text-align: justify;\" align=\"left\">Sme rozdielni, a predsa tak podobn\u00ed v r\u00e1mci Programu inkluz\u00edvneho vzdel\u00e1vania.\u00a0<strong>Projekt sa realizuje v\u010faka \u00fastretovosti Nad\u00e1cie otvorenej spolo\u010dnosti \u2013 OSF.<\/strong><\/p>\n","protected":false},"excerpt":{"rendered":"<p>Projekt\u00a0Sme rozdielni, a predsa tak podobn\u00ed Sme rozdielni, a predsa tak podobn\u00ed v r\u00e1mci Programu inkluz\u00edvneho vzdel\u00e1vania.\u00a0Projekt sa realizuje v\u010faka \u00fastretovosti Nad\u00e1cie otvorenej spolo\u010dnosti \u2013 OSF.<\/p>\n","protected":false},"author":1,"featured_media":0,"parent":0,"menu_order":0,"comment_status":"closed","ping_status":"closed","template":"","meta":{"footnotes":""},"class_list":["post-1138","page","type-page","status-publish"],"_links":{"self":[{"href":"https:\/\/www.krajskakniznicazilina.sk\/index.php\/wp-json\/wp\/v2\/pages\/1138","targetHints":{"allow":["GET"]}}],"collection":[{"href":"https:\/\/www.krajskakniznicazilina.sk\/index.php\/wp-json\/wp\/v2\/pages"}],"about":[{"href":"https:\/\/www.krajskakniznicazilina.sk\/index.php\/wp-json\/wp\/v2\/types\/page"}],"author":[{"embeddable":true,"href":"https:\/\/www.krajskakniznicazilina.sk\/index.php\/wp-json\/wp\/v2\/users\/1"}],"replies":[{"embeddable":true,"href":"https:\/\/www.krajskakniznicazilina.sk\/index.php\/wp-json\/wp\/v2\/comments?post=1138"}],"version-history":[{"count":5,"href":"https:\/\/www.krajskakniznicazilina.sk\/index.php\/wp-json\/wp\/v2\/pages\/1138\/revisions"}],"predecessor-version":[{"id":3818,"href":"https:\/\/www.krajskakniznicazilina.sk\/index.php\/wp-json\/wp\/v2\/pages\/1138\/revisions\/3818"}],"wp:attachment":[{"href":"https:\/\/www.krajskakniznicazilina.sk\/index.php\/wp-json\/wp\/v2\/media?parent=1138"}],"curies":[{"name":"wp","href":"https:\/\/api.w.org\/{rel}","templated":true}]}}