{"id":122,"date":"2017-08-18T10:44:47","date_gmt":"2017-08-18T08:44:47","guid":{"rendered":"http:\/\/www.krajskakniznicazilina.sk\/novastranka\/?page_id=122"},"modified":"2022-06-10T08:39:03","modified_gmt":"2022-06-10T07:39:03","slug":"regionalna-bibliografia","status":"publish","type":"page","link":"https:\/\/www.krajskakniznicazilina.sk\/index.php\/sluzby\/regionalna-bibliografia\/","title":{"rendered":"Region\u00e1lna bibliografia"},"content":{"rendered":"<p>Pracovn\u00ed\u010dky \u00faseku region\u00e1lneho v\u00fdskumu, dokumentov a inform\u00e1ci\u00ed: <img decoding=\"async\" class=\"alignright\" src=\"https:\/\/www.krajskakniznicazilina.sk\/menu\/sluz\/region\/region_o.JPG\" alt=\"pracovn\u00ed\u010dky RBO\" width=\"25%\" height=\"25%\" \/><\/p>\n<p><strong>Nata\u0161a Lajdov\u00e1<\/strong> &#8211;\u00a0<a href=\"mailto:lajdova@krajskakniznicazilina.sk\">lajdova@krajskakniznicazilina.sk<\/a><\/p>\n<p><strong>Ivana Ur\u00edkov\u00e1<\/strong> &#8211; <a href=\"mailto:urikova@krajskakniznicazilina.sk\">urikova@krajskakniznicazilina.sk<\/a><\/p>\n<p><strong>Otv\u00e1racie hodiny pre verejnos\u0165 po\u010das obdobia rekon\u0161trukcie 2020:<\/strong><\/p>\n<p>Pondelok:\u00a0 10:00 &#8211; 14:30 <img decoding=\"async\" class=\"alignright\" src=\"https:\/\/www.krajskakniznicazilina.sk\/menu\/sluz\/region\/regio.jpg\" alt=\"kniha RBO\" width=\"45%\" height=\"45%\" \/><br \/>\nUtorok:\u00a0 \u00a0 \u00a0 10:00 &#8211; 15:30<br \/>\nStreda:\u00a0 \u00a0 \u00a0 \u00a010:00 &#8211; 14:30<br \/>\n\u0160tvrtok:\u00a0 \u00a0 \u00a010:00 &#8211; 15:30<br \/>\nPiatok:\u00a0 \u00a0 \u00a0 \u00a010:00 &#8211; 14:30<\/p>\n<p>Otv\u00e1racie hodiny <strong>po\u010das letn\u00fdch pr\u00e1zdnin<\/strong>:<br \/>\nPondelok &#8211; Piatok od 10:00 do 14:00<\/p>\n<p><a href=\"https:\/\/www.krajskakniznicazilina.sk\/index.php\/sluzby\/regionalna-bibliografia\/reserse-a-prezentacie-rbo\/\">Prezent\u00e1cie region\u00e1lnej bibliografie<\/a><\/p>\n<p><a href=\"https:\/\/www.krajskakniznicazilina.sk\/index.php\/sluzby\/regionalna-bibliografia\/edicna-cinnost\/\">Edi\u010dn\u00e1 \u010dinnos\u0165<\/a><\/p>\n<p><a href=\"https:\/\/www.krajskakniznicazilina.sk\/index.php\/sluzby\/regionalna-bibliografia\/reserse-a-prezentacie-rbo\/\">Zoznam re\u0161er\u00ed<\/a><\/p>\n<p style=\"text-align: justify;\"><strong>\u00dasek region\u00e1lneho v\u00fdskumu, dokumentov a\u00a0inform\u00e1ci\u00ed<\/strong>\u00a0je v\u00a0zmysle Organiza\u010dn\u00e9ho poriadku Krajskej kni\u017enice v \u017diline odborn\u00fdm pracoviskom, ktor\u00e9 dokumentuje okresy \u017dilina a\u00a0Byt\u010da, ich hospod\u00e1rsky, spolo\u010densk\u00fd, verejn\u00fd,\u00a0kult\u00farny \u017eivot a pr\u00edrodn\u00e9 charakteristiky. Z\u00edskava, spracov\u00e1va,\u00a0\u00a0a\u00a0uchov\u00e1va region\u00e1lne dokumenty, zostavuje bibliografick\u00e9 s\u00fapisy, poskytuje zdresn\u00e9 bibliografick\u00e9 inform\u00e1cie a\u00a0\u00a0buduje elektronick\u00e9 bibliografick\u00e9 datab\u00e1zy s\u00a0region\u00e1lnym obsahov\u00fdm zameran\u00edm. Vyd\u00e1va person\u00e1lne, tematick\u00e9 a\u00a0odpor\u00fa\u010daj\u00face bibliografie, kalend\u00e1ri\u00e1, zborn\u00edky a\u00a0\u010fal\u0161ie bibliografick\u00e9 s\u00fapisy. \u00dasek realizuje kult\u00farno-vzdel\u00e1vacie podujatia region\u00e1lneho charakteru,\u00a0\u00a0v\u00fdstavn\u00fa \u010dinnos\u0165, z\u00a0poz\u00edcie krajskej kni\u017enice ako metodick\u00e9ho centra pre kni\u017enice regi\u00f3nu\u00a0\u00a0koordinuje, analyzuje a hodnot\u00ed bibliograficko-informa\u010dn\u00fa a edi\u010dn\u00fa \u010dinnos\u0165 region\u00e1lnych kni\u017en\u00edc v\u00a0\u017dilinskom samospr\u00e1vnom kraji.<\/p>\n<p style=\"text-align: justify;\"><strong>Obsah region\u00e1lnej bibliografie je vymedzen\u00fd h\u013eadiskom:<\/strong><strong>\u00a0<\/strong><\/p>\n<ul style=\"text-align: justify;\">\n<li>obsahov\u00fdm, t.j. dokumenty ktor\u00fdch obsahom je \u010diasto\u010dne alebo \u00faplne pr\u00edslu\u0161n\u00fd regi\u00f3n (jav, udalos\u0165, vec, osoba)<\/li>\n<li>\u00fazemn\u00fdm, t.j. v\u0161etky dokumenty vydan\u00e9 na \u00fazem\u00ed regi\u00f3nu, ktor\u00e9 nie s\u00fa predmetom n\u00e1rodnej bibliografie<\/li>\n<li>person\u00e1lnym, t.j. dokumenty a\u00a0inform\u00e1cie o osobnostiach, ktor\u00e9 v\u00a0regi\u00f3ne \u017eili a p\u00f4sobili alebo\u00a0\u00a0v\u00a0s\u00fa\u010dasnosti p\u00f4sobia a\u00a0ur\u010dit\u00fdm sp\u00f4sobom ovplyv\u0148uj\u00fa pr\u00edslu\u0161n\u00fd regi\u00f3n a\u00a0tie\u017e liter\u00e1rne diela, ktor\u00fdch autorom je region\u00e1lna osobnos\u0165<\/li>\n<\/ul>\n<p style=\"text-align: justify;\"><strong>\u00dalohy \u00faseku region\u00e1lneho v\u00fdskumu, dokumentov a inform\u00e1ci\u00ed Krajskej kni\u017enice v \u017diline:<\/strong><\/p>\n<ul style=\"text-align: justify;\">\n<li>Poskytuje bibliograficko-informa\u010dn\u00e9 a\u00a0faktografick\u00e9 inform\u00e1cie.<\/li>\n<li>Systematicky buduje fond region\u00e1lnej literat\u00fary, periodick\u00fdch a\u00a0neperiodick\u00fdch dokumentov\/predmetom akviz\u00edcie\u00a0a\u00a0\u00a0spracovania s\u00fa v\u0161etky druhy region\u00e1lnych dokumentov\u00a0\u00a0&#8211; tla\u010den\u00e9 knihy, periodik\u00e1, firemn\u00e1 literat\u00fara, drobn\u00e9 tla\u010de, pozv\u00e1nky, poh\u013eadnice, plag\u00e1ty,\u00a0\u00a0ofici\u00e1lne dokumenty, hudobniny, zvukov\u00e9\u00a0\u00a0dokumenty, audio a\u00a0videokazety, CD, DVD, kartografick\u00e9 dokumenty, grafika, 3D dokumenty, zmie\u0161an\u00e9 dokumenty \u2013 multim\u00e9di\u00e1, elektronick\u00e9 verzie dokumentov, digit\u00e1lne zdroje.<\/li>\n<li>Spracov\u00e1va s\u00fabe\u017en\u00fa region\u00e1lnu bibliografiu\u00a0&#8211; monitoruje celoslovensk\u00fa tla\u010d, okresn\u00e9 a\u00a0obecn\u00e9 periodik\u00e1 regi\u00f3nu, zo\u00a0spracovan\u00fdch \u010dl\u00e1nkov\u00a0\u00a0region\u00e1lneho zamerania\u00a0\u00a0buduje elektronick\u00fa region\u00e1lnu b\u00e1zu d\u00e1t s odkazmi, kde s\u00fa \u010dl\u00e1nky ulo\u017een\u00e9,\u00a0\u00a0z\u00a0vystrihnut\u00fdch alebo prefoten\u00fdch \u010dl\u00e1nkov buduje albumy v\u00fdstri\u017ekov, z\u00a0naskenovan\u00fdch \u010dl\u00e1nkov region\u00e1lneho zamerania buduje elektronick\u00fa datab\u00e1zu<\/li>\n<li>Retrospekt\u00edvne\u00a0spracov\u00e1va\u00a0\u00a0\u010dl\u00e1nky z\u00a0region\u00e1lnej tla\u010de\u00a0\u00a0a\u00a0kapitoly z region\u00e1lnych zborn\u00edkov.<\/li>\n<li>Buduje datab\u00e1zu region\u00e1lnych menn\u00fdch a korporat\u00edvnych autor\u00edt, rodov, akci\u00ed a\u00a0geografick\u00fdch n\u00e1zvov.<\/li>\n<li>Vykon\u00e1va monitoring tla\u010de pre vybran\u00e9 in\u0161tit\u00facie.<\/li>\n<li>Buduje fond kvalifika\u010dn\u00fdch pr\u00e1c \u0161tudentov s\u00a0region\u00e1lnou tematikou (bakal\u00e1rske, magistersk\u00e9 a\u00a0rigor\u00f3zne pr\u00e1ce) ako aj ro\u010dn\u00edkov\u00fdch pr\u00e1c a\u00a0pr\u00e1c SO\u010c.<\/li>\n<li>Pln\u00ed \u00falohy spojen\u00e9 s\u00a0koordin\u00e1ciou bibliografickej \u010dinnosti v\u00a0regi\u00f3ne.<\/li>\n<li>Zabezpe\u010duje \u00falohy spojen\u00e9 s\u00a0bibliografickou registr\u00e1ciou a\u00a0koordin\u00e1ciou bibliografickej \u010dinnosti v\u00a0\u017dilinskom samospr\u00e1vnom kraji, vedie arch\u00edv vydan\u00fdch titulov edi\u010dnej \u010dinnosti jednotliv\u00fdch bibliografick\u00fdch pracov\u00edsk v\u00a0\u017dilinskom kraji.<\/li>\n<li>Vyd\u00e1va bibliografick\u00e9 s\u00fapisy &#8211; preh\u013eady o\u00a0literat\u00fare, ktor\u00e1 sa tematicky via\u017ee k\u00a0regi\u00f3nu,\u00a0bibliografie (tematick\u00e9, v\u00fdberov\u00e9, person\u00e1lne, odborov\u00e9), slovn\u00edky, zborn\u00edky z\u00a0podujat\u00ed a kalend\u00e1ri\u00e1.<\/li>\n<li>Buduje datab\u00e1zu osobnost\u00ed kult\u00farneho, spolo\u010densk\u00e9ho a\u00a0verejn\u00e9ho \u017eivota okresu \u017dilina a\u00a0Byt\u010da a\u00a0pravidelne ju aktualizuje.<\/li>\n<li>Uskuto\u010d\u0148uje v\u00fdskum liter\u00e1rnych osobnost\u00ed regi\u00f3nov \u017dilina a\u00a0Byt\u010da.<\/li>\n<li>Uskuto\u010d\u0148uje v\u00fdskum \u010fal\u0161\u00edch v\u00fdznamn\u00fdch osobnost\u00ed okresu \u017dilina a\u00a0Byt\u010da a\u00a0z vytvorenej datab\u00e1zy osobnost\u00ed vyd\u00e1va slovn\u00edky osobnost\u00ed,\u00a0\u00a0person\u00e1lne bibliografie a v\u00a0pravideln\u00fdch ro\u010dn\u00fdch intervaloch zostavuje a spr\u00edstup\u0148uje kalend\u00e1ri\u00e1 \u2013 v\u00fdro\u010dia osobnost\u00ed.<\/li>\n<li>Buduje elektronick\u00e9 fotografick\u00e9 datab\u00e1zy\u00a0\u00a0\u00a0region\u00e1lnych osobnost\u00ed a klasick\u00e9\u00a0kartot\u00e9ky fotografi\u00ed region\u00e1lnych osobnost\u00ed<\/li>\n<li>Buduje datab\u00e1zu in\u0161tit\u00faci\u00ed v\u00a0regi\u00f3ne.<\/li>\n<li>Buduje datab\u00e1zu akci\u00ed (podujat\u00ed) na \u00fazem\u00ed okresov \u017dilina a\u00a0Byt\u010da.<\/li>\n<li>Buduje datab\u00e1zu miest a\u00a0obc\u00ed regi\u00f3nu \u017dilina a\u00a0Byt\u010da\/monografie miest a obc\u00ed, fotodokument\u00e1cia, dotazn\u00edkov\u00e9 prieskumy, mapuje pam\u00e4tn\u00e9 tabule, pam\u00e4tn\u00e9 miesta, kult\u00farno-historick\u00e9 pamiatky miest a obc\u00ed, uchov\u00e1va d\u00f4le\u017eit\u00e9 elektronick\u00e9 dokumenty obc\u00ed z\u00a0ich www str\u00e1nky\u00a0\u00a0na nosi\u010doch CD, DVD, alebo v\u00a0printovej podobe<\/li>\n<li>Buduje datab\u00e1zu kult\u00farno-historick\u00fdch pamiatok, pam\u00e4tn\u00fdch miest\u00a0\u00a0&#8211; pam\u00e4tn\u00edkov, pam\u00e4tn\u00fdch tab\u00fa\u013e, b\u00fast a\u00a0in\u00fdch pam\u00e4tihodnost\u00ed na \u00fazem\u00ed miest a\u00a0obc\u00ed okresov \u017dilina a\u00a0Byt\u010da.<\/li>\n<li>Pod\u013ea po\u017eiadaviek pou\u017e\u00edvate\u013eov vypracov\u00e1va re\u0161er\u0161e na region\u00e1lne t\u00e9my, vedie zoznam a\u00a0datab\u00e1zu u\u017e spracovan\u00fdch re\u0161er\u0161\u00ed.<\/li>\n<li>Realizuje v\u00fdstavn\u00fa \u010dinnos\u0165, zabezpe\u010duje a in\u0161taluje v\u00fdstavy s\u00a0region\u00e1lnym obsahov\u00fdm zameran\u00edm.<\/li>\n<li>Realizuje starostlivos\u0165 o\u00a0region\u00e1lnu tla\u010d a\u00a0jej \u00fadr\u017ebu \u2013 zabezpe\u010duje v\u00e4zby region\u00e1lnych period\u00edk\u00a0\u00a0ich archiv\u00e1ciu a\u00a0o\u0161etrovanie.<\/li>\n<li>Podie\u013ea sa na tvorbe a\u00a0realiz\u00e1cii projektov kni\u017enice tematicky s\u00favisiacich s\u00a0regi\u00f3nom.<\/li>\n<\/ul>\n<p style=\"text-align: justify;\"><strong>\u010clenenie dokumentov\u00a0<\/strong><strong>\u00faseku region\u00e1lneho v\u00fdskumu, dokumentov a inform\u00e1ci\u00ed<\/strong><\/p>\n<p style=\"text-align: justify;\">Fond region\u00e1lnych dokumentov tvoria dokumenty, ktor\u00e9:<\/p>\n<ol style=\"text-align: justify;\">\n<li>zaznamen\u00e1vaj\u00fa kult\u00farny, spolo\u010densk\u00fd, historick\u00fd, zemepisn\u00fd a\u00a0hospod\u00e1rsky v\u00fdvoj okresov \u017dilina a Byt\u010da \u2013 obsahov\u00e9 regionalik\u00e1,<\/li>\n<li>ich autori sa via\u017eu k\u00a0regi\u00f3nu miestom narodenia, \u00famrtia alebo p\u00f4sobenia &#8211; autorsk\u00e9 regionalik\u00e1<\/li>\n<\/ol>\n<p style=\"text-align: justify;\"><strong>\u010clenenie region\u00e1lnych dokumentov z form\u00e1lneho h\u013eadiska:<\/strong><\/p>\n<ol style=\"text-align: justify;\">\n<li>kni\u017en\u00e9 publik\u00e1cie, ktor\u00e9 sa svoj\u00edm obsahom via\u017eu k\u00a0regi\u00f3nu alebo poch\u00e1dzaj\u00fa od region\u00e1lneho autora,<\/li>\n<li>region\u00e1lne periodik\u00e1 \u2013 pravidelne vych\u00e1dzaj\u00face region\u00e1lne periodik\u00e1: \u0161kolsk\u00e9,\u00a0firemn\u00e9, periodik\u00e1 vyd\u00e1van\u00e9 mestsk\u00fdmi a\u00a0miestnymi samospr\u00e1vami a in\u0161tit\u00faciami &#8230;<\/li>\n<li>\u0161peci\u00e1lne typy dokumentov \u2013 drobn\u00e9 tla\u010de, poh\u013eadnice, plag\u00e1ty, pozv\u00e1nky, programy, katal\u00f3gy v\u00fdstav, fotografie, mapy, CD, DVD s\u00a0region\u00e1lnym zameran\u00edm a\u00a0pod.<\/li>\n<\/ol>\n<p style=\"text-align: justify;\">Fond region\u00e1lnych dokumentov je v\u00fdznamn\u00fdm zdrojom faktografick\u00fdch a\u00a0bibliografick\u00fdch inform\u00e1ci\u00ed o\u00a0okrese \u017dilina a Byt\u010da. Z\u00edskavan\u00edm, spracovan\u00edm a\u00a0uchov\u00e1van\u00edm fondu region\u00e1lnych dokumentov Krajsk\u00e1 kni\u017enica pln\u00ed d\u00f4le\u017eit\u00fa arch\u00edvnu funkciu.<\/p>\n<p style=\"text-align: justify;\">\n","protected":false},"excerpt":{"rendered":"<p>Pracovn\u00ed\u010dky \u00faseku region\u00e1lneho v\u00fdskumu, dokumentov a inform\u00e1ci\u00ed: Nata\u0161a Lajdov\u00e1 &#8211;\u00a0lajdova@krajskakniznicazilina.sk Ivana Ur\u00edkov\u00e1 &#8211; urikova@krajskakniznicazilina.sk Otv\u00e1racie hodiny pre verejnos\u0165 po\u010das obdobia rekon\u0161trukcie 2020: Pondelok:\u00a0 10:00 &#8211; 14:30 Utorok:\u00a0 \u00a0 \u00a0 10:00 &#8211; 15:30 Streda:\u00a0 \u00a0 \u00a0 \u00a010:00 &#8211; 14:30 \u0160tvrtok:\u00a0 \u00a0 \u00a010:00 &#8211; 15:30 Piatok:\u00a0 \u00a0 \u00a0 \u00a010:00 &#8211; 14:30 Otv\u00e1racie hodiny po\u010das letn\u00fdch pr\u00e1zdnin: Pondelok &#8230; <a title=\"Region\u00e1lna bibliografia\" class=\"read-more\" href=\"https:\/\/www.krajskakniznicazilina.sk\/index.php\/sluzby\/regionalna-bibliografia\/\" aria-label=\"Pre\u010d\u00edtajte si viac o Region\u00e1lna bibliografia\">\u010c\u00edta\u0165 viac<\/a><\/p>\n","protected":false},"author":1,"featured_media":0,"parent":31,"menu_order":0,"comment_status":"closed","ping_status":"closed","template":"","meta":{"footnotes":""},"class_list":["post-122","page","type-page","status-publish"],"_links":{"self":[{"href":"https:\/\/www.krajskakniznicazilina.sk\/index.php\/wp-json\/wp\/v2\/pages\/122","targetHints":{"allow":["GET"]}}],"collection":[{"href":"https:\/\/www.krajskakniznicazilina.sk\/index.php\/wp-json\/wp\/v2\/pages"}],"about":[{"href":"https:\/\/www.krajskakniznicazilina.sk\/index.php\/wp-json\/wp\/v2\/types\/page"}],"author":[{"embeddable":true,"href":"https:\/\/www.krajskakniznicazilina.sk\/index.php\/wp-json\/wp\/v2\/users\/1"}],"replies":[{"embeddable":true,"href":"https:\/\/www.krajskakniznicazilina.sk\/index.php\/wp-json\/wp\/v2\/comments?post=122"}],"version-history":[{"count":26,"href":"https:\/\/www.krajskakniznicazilina.sk\/index.php\/wp-json\/wp\/v2\/pages\/122\/revisions"}],"predecessor-version":[{"id":9355,"href":"https:\/\/www.krajskakniznicazilina.sk\/index.php\/wp-json\/wp\/v2\/pages\/122\/revisions\/9355"}],"up":[{"embeddable":true,"href":"https:\/\/www.krajskakniznicazilina.sk\/index.php\/wp-json\/wp\/v2\/pages\/31"}],"wp:attachment":[{"href":"https:\/\/www.krajskakniznicazilina.sk\/index.php\/wp-json\/wp\/v2\/media?parent=122"}],"curies":[{"name":"wp","href":"https:\/\/api.w.org\/{rel}","templated":true}]}}