{"id":123,"date":"2017-08-18T10:44:47","date_gmt":"2017-08-18T08:44:47","guid":{"rendered":"http:\/\/www.krajskakniznicazilina.sk\/novastranka\/?page_id=123"},"modified":"2026-07-08T12:06:51","modified_gmt":"2026-07-08T10:06:51","slug":"citaren","status":"publish","type":"page","link":"https:\/\/www.krajskakniznicazilina.sk\/index.php\/sluzby\/citaren\/","title":{"rendered":"Periodik\u00e1"},"content":{"rendered":"<p style=\"text-align: justify;\">\u010cit\u00e1re\u0148 je priestor ur\u010den\u00fd na \u010d\u00edtanie dennej tla\u010de a najnov\u0161\u00edch \u010d\u00edsel titulov period\u00edk, ktor\u00e9 s\u00fa vo fonde kni\u017enice. Pr\u00edru\u010dn\u00fd fond \u010dit\u00e1rne tvoria jednotliv\u00e9 \u010d\u00edsla aktu\u00e1lneho ro\u010dn\u00edka nov\u00edn a \u010dasopisov. V\u00fdtla\u010dky s\u00fa pravidelne obmie\u0148an\u00e9 tak, aby mali pou\u017e\u00edvatelia k dispoz\u00edcii najnov\u0161ie \u010d\u00edsla hne\u010f po otvoren\u00ed kni\u017enice. Po \u00faprav\u00e1ch koncom roka 2017 sa \u010dit\u00e1re\u0148 premiestnila bli\u017e\u0161ie k \u0161tudovni, resp. spad\u00e1 pod Oddelenie odbornej literat\u00fary.<\/p>\n<p style=\"text-align: justify;\">Po\u010das letn\u00fdch mesiacov sa \u010das\u0165 fondu pres\u00fava aj do tzv. letnej \u010dit\u00e1rne, ktor\u00e1 je zriaden\u00e1 vonku za budovou kni\u017enice (liter\u00e1rny park), kde si m\u00f4\u017eu \u010ditatelia posedie\u0165 na \u010derstvom vzduchu a letnom slnku.<\/p>\n<p style=\"text-align: justify;\">V\u0161etky odborn\u00e9 \u010dasopisy ako aj najnov\u0161ie \u010d\u00edsla \u010dasopisov z \u010dit\u00e1rne s\u00fa spr\u00edstup\u0148ovan\u00e9 prezen\u010dnou formou, teda na \u010d\u00edtanie v budove kni\u017enice.<\/p>\n<p style=\"text-align: justify;\">Av\u0161ak star\u0161ie \u010d\u00edsla period\u00edk, ktor\u00e9 spadaj\u00fa pod \u010dit\u00e1re\u0148 je mo\u017en\u00e9 vypo\u017ei\u010da\u0165 aj absen\u010dnou formou na dobu 2 t\u00fd\u017ed\u0148ov. Maxim\u00e1lny po\u010det naraz vypo\u017ei\u010dan\u00fdch period\u00edk je 15.<\/p>\n<p style=\"text-align: justify;\">Kni\u017enica odober\u00e1 popul\u00e1rne, odborn\u00e9, region\u00e1lne, detsk\u00e9 periodik\u00e1 a aj\u00a0 periodik\u00e1 v anglickom jazyku. Zoznam dostupn\u00fdch period\u00edk n\u00e1jdete v <a href=\"https:\/\/zsk.tritius.sk\/search?field=0&amp;q=&amp;area=2&amp;allsrc=on&amp;s=-9474&amp;sd=ASC&amp;page=1\">online katal\u00f3gu<\/a>.<\/p>\n<h3 style=\"text-align: justify;\"><strong><u>Z\u00e1sady evidencie, uchov\u00e1vania a vyra\u010fovania \u00a0period\u00edk<\/u><\/strong><\/h3>\n<p style=\"text-align: justify;\"><strong>V\u0161eobecn\u00e9 ustanovenia<\/strong><\/p>\n<ol style=\"text-align: justify;\">\n<li>Krajsk\u00e1 kni\u017enica v\u00a0\u017diline sa riadi platnou Vyhl\u00e1\u0161kou Ministerstva kult\u00fary SR \u010d. 201\/2016. V\u00a0nej s\u00fa inform\u00e1cie o\u00a0sp\u00f4sobe odbornej evidencie, vyra\u010fovan\u00ed a\u00a0rev\u00edzii kni\u017en\u00e9ho fondu. Na z\u00e1klade \u00fadajov vych\u00e1dzaj\u00facich z\u00a0tohto z\u00e1kona s\u00fa vypracovan\u00e9 Z\u00e1sady uchov\u00e1vania period\u00edk.<\/li>\n<li>Periodik\u00e1 sa z\u00edskavaj\u00fa n\u00e1kupom, darom a\u00a0povinn\u00fdm v\u00fdtla\u010dkom.<\/li>\n<li>Z\u00edskavan\u00e9 periodik\u00e1 sa spracov\u00e1vaj\u00fa v\u00a0KIS Tritius module <strong>akviz\u00edcia a\u00a0katalogiz\u00e1cia period\u00edk. <\/strong>Akviz\u00edciu a katalogiz\u00e1ciu period\u00edk vykon\u00e1vaj\u00fa pracovn\u00edci <strong>\u00daseku\u00a0odbornej\u00a0literat\u00fary.<\/strong><\/li>\n<li>Periodik\u00e1 z\u00edskavan\u00e9 darom sa posudzuj\u00fa z\u00a0h\u013eadiska ich upotrebite\u013enosti v\u00a0kni\u017enici, a\u00a0a\u017e na z\u00e1klade kladn\u00e9ho pos\u00fadenia pracovn\u00edkmi \u00daseku odbornej literat\u00fary sa elektronicky spracov\u00e1vaj\u00fa do fondu kni\u017enice. Po vyraden\u00ed sa periodik\u00e1 vyra\u010fuj\u00fa aj z\u00a0datab\u00e1zy KIS Tritius a\u00a0zmeny sa hl\u00e1sia do celoslovensk\u00e9ho s\u00faborn\u00e9ho katal\u00f3gu\u00a0Univerzitnej kni\u017enice v\u00a0Bratislave. K\u00a0vyraden\u00fdm periodik\u00e1m sa vytla\u010d\u00ed zoznam vyraden\u00fdch period\u00edk.<\/li>\n<\/ol>\n<p style=\"text-align: justify;\"><strong>Uchov\u00e1vanie period\u00edk:<\/strong><\/p>\n<ul style=\"text-align: justify;\">\n<li><strong>celospolo\u010densk\u00e9 periodik\u00e1 &#8211; t\u00fd\u017edenn\u00edky a<\/strong> mesa\u010dn\u00edky\n<ul style=\"text-align: justify;\">\n<li>okrem aktu\u00e1lneho roku kni\u017enica uchov\u00e1va posledn\u00e9 3 roky<\/li>\n<\/ul>\n<\/li>\n<\/ul>\n<ul style=\"text-align: justify;\">\n<li><strong>denn\u00e1 tla\u010d<\/strong>\n<ul style=\"text-align: justify;\">\n<li>posudzuje sa vyu\u017eite\u013enos\u0165 konkr\u00e9tneho denn\u00edka \u010ditate\u013emi. Bez vyradenia sa uchov\u00e1vaj\u00fa \u00a0iba denn\u00edky, ktor\u00e9 s\u00fa \u010ditate\u013emi pravidelne vyu\u017e\u00edvan\u00e9. Ostatn\u00e9 denn\u00edky okrem aktu\u00e1lneho roku kni\u017enica uchov\u00e1va posledn\u00e9 3 roky<\/li>\n<\/ul>\n<\/li>\n<\/ul>\n<ul style=\"text-align: justify;\">\n<li><strong>odborn\u00e9 periodik\u00e1<\/strong>\n<ul style=\"text-align: justify;\">\n<li>kni\u017enica uchov\u00e1va po zv\u00e1\u017een\u00ed knihovn\u00edkov \u00daseku odbornej literat\u00fary so\u00a0 zrete\u013eom na vyu\u017eite\u013enos\u0165 pou\u017e\u00edvate\u013eov<\/li>\n<\/ul>\n<\/li>\n<\/ul>\n<ul style=\"text-align: justify;\">\n<li><strong>region\u00e1lne periodik\u00e1 \u2013 My \u017dilinsk\u00e9 noviny, \u017dilinsk\u00fd ve\u010dern\u00edk a in\u00e9<\/strong>\n<ul style=\"text-align: justify;\">\n<li>kni\u017enica uchov\u00e1va bez vyra\u010fovania<\/li>\n<\/ul>\n<\/li>\n<\/ul>\n<ul style=\"text-align: justify;\">\n<li><strong>periodik\u00e1 z obc\u00ed a miest okresov \u017dilina a Byt\u010da<\/strong>\n<ul style=\"text-align: justify;\">\n<li>kni\u017enica uchov\u00e1va bez vyra\u010fovania<\/li>\n<\/ul>\n<\/li>\n<\/ul>\n<ul style=\"text-align: justify;\">\n<li><strong>periodik\u00e1 krajsk\u00e9ho v\u00fdznamu \/rozsahu\/ &#8211; 5 hlavn\u00fdch regi\u00f3nov<\/strong>\n<ul style=\"text-align: justify;\">\n<li>archivovan\u00fd aktu\u00e1lny rok period\u00edk \u017eiadan\u00fdch \u010ditate\u013emi<\/li>\n<\/ul>\n<\/li>\n<li><strong>cudzojazy\u010dn\u00e9 periodik\u00e1<\/strong>\n<ul style=\"text-align: justify;\">\n<li>uchov\u00e1vanie period\u00edk podlieha spolupr\u00e1ci s\u00a0\u010cesk\u00fdm spolkom, Americk\u00fdm centrom \u017dilina, Po\u013esk\u00fdm in\u0161tit\u00fatom, periodik\u00e1 v\u00a0in\u00fdch jazykoch sa uchov\u00e1vaj\u00fa pod\u013ea vyu\u017eite\u013enosti pou\u017e\u00edvate\u013eov<\/li>\n<\/ul>\n<\/li>\n<\/ul>\n<p style=\"text-align: justify;\"><strong>V\u0161eobecn\u00e9 pravidl\u00e1 \u010dit\u00e1rne\/\u0161tudovne<\/strong><\/p>\n<ol style=\"text-align: justify;\">\n<li>Aktu\u00e1lne \u010d\u00edsla period\u00edk s\u00fa zv\u00e4\u010d\u0161a uchov\u00e1van\u00e9 v\u00a0priestoroch \u00daseku odbornej literat\u00fary, ktor\u00e9ho s\u00fa\u010das\u0165ou je aj \u010dit\u00e1re\u0148 a\u00a0\u0161tudov\u0148a. Star\u0161ie \u010d\u00edsla m\u00f4\u017eu by\u0165 uchov\u00e1van\u00e9 v\u00a0arch\u00edve kni\u017enice. Kni\u017enica spr\u00edstup\u0148uje archivovan\u00e9 kni\u017eni\u010dn\u00e9 dokumenty na vy\u017eiadanie pou\u017e\u00edvate\u013ea do <strong>3 pracovn\u00fdch dn\u00ed.<\/strong> Ak to prev\u00e1dzka \u00daseku odbornej literat\u00fary dovo\u013euje, m\u00f4\u017ee by\u0165 dokument spr\u00edstupnen\u00fd na po\u010dkanie.<\/li>\n<li><strong>\u010cit\u00e1re\u0148 &#8211; \u00a0<\/strong>najnov\u0161ie \u010d\u00edsla sa spravidla vypo\u017ei\u010diavaj\u00fa <strong><em>prezen\u010dne<\/em><\/strong>\u00a0\u2013 po\u010das v\u00fdpo\u017ei\u010dn\u00e9ho \u010dasu v priestoroch kni\u017enice, resp. letnej \u010dit\u00e1rne\n<ul style=\"text-align: justify;\">\n<li><strong><em>absen\u010dne<\/em><\/strong>\u2013 mimo priestorov kni\u017enice, po\u017ei\u010diavaj\u00fa sa star\u0161ie \u010d\u00edsla na 14 dn\u00ed, s v\u00fdnimkou archivovan\u00fdch dokumentov. V\u00fdnimky ude\u013euje ved\u00faci oddelenia kni\u017eni\u010dno-informa\u010dn\u00fdch slu\u017eieb.<\/li>\n<\/ul>\n<\/li>\n<li><strong>Odborn\u00e9 periodik\u00e1, region\u00e1lne periodik\u00e1, viazan\u00e9 ro\u010dn\u00edky period\u00edk &#8211; <\/strong>po\u017ei\u010diavaj\u00fa sa <strong>prezen\u010dne<\/strong> v\u00a0priestoroch \u0161tudovne, nie je mo\u017en\u00e9 ich vypo\u017ei\u010da\u0165 absen\u010dne.<\/li>\n<li>N\u00e1hrada straten\u00e9ho dokumentu \u2013 2 \u20ac + cena periodika<\/li>\n<li>Podrobn\u00e9 z\u00e1sady v\u00fdpo\u017ei\u010diek period\u00edk s\u00fa uveden\u00e9 v\u00a0aktu\u00e1lnom v\u00fdpo\u017ei\u010dnom poriadku Krajskej kni\u017enice v\u00a0\u017diline.<\/li>\n<\/ol>\n","protected":false},"excerpt":{"rendered":"<p>\u010cit\u00e1re\u0148 je priestor ur\u010den\u00fd na \u010d\u00edtanie dennej tla\u010de a najnov\u0161\u00edch \u010d\u00edsel titulov period\u00edk, ktor\u00e9 s\u00fa vo fonde kni\u017enice. Pr\u00edru\u010dn\u00fd fond \u010dit\u00e1rne tvoria jednotliv\u00e9 \u010d\u00edsla aktu\u00e1lneho ro\u010dn\u00edka nov\u00edn a \u010dasopisov. V\u00fdtla\u010dky s\u00fa pravidelne obmie\u0148an\u00e9 tak, aby mali pou\u017e\u00edvatelia k dispoz\u00edcii najnov\u0161ie \u010d\u00edsla hne\u010f po otvoren\u00ed kni\u017enice. Po \u00faprav\u00e1ch koncom roka 2017 sa \u010dit\u00e1re\u0148 premiestnila bli\u017e\u0161ie k &#8230; <a title=\"Periodik\u00e1\" class=\"read-more\" href=\"https:\/\/www.krajskakniznicazilina.sk\/index.php\/sluzby\/citaren\/\" aria-label=\"Pre\u010d\u00edtajte si viac o Periodik\u00e1\">\u010c\u00edta\u0165 viac<\/a><\/p>\n","protected":false},"author":1,"featured_media":0,"parent":31,"menu_order":0,"comment_status":"closed","ping_status":"closed","template":"","meta":{"footnotes":""},"class_list":["post-123","page","type-page","status-publish"],"_links":{"self":[{"href":"https:\/\/www.krajskakniznicazilina.sk\/index.php\/wp-json\/wp\/v2\/pages\/123","targetHints":{"allow":["GET"]}}],"collection":[{"href":"https:\/\/www.krajskakniznicazilina.sk\/index.php\/wp-json\/wp\/v2\/pages"}],"about":[{"href":"https:\/\/www.krajskakniznicazilina.sk\/index.php\/wp-json\/wp\/v2\/types\/page"}],"author":[{"embeddable":true,"href":"https:\/\/www.krajskakniznicazilina.sk\/index.php\/wp-json\/wp\/v2\/users\/1"}],"replies":[{"embeddable":true,"href":"https:\/\/www.krajskakniznicazilina.sk\/index.php\/wp-json\/wp\/v2\/comments?post=123"}],"version-history":[{"count":20,"href":"https:\/\/www.krajskakniznicazilina.sk\/index.php\/wp-json\/wp\/v2\/pages\/123\/revisions"}],"predecessor-version":[{"id":17556,"href":"https:\/\/www.krajskakniznicazilina.sk\/index.php\/wp-json\/wp\/v2\/pages\/123\/revisions\/17556"}],"up":[{"embeddable":true,"href":"https:\/\/www.krajskakniznicazilina.sk\/index.php\/wp-json\/wp\/v2\/pages\/31"}],"wp:attachment":[{"href":"https:\/\/www.krajskakniznicazilina.sk\/index.php\/wp-json\/wp\/v2\/media?parent=123"}],"curies":[{"name":"wp","href":"https:\/\/api.w.org\/{rel}","templated":true}]}}