{"id":1312,"date":"2018-04-06T16:07:16","date_gmt":"2018-04-06T14:07:16","guid":{"rendered":"http:\/\/www2.krajskakniznicazilina.sk\/?page_id=1312"},"modified":"2025-08-18T14:54:22","modified_gmt":"2025-08-18T12:54:22","slug":"projekty-udml","status":"publish","type":"page","link":"https:\/\/www.krajskakniznicazilina.sk\/index.php\/sluzby\/dml\/projekty-udml\/","title":{"rendered":"Projekty \u00daseku detskej literat\u00fary na podporu \u010d\u00edtania"},"content":{"rendered":"<h4 style=\"text-align: justify;\"><strong>Cel\u00e9 Slovensko \u010d\u00edta de\u0165om<\/strong><\/h4>\n<p style=\"text-align: justify;\">Krajsk\u00e1 kni\u017enica v \u017diline sa ka\u017edoro\u010dne zap\u00e1ja do tejto celoslovenskej aktivity, ktor\u00e1 vznikla s cie\u013eom podpory \u010d\u00edtania de\u0165om. Hlavnou programovou my\u0161lienkou projektu je \u010d\u00edta\u0165 de\u0165om pravidelne aspo\u0148 20 min\u00fat denne. Kni\u017enica poz\u00fdva v de\u0148 kampane zauj\u00edmav\u00e9 osobnosti mesta, ktor\u00e9 \u010d\u00edtaj\u00fa de\u0165om v na\u0161ej kni\u017enici (<a href=\"http:\/\/www.celeslovenskocitadetom.sk\/sk\/\">http:\/\/www.celeslovenskocitadetom.sk\/sk\/<\/a>)<\/p>\n<h4 style=\"text-align: justify;\"><strong>\u010c\u00edtajme si<\/strong><\/h4>\n<p style=\"text-align: justify;\">Na\u0161a kni\u017enica sa ka\u017edoro\u010dne zap\u00e1ja do marat\u00f3nu \u010d\u00edtania. Tento projekt vznikol v roku 2008 s cie\u013eom pritiahnu\u0165 k \u010d\u00edtaniu viac det\u00ed a z\u00e1rove\u0148 pouk\u00e1za\u0165 na v\u00fdznam literat\u00fary pre detsk\u00e9ho \u010ditate\u013ea. Realizuje sa 6-hodinov\u00fdm \u010ditate\u013esk\u00fdm marat\u00f3nom, do ktor\u00e9ho s\u00fa zapojen\u00e9 deti z viacer\u00fdch miest Slovenska. Krstnou mamou projektu je pani O\u013ega Feldekov\u00e1. (<a href=\"http:\/\/www.ldi.sk\/podujatia\/citajme-si\/\">http:\/\/www.ldi.sk\/podujatia\/citajme-si\/<\/a>)<\/p>\n<h4 style=\"text-align: justify;\"><strong>\u010c\u00edtajme s Osmijankom<\/strong><\/h4>\n<p style=\"text-align: justify;\">Celoslovensk\u00e1 \u010ditate\u013esk\u00e1 s\u00fa\u0165a\u017e je zameran\u00e1 na rozvoj \u010ditate\u013eskej gramotnosti \u017eiakov 1. stup\u0148a z\u00e1kladn\u00fdch \u0161k\u00f4l. Realizuje sa v \u0161kol\u00e1ch a kni\u017eniciach v\u010faka pedag\u00f3gom a knihovn\u00edkom z cel\u00e9ho Slovenska. Krajsk\u00e1 kni\u017enica v \u017diline sa ka\u017edoro\u010dne zap\u00e1ja do tohto vynikaj\u00faceho projektu a okrem s\u00fa\u0165a\u017ee zrealizovala aj n\u00e1dhern\u00fa v\u00fdstavu \u201eOsmijankova liter\u00e1rna z\u00e1hrada\u201c a odborn\u00fd semin\u00e1r pre pedag\u00f3gov, knihovn\u00edkov a odborn\u00fa verejnos\u0165 \u201eAko hravo \u010d\u00edta\u0165\u201c. (<a href=\"http:\/\/www.osmijanko-ba.sk\/\">http:\/\/www.osmijanko-ba.sk\/<\/a>)<\/p>\n<h4 style=\"text-align: justify;\"><a href=\"https:\/\/www.krajskakniznicazilina.sk\/index.php\/podujatia\/skoly\/den-ludovej-rozpravky\/\"><strong>De\u0148 \u013eudovej rozpr\u00e1vky<\/strong><\/a><\/h4>\n<p style=\"text-align: justify;\">De\u0148 \u013eudovej rozpr\u00e1vky patr\u00ed 16. marcu a vznikol v r\u00e1mci kampane Slovensko Dob\u0161insk\u00e9mu, pri pr\u00edle\u017eitosti 180. v\u00fdro\u010dia narodenia Pavla Dob\u0161insk\u00e9ho. Ka\u017ed\u00fd rok je pre deti vymyslen\u00e1 in\u00e1 s\u00fa\u0165a\u017e. Vyhlasovate\u013eom s\u00fa\u0165a\u017ee sa od roku 2016 stala Krajsk\u00e1 kni\u017enica v \u017diline, ktor\u00e1 v spolupr\u00e1ci so Slovenskou asoci\u00e1ciou kni\u017en\u00edc aj tento rok prin\u00e1\u0161a pre deti okrem ob\u013e\u00fabenej \u010ditate\u013eskej kni\u017eky aj nov\u00fa \u00falohu.<\/p>\n<h4 style=\"text-align: justify;\"><strong>Detsk\u00e9 leto v kni\u017enici<\/strong><\/h4>\n<p style=\"text-align: justify;\">Krajsk\u00e1 kni\u017enica v \u017diline pon\u00faka po\u010das leta program pre deti a ich rodi\u010dov. Ka\u017ed\u00fd rok sa venujeme inej t\u00e9me prostredn\u00edctvom ktorej sa sna\u017e\u00edme podporova\u0165 \u010ditate\u013esk\u00fa gramotnos\u0165 det\u00ed. Program je koncipovan\u00fd pre v\u0161etky vekov\u00e9 kateg\u00f3rie od najmen\u0161\u00edch det\u00ed a\u017e po ml\u00e1de\u017e a deti tak m\u00f4\u017eu zmysluplne vyu\u017e\u00edva\u0165 \u010das v priestoroch kni\u017enice a liter\u00e1rneho par\u010d\u00edka.<\/p>\n<h4 style=\"text-align: justify;\"><strong>InterNos \u2013 Medzi nami<\/strong><\/h4>\n<p style=\"text-align: justify;\">Festival Inter Nos chce pouk\u00e1za\u0165 na siln\u00e9 str\u00e1nky v\u0161etk\u00fdch \u013eud\u00ed, podpori\u0165 vz\u00e1jomn\u00e9 porozumenie medzi nimi bez rozdielu (v\u00fd\u0161ky, v\u00e1hy, farby vlasov, postihnutia) a veselou formou pripomen\u00fa\u0165, \u017ee v\u0161etci tvor\u00edme komunitu a len spolu dok\u00e1\u017eeme oceni\u0165 r\u00f4znorodos\u0165. Festival nadviazal na \u0161tvr\u0165storo\u010die medzin\u00e1rodn\u00e9ho festivalu tvorivosti a fant\u00e1zie Ja\u0161idiel\u0148a, ktor\u00fd sa ka\u017edoro\u010dne konal v \u017diline prv\u00fd septembrov\u00fd t\u00fd\u017ede\u0148. Krajsk\u00e1 kni\u017enica sa do festivalu akt\u00edvne zap\u00e1ja svoj\u00edm programom a sna\u017e\u00ed sa propagova\u0165 najm\u00e4 svoje dokumenty a slu\u017eby pre znev\u00fdhodnen\u00fdch detsk\u00fdch pou\u017e\u00edvate\u013eov.<\/p>\n<h4 style=\"text-align: justify;\"><strong>Kni\u017en\u00fd V\u0161evedko<\/strong><\/h4>\n<p style=\"text-align: justify;\">Kni\u017en\u00fd V\u0161evedko je liter\u00e1rno-vedomostn\u00e1 s\u00fa\u0165a\u017e pre \u017eiakov 4. a 5. ro\u010dn\u00edkov z\u00e1kladn\u00fdch \u0161k\u00f4l. Krajsk\u00e1 kni\u017enica v \u017diline organizuje ka\u017edoro\u010dne okresn\u00e9 kolo, ktor\u00e9ho traja najlep\u0161\u00ed postupuj\u00fa do krajsk\u00e9ho kola s\u00fa\u0165a\u017ee. Ot\u00e1zky s\u00fa\u0165a\u017ee s\u00fa koncipovan\u00e9 nielen z preberan\u00e9ho u\u010diva z\u00e1kladn\u00fdch \u0161k\u00f4l, ale aj z kn\u00edh, s ktor\u00fdmi sa deti stret\u00e1vaj\u00fa v kni\u017eniciach a preveria ich celkov\u00fd vz\u0165ah ku knih\u00e1m a \u010d\u00edtaniu. Z ka\u017edej \u0161koly sa m\u00f4\u017ee prihl\u00e1si\u0165 p\u00e4\u0165 det\u00ed. Okresn\u00e9 aj krajsk\u00e9 kol\u00e1 s\u00fa\u0165a\u017ee prebiehaj\u00fa na jese\u0148.<\/p>\n<h4 style=\"text-align: justify;\"><strong>Kolovr\u00e1tok<\/strong><\/h4>\n<p style=\"text-align: justify;\">Krajsk\u00e1 kni\u017enica v \u017diline je partnerom v\u00fdstavy a p\u00f3diov\u00e9ho vyst\u00fapenia \u201eKolovr\u00e1tok\u201c . ktor\u00fa organizuje Sekcia region\u00e1lnej v\u00fdchovy pri SPV \u2013 regi\u00f3n \u017dilina a Dom Matice slovenskej. Cez leto prebieha u n\u00e1s v\u00fdstava pr\u00e1c v\u00fdtvarnej s\u00fa\u0165a\u017ee na podporu region\u00e1lnej v\u00fdchovy u det\u00ed pred\u0161kolsk\u00e9ho veku. V\u00fdstava je spojen\u00e1 s vernis\u00e1\u017eou a p\u00f3diov\u00fdm vyst\u00fapen\u00edm det\u00ed matersk\u00fdch \u0161k\u00f4l n\u00e1\u0161ho kraja.<\/p>\n<h4 style=\"text-align: justify;\"><strong>Les ukryt\u00fd v knihe<\/strong><\/h4>\n<p style=\"text-align: justify;\">Les ukryt\u00fd v knihe je celoslovensk\u00e1 kampa\u0148, ktorej hlavn\u00e1 my\u0161lienka sa zrodila v roku 2011 pri pr\u00edle\u017eitosti Medzin\u00e1rodn\u00e9ho roku lesov. Prostredn\u00edctvom kn\u00edh chce najm\u00e4 de\u0165om a mladej gener\u00e1cii pouk\u00e1za\u0165 na v\u00fdznam lesa a lesn\u00edctva pre spolo\u010dnos\u0165, na ochranu \u017eivotn\u00e9ho prostredia, na formovanie kladn\u00fdch postojov k pr\u00edrode a s\u00fa\u010dasne na potrebu samotn\u00e9ho \u010d\u00edtania. Kampa\u0148 umo\u017e\u0148uje predstavi\u0165 knihu po str\u00e1nke obsahovej a z\u00e1rove\u0148 chce pouk\u00e1za\u0165 na cestu, ktorou je potrebn\u00e9 prejs\u0165, aby sa z mal\u00e9ho semen\u00e1\u010dika stala kniha, ktor\u00e1 n\u00e1m odhal\u00ed svoje tajomstv\u00e1&#8230;, \u201c (<a href=\"http:\/\/www.lesnapedagogika.sk\/sk\/zlozka.php?content=210\">http:\/\/www.lesnapedagogika.sk\/<\/a>)<\/p>\n<h4 style=\"text-align: justify;\"><a href=\"https:\/\/www.krajskakniznicazilina.sk\/index.php\/podujatia\/skoly\/literarna-cena-jana-fratrika\/\"><strong>Liter\u00e1rna cena Janka Fr\u00e1trika<\/strong><\/a><\/h4>\n<p style=\"text-align: justify;\">Liter\u00e1rna s\u00fat\u030ca\u017e pre \u017eiakov z\u00e1kladn\u00fdch \u0161k\u00f4l, osemroc\u030cn\u00fdch gymn\u00e1zi\u00ed, stredn\u00fdch odborn\u00fdch \u0161k\u00f4l a gymn\u00e1zi\u00ed. Mesto \u017dilina a Krajsk\u00e1 kni\u017enica v \u017diline vyhl\u00e1sili I. roc\u030cn\u00edk s\u00fat\u030ca\u017ee v roku 2016.<\/p>\n<h4 style=\"text-align: justify;\"><strong>M\u00ed\u013ea pre mamu<\/strong><\/h4>\n<p style=\"text-align: justify;\">Krajsk\u00e1 kni\u017enica v \u017diline sa zap\u00e1ja do projektu \u201e M\u00ed\u013ea pre mamu\u201c , ktor\u00fd je najv\u00e4\u010d\u0161ou oslavou D\u0148a matiek na Slovensku. Kon\u00e1 sa pod z\u00e1\u0161titou prezidenta Andreja Kisku a v jeden de\u0148, na r\u00f4znych miestach v r\u00e1mci cel\u00e9ho Slovenska sp\u00e1ja tis\u00edce \u013eud\u00ed bez oh\u013eadu na vek, rasu \u010di vierovyznanie. Detsk\u00ed knihovn\u00edci sa sna\u017eia aj v r\u00e1mci tohto festivalu propagova\u0165 \u010d\u00edtanie, knihy a svoju kni\u017enicu (<a href=\"http:\/\/www.materskecentra.sk\/mila_v_aktualnom_roku.html\">http:\/\/www.materskecentra.sk\/mila_v_aktualnom_roku.html<\/a>)<\/p>\n<h4 style=\"text-align: justify;\"><strong>Noc s Andersenom<\/strong><\/h4>\n<p style=\"text-align: justify;\">Krajsk\u00e1 kni\u017enica v \u017diline sa ka\u017edoro\u010dne zap\u00e1ja do ob\u013e\u00fabenej kampane na podporu \u010d\u00edtania \u201eNoc s Andersenom\u201c. \u00daspe\u0161n\u00e9 podujatie na Slovensku od roku 2006 koordinuje <strong>Spolok slovensk\u00fdch knihovn\u00edkova kni\u017en\u00edc<\/strong><strong> (SSKK) <\/strong>a zatia\u013e ka\u017ed\u00fd rok bol prekonan\u00fd rekord v po\u010dte zapojen\u00fdch verejn\u00fdch a \u0161kolsk\u00fdch kni\u017en\u00edc. Deti po\u010das rozpr\u00e1vkovej noci za\u017eij\u00fa mnoho dobrodru\u017estiev s pr\u00edbehmi a aj tak\u00fdmto sp\u00f4sobom si buduj\u00fa svoj vz\u0165ah ku knihe a kni\u017enici. (<a href=\"http:\/\/www.nocsandersenem.cz\/\">http:\/\/www.nocsandersenem.cz\/<\/a>)<\/p>\n<h4 style=\"text-align: justify;\"><strong>Semin\u00e1r \u201e Kni\u017enica v \u017eivote die\u0165a\u0165a\u201c<\/strong><\/h4>\n<p style=\"text-align: justify;\">Krajsk\u00e1 kni\u017enica v \u017diline organizuje pre knihovn\u00edkov, u\u010dite\u013eov, rodi\u010dov a odborn\u00fa verejnos\u0165 semin\u00e1r zameran\u00fd na podporu \u010ditate\u013eskej gramotnosti. Ka\u017ed\u00fd rok sa sna\u017e\u00ed prinies\u0165 prostredn\u00edctvom odborn\u00edkov z danej oblasti nov\u00e9 poznatky na vybran\u00e9 t\u00e9my k podpore \u010ditate\u013eskej gramotnosti det\u00ed a ml\u00e1de\u017ee.<\/p>\n<p style=\"text-align: justify;\">Kni\u017enica v \u017eivote die\u0165a\u0165a &#8211; <a href=\"https:\/\/www.krajskakniznicazilina.sk\/menu\/sluz\/deti\/kvzd\/kvzd2017.pdf\">Zborn\u00edk 2017<\/a><\/p>\n<h4 style=\"text-align: justify;\"><a href=\"https:\/\/www.krajskakniznicazilina.sk\/index.php\/podujatia\/skoly\/tvorime-vlastnu-knihu\/\"><strong>Tvor\u00edme vlastn\u00fa knihu<\/strong><\/a><\/h4>\n<p style=\"text-align: justify;\">Ka\u017edoro\u010dne sa kon\u00e1 medzin\u00e1rodn\u00e1 s\u00fa\u0165a\u017e vo vytv\u00e1ran\u00ed kn\u00edh na vybran\u00fa t\u00e9mu de\u0165mi zo Slovenska, \u010ceska a Po\u013eska pod spolo\u010dn\u00fdm n\u00e1zvom Tvor\u00edme vlastn\u00fa knihu.<\/p>\n<h4 style=\"text-align: justify;\"><strong>Vianoce s detskou knihou<\/strong><\/h4>\n<p style=\"text-align: justify;\">Projekt Krajskej kni\u017enice \u201eVianoce s detskou knihou\u201c sa te\u0161\u00ed ve\u013ekej ob\u013eube det\u00ed n\u00e1\u0161ho mesta a okolia. Ka\u017ed\u00fd rok v obdob\u00ed Vianoc organizujeme besedy a workshopy s detsk\u00fdmi autormi, ilustr\u00e1tormi, tvorcami detsk\u00fdch kn\u00edh a podporovate\u013emi \u010d\u00edtania. Deti sa tak maj\u00fa mo\u017enos\u0165 osobne stretn\u00fa\u0165 s osobnos\u0165ami kni\u017enej kult\u00fary a t\u00fdm posilni\u0165 svoj vz\u0165ah k \u010d\u00edtaniu a knih\u00e1m.<\/p>\n<h4><strong>Pre\u010d\u00edtan\u00e9 leto<\/strong><\/h4>\n<p>Snaha prekona\u0165 pr\u00e1zdninov\u00fd \u00fatlm det\u00ed, aby nestratili po\u010das leta jazykov\u00e9 zru\u010dnosti a kontakt s knihou. Sta\u010d\u00ed s nimi pre\u010d\u00edta\u0165 za jedno leto 4 &#8211; 6 kn\u00edh.<br \/>\n(<a href=\"https:\/\/www.precitaneleto.sk\/\">https:\/\/www.precitaneleto.sk\/<\/a>)<\/p>\n","protected":false},"excerpt":{"rendered":"<p>Cel\u00e9 Slovensko \u010d\u00edta de\u0165om Krajsk\u00e1 kni\u017enica v \u017diline sa ka\u017edoro\u010dne zap\u00e1ja do tejto celoslovenskej aktivity, ktor\u00e1 vznikla s cie\u013eom podpory \u010d\u00edtania de\u0165om. Hlavnou programovou my\u0161lienkou projektu je \u010d\u00edta\u0165 de\u0165om pravidelne aspo\u0148 20 min\u00fat denne. Kni\u017enica poz\u00fdva v de\u0148 kampane zauj\u00edmav\u00e9 osobnosti mesta, ktor\u00e9 \u010d\u00edtaj\u00fa de\u0165om v na\u0161ej kni\u017enici (http:\/\/www.celeslovenskocitadetom.sk\/sk\/) \u010c\u00edtajme si Na\u0161a kni\u017enica sa ka\u017edoro\u010dne &#8230; <a title=\"Projekty \u00daseku detskej literat\u00fary na podporu \u010d\u00edtania\" class=\"read-more\" href=\"https:\/\/www.krajskakniznicazilina.sk\/index.php\/sluzby\/dml\/projekty-udml\/\" aria-label=\"Pre\u010d\u00edtajte si viac o Projekty \u00daseku detskej literat\u00fary na podporu \u010d\u00edtania\">\u010c\u00edta\u0165 viac<\/a><\/p>\n","protected":false},"author":1,"featured_media":0,"parent":124,"menu_order":0,"comment_status":"closed","ping_status":"closed","template":"","meta":{"footnotes":""},"class_list":["post-1312","page","type-page","status-publish"],"_links":{"self":[{"href":"https:\/\/www.krajskakniznicazilina.sk\/index.php\/wp-json\/wp\/v2\/pages\/1312","targetHints":{"allow":["GET"]}}],"collection":[{"href":"https:\/\/www.krajskakniznicazilina.sk\/index.php\/wp-json\/wp\/v2\/pages"}],"about":[{"href":"https:\/\/www.krajskakniznicazilina.sk\/index.php\/wp-json\/wp\/v2\/types\/page"}],"author":[{"embeddable":true,"href":"https:\/\/www.krajskakniznicazilina.sk\/index.php\/wp-json\/wp\/v2\/users\/1"}],"replies":[{"embeddable":true,"href":"https:\/\/www.krajskakniznicazilina.sk\/index.php\/wp-json\/wp\/v2\/comments?post=1312"}],"version-history":[{"count":12,"href":"https:\/\/www.krajskakniznicazilina.sk\/index.php\/wp-json\/wp\/v2\/pages\/1312\/revisions"}],"predecessor-version":[{"id":15674,"href":"https:\/\/www.krajskakniznicazilina.sk\/index.php\/wp-json\/wp\/v2\/pages\/1312\/revisions\/15674"}],"up":[{"embeddable":true,"href":"https:\/\/www.krajskakniznicazilina.sk\/index.php\/wp-json\/wp\/v2\/pages\/124"}],"wp:attachment":[{"href":"https:\/\/www.krajskakniznicazilina.sk\/index.php\/wp-json\/wp\/v2\/media?parent=1312"}],"curies":[{"name":"wp","href":"https:\/\/api.w.org\/{rel}","templated":true}]}}