{"id":13602,"date":"2024-09-03T10:49:23","date_gmt":"2024-09-03T08:49:23","guid":{"rendered":"https:\/\/www.krajskakniznicazilina.sk\/?page_id=13602"},"modified":"2024-09-03T10:49:23","modified_gmt":"2024-09-03T08:49:23","slug":"fpu-projekty-2018","status":"publish","type":"page","link":"https:\/\/www.krajskakniznicazilina.sk\/index.php\/o-kniznici\/projekty\/fond-na-podporu-umenia\/fpu-projekty-2018\/","title":{"rendered":"FPU projekty 2018"},"content":{"rendered":"<p style=\"text-align: justify;\"><strong>Akviz\u00edcia kni\u017eni\u010dn\u00e9ho fondu (2018) \u2013 dot\u00e1cia 18\u00a0000 EUR <\/strong><\/p>\n<p style=\"text-align: justify;\">V\u010faka realiz\u00e1cii projektu Akviz\u00edcia kni\u017eni\u010dn\u00e9ho fondu (2018), ktor\u00fd z verejn\u00fdch zdrojov podporili Fond na podporu umenia sumou 18.000 EUR, spolufinancovan\u00edm \u017dilinsk\u00fd samospr\u00e1vny kraj (950 EUR), pribudlo do fondu kni\u017enice spolu 2 465 exempl\u00e1rov nov\u00fdch kn\u00edh, nov\u00fdch kn\u00edh, z toho 908 kr\u00e1snych a 553 odborn\u00fdch kn\u00edh pre dospel\u00fdch a tie\u017e 914 beletristick\u00fdch a 90 n\u00e1u\u010dn\u00fdch kn\u00edh pre deti.<\/p>\n<p style=\"text-align: justify;\">Z dot\u00e1cie vo v\u00fd\u0161ke 18.000 EUR bolo zak\u00fapen\u00fdch 2 335 exempl\u00e1rov kn\u00edh (870 ks beletrie pre dospel\u00fdch, 550 ks n\u00e1u\u010dnej literat\u00fary pre dospel\u00fdch, 825 ks beletrie pre deti a 90 ks n\u00e1u\u010dnej literat\u00fary pre deti). V r\u00e1mci projektu sme mali amb\u00edciu z\u00edska\u0165 do fondu najm\u00e4 kr\u00e1sne i n\u00e1u\u010dn\u00e9 knihy pre dospel\u00fdch a deti pod\u013ea pomern\u00e9ho zast\u00fapenia pou\u017e\u00edvate\u013eskej z\u00e1kladne krajskej kni\u017enice a reflektuj\u00fac potreby \u010ditate\u013eov na tematick\u00e9 okruhy a konkr\u00e9tne tituly publik\u00e1ci\u00ed.<\/p>\n<p style=\"text-align: justify;\"><strong> <a href=\"https:\/\/www.krajskakniznicazilina.sk\/menu\/okniz\/pro\/fpu\/Akviz%C3%ADcia%20FPU%205.jpg\"><img decoding=\"async\" class=\"size-full alignnone\" src=\"https:\/\/www.krajskakniznicazilina.sk\/menu\/okniz\/pro\/fpu\/Akviz%C3%ADcia%20FPU%205.jpg\" alt=\"fotografia\" width=\"25%\" height=\"25%\" \/> \u00a0<\/a><a href=\"https:\/\/www.krajskakniznicazilina.sk\/menu\/okniz\/pro\/fpu\/Akviz%C3%ADcia%20FPU%206.jpg\"><img decoding=\"async\" class=\"size-full alignnone\" src=\"https:\/\/www.krajskakniznicazilina.sk\/menu\/okniz\/pro\/fpu\/Akviz%C3%ADcia%20FPU%206.jpg\" alt=\"fotografia\" width=\"44%\" height=\"44%\" \/><\/a><\/strong><\/p>\n<p style=\"text-align: justify;\"><strong>Skvalitnenie slu\u017eieb oddelenia odbornej literat\u00fary a \u0161tudovn\u00ed \u2013 fin\u00e1lna etapa &#8211; dot\u00e1cia 5 000 EUR<\/strong><\/p>\n<p style=\"text-align: justify;\">Projekt vo v\u00fdznamnej miere prispel k moderniz\u00e1cii a estetiz\u00e1cii priestorov \u0161tudovne odbornej literat\u00fary Krajskej kni\u017enice v \u017diline (1. poschodie). V tejto etape realiz\u00e1cie projektu (2018-2019) boli zak\u00fapen\u00e9 \u00falo\u017en\u00e9 kni\u017eni\u010dn\u00e9 \u010dasopiseck\u00e9 reg\u00e1ly, ktor\u00e9 umo\u017e\u0148uj\u00fa depozit cel\u00fdch ro\u010dn\u00edkov odborn\u00fdch period\u00edk a z\u00e1rove\u0148 periodikum n\u00e1zorne vystavuj\u00fa pre pou\u017e\u00edvate\u013ea na \u010delnej stene.<\/p>\n<p style=\"text-align: justify;\">Spolu 14 kni\u017eni\u010dn\u00fdch reg\u00e1lov na \u010dasopisy, ka\u017ed\u00fd po 8 boxov, umo\u017e\u0148uj\u00fa spolu ulo\u017ei\u0165 a prezentova\u0165 a\u017e 112 titulov period\u00edk. Krajsk\u00e1 kni\u017enica v \u017diline ro\u010dne odober\u00e1 a\u017e 240 titulov periodick\u00fdch publik\u00e1ci\u00ed. Z tohto d\u00f4vodu budeme h\u013eada\u0165 \u010fal\u0161ie grantov\u00e9 alebo vlastn\u00e9 finan\u010dn\u00e9 prostriedky pre zak\u00fapenie ch\u00fdbaj\u00facich minim\u00e1lne 7 kni\u017eni\u010dn\u00fdch reg\u00e1lov, ktor\u00e9 kni\u017enica nevyhnutne potrebuje.<\/p>\n<p style=\"text-align: justify;\"><strong> <a href=\"https:\/\/www.krajskakniznicazilina.sk\/menu\/okniz\/pro\/fpu\/%C5%A1tudov%C5%88a%20n%C3%A1u%C4%8Dnej%20literat%C3%BAry%201.JPG\"><img decoding=\"async\" class=\"size-full alignnone\" src=\"https:\/\/www.krajskakniznicazilina.sk\/menu\/okniz\/pro\/fpu\/%C5%A1tudov%C5%88a%20n%C3%A1u%C4%8Dnej%20literat%C3%BAry%201.JPG\" alt=\"fotografia\" width=\"40%\" height=\"40%\" \/><\/a><\/strong><\/p>\n<p style=\"text-align: justify;\"><strong>Kni\u017enica pre najmen\u0161\u00edch a \u201en\u00e1s\u0165ro\u010dn\u00fdch\u201c \u2013 dot\u00e1cia 14\u00a0000 EUR<\/strong><\/p>\n<p style=\"text-align: justify;\">V\u010faka projektu vznikli v\u00a0krajskej kni\u017enici Detsk\u00fd k\u00fatik a\u00a0Z\u00f3na 12-19.<\/p>\n<p style=\"text-align: justify;\">Detsk\u00fd k\u00fatik na \u00daseku detskej literat\u00fary (2. poschodie) je atrakt\u00edvny priestor s\u00a0kulisami mesta, kobercom a n\u00e1bytkom. Sl\u00fa\u017ei na hranie sa, \u010d\u00edtanie, kolekt\u00edvne podujatia pre na\u0161ich najmen\u0161\u00edch \u010ditate\u013eov a\u00a0rod\u00edn po\u010das otv\u00e1rac\u00edch hod\u00edn kni\u017enice.<\/p>\n<p style=\"text-align: justify;\">Z\u00f3na 12-19 &#8211; priestor pre teeneregov (Pr\u00edzemie) &#8211;\u00a0 je priestorom pre \u010d\u00edtanie, stret\u00e1vanie sa, oddych, rozhovory, besedy s\u00a0autormi tejto cie\u013eovej skupiny na\u0161ich pou\u017e\u00edvate\u013eov. Ver\u00edme, \u017ee z\u00f3na mlad\u00e9ho \u010ditate\u013ea oslov\u00ed, poskytne mu na jednej strane spolo\u010densk\u00fd kontakt a na druhej strane aj pokojn\u00e9 miesto pre rozvoj jeho individuality.<\/p>\n<p style=\"text-align: justify;\"><strong> <a href=\"https:\/\/www.krajskakniznicazilina.sk\/menu\/okniz\/pro\/fpu\/DSCN0831.JPG\"><img decoding=\"async\" class=\"size-full alignnone\" src=\"https:\/\/www.krajskakniznicazilina.sk\/menu\/okniz\/pro\/fpu\/DSCN0831.JPG\" alt=\"fotografia\" width=\"40%\" height=\"40%\" \/>\u00a0 <\/a><a href=\"https:\/\/www.krajskakniznicazilina.sk\/menu\/okniz\/pro\/fpu\/DSCN0962.JPG\"><img decoding=\"async\" class=\"size-full alignnone\" src=\"https:\/\/www.krajskakniznicazilina.sk\/menu\/okniz\/pro\/fpu\/DSCN0962.JPG\" alt=\"fotogrfia\" width=\"40%\" height=\"40%\" \/><\/a><\/strong><\/p>\n<p style=\"text-align: justify;\"><strong>Dni detskej knihy 2018 \u2013 35. ro\u010dn\u00edk celoslovensk\u00e9ho festivalu \u2013 dot\u00e1cia 8\u00a0500 EUR<\/strong><\/p>\n<p style=\"text-align: justify;\">Krajsk\u00e1 kni\u017enica v\u00a0\u017diline, v spolupr\u00e1ci s mestom \u017dilina, BIBIANOU, medzin\u00e1rodn\u00fdm domom umenia pre deti a Slovenskou sekciou IBBY (Board on Books for Young People) boli hlavn\u00fdmi organiz\u00e1tormi 35. ro\u010dn\u00edka festivalu Dni detskej knihy, najv\u00e4\u010d\u0161ieho celoslovensk\u00e9ho festivalu detskej literat\u00fary. Festival sa ka\u017ed\u00fd rok kon\u00e1 v\u00a0inom meste a\u00a0z\u00fa\u010dast\u0148uj\u00fa sa ho desiatky najv\u00fdznamnej\u0161\u00edch slovensk\u00fdch spisovate\u013eov pre deti, ilustr\u00e1torov a\u00a0odborn\u00edkov v\u00a0oblasti detskej literat\u00fary. V\u00a0d\u0148och 17.- 19. apr\u00edla, sa festival konal v \u017diline. Hlavn\u00fdm cie\u013eom festivalu je podpora \u010d\u00edtania a \u010ditate\u013eskej gramotnosti det\u00ed, ktorej problematika najm\u00e4 v\u00a0s\u00fa\u010dasnosti rezonuje v\u00a0na\u0161ej spolo\u010dnosti.<\/p>\n<p style=\"text-align: justify;\">Medzi pozvan\u00fdmi hos\u0165ami boli autori a\u00a0ilustr\u00e1tori kn\u00edh, ktor\u00e9 boli ocenen\u00e9 ako najlep\u0161ie a\u00a0najkraj\u0161ie detsk\u00e9 knihy vydan\u00e9 v\u00a0roku 2016: Peter Glocko, Peter Karpinsk\u00fd, Hana Ko\u0161kov\u00e1, Barbora Kardo\u0161ov\u00e1, Lenka Vymazalov\u00e1, Martin Vanek, Daniel Pastir\u010d\u00e1k, To\u0148a Revajov\u00e1, Pavol Weiss, \u013dubom\u00edr Feldek, Be\u00e1ta Pan\u00e1kov\u00e1, Pero Le Kvet, Janka Necpalov\u00e1, Marta Pa\u017eick\u00e1, Katar\u00edna Mikol\u00e1\u0161ov\u00e1, Martin Kellenberger, Juraj Marti\u0161ka, \u013dubo Pa\u013eo, Stanislav Lajda, Tom\u00e1\u0161 C\u00edger, Martina Matlovi\u010dov\u00e1, ako aj z\u00e1stupcovia vydavate\u013estiev, ktor\u00e9 v\u00ed\u0165azn\u00e9 knihy vydali.<\/p>\n<p style=\"text-align: justify;\">Programom festivalu v\u00a0\u017diline boli stretnutia s\u00a0tvorcami detsk\u00fdch kn\u00edh, besedy a tvoriv\u00e9 dielne, ktor\u00e9 prebiehali nielen v\u00a0kni\u017enici a\u00a0v\u00a0\u0161kol\u00e1ch na \u00fazem\u00ed mesta a v jeho bl\u00edzkom okol\u00ed, ale aj v\u00a0\u010fal\u0161\u00edch kult\u00farnych in\u0161tit\u00faci\u00e1ch v\u00a0meste (Mestsk\u00e9 divadlo \u017dilina, Rosenfeldov pal\u00e1c, Nov\u00e1 synag\u00f3ga \u017dilina, Ateli\u00e9r Stanice Z\u00e1rie\u010die, Labyrint \u2013 centrum pohybu a tanca). S\u00fa\u010das\u0165ou festivalu bolo i\u00a0nieko\u013eko jedine\u010dn\u00fdch v\u00fdstav, vyhodnotenie n\u00e1rodn\u00e9ho kola medzin\u00e1rodnej liter\u00e1rno-v\u00fdtvarnej v\u00fdtvarnej s\u00fa\u0165a\u017ee det\u00ed Tvor\u00edme vlastn\u00fa knihu, ako aj\u00a0celoslovensk\u00fd odborn\u00fd semin\u00e1r pre pr\u00e1cu s\u00a0detsk\u00fdm \u010ditate\u013eom.<\/p>\n<p style=\"text-align: justify;\"><strong>\u00a0<\/strong><\/p>\n<p style=\"text-align: justify;\"><strong>Vianoce s detskou knihou \u2013 dot\u00e1cia <\/strong><\/p>\n<p style=\"text-align: justify;\">V\u010faka\u00a0 XII. ro\u010dn\u00edku festivalu Vianoc s\u00a0detskou knihou zav\u00edtali do kni\u017enice v adventnom \u010dase mnoh\u00e9 zn\u00e1me osobnosti &#8211; tvorcovia detsk\u00fdch kn\u00edh, umelci i historik Peter Cabadaj, M\u00e1ria Porub\u010dansk\u00e1 &#8211; B\u00e1rdyov\u00e1, Igor V\u00e1lek, Stano Lajda,\u00a0 Miroslava Bizn\u00e1rov\u00e1, Peter Va\u0148ou\u010dek, Peter Ni\u010d\u00edk, To\u0148a Revajov\u00e1, Jana Necpalov\u00e1, Andrea Gregu\u0161ov\u00e1, Katar\u00edna Kos\u00e1nov\u00e1, Nata\u0161a \u0160tefunkov\u00e1, Krist\u00edna Bal\u00fachov\u00e1 a Katar\u00edna Mikol\u00e1\u0161ov\u00e1.<\/p>\n<p style=\"text-align: justify;\">Umelci pre deti vytvorili mno\u017estvo besied, autorsk\u00fdch \u010d\u00edtan\u00ed, tvoriv\u00fdch dieln\u00ed \u010di hudobno-poetick\u00fdch p\u00e1siem, ktor\u00e9 prispeli k sviato\u010dnej atmosf\u00e9re, budovali u det\u00ed vz\u0165ah ku knih\u00e1m a kult\u00fare, rozv\u00edjali \u010ditate\u013esk\u00fa gramotnos\u0165 a tvorivos\u0165\u2026<\/p>\n<p style=\"text-align: justify;\">S\u00fa\u010das\u0165ou projektu boli i\u00a0podujatia pri pr\u00edle\u017eitosti 300. v\u00fdro\u010dia narodenia Adama Franti\u0161ka Koll\u00e1ra &#8211; vzdel\u00e1vacie podujatie spojen\u00e9 s vernis\u00e1\u017eou v\u00fdstavy: Slovensk\u00fd Sokrates z\u00a0Terchovej a z\u00e1\u017eitkov\u00e9 hran\u00e9 vzdel\u00e1vacie p\u00e1smo pre deti venovan\u00e9 tejto v\u00fdznamnej osobnosti.<\/p>\n<p style=\"text-align: justify;\">V\u0161etk\u00fdch aktiv\u00edt projektu sa akt\u00edvne z\u00fa\u010dastnilo viac ako 1300 det\u00ed.<\/p>\n","protected":false},"excerpt":{"rendered":"<p>Akviz\u00edcia kni\u017eni\u010dn\u00e9ho fondu (2018) \u2013 dot\u00e1cia 18\u00a0000 EUR V\u010faka realiz\u00e1cii projektu Akviz\u00edcia kni\u017eni\u010dn\u00e9ho fondu (2018), ktor\u00fd z verejn\u00fdch zdrojov podporili Fond na podporu umenia sumou 18.000 EUR, spolufinancovan\u00edm \u017dilinsk\u00fd samospr\u00e1vny kraj (950 EUR), pribudlo do fondu kni\u017enice spolu 2 465 exempl\u00e1rov nov\u00fdch kn\u00edh, nov\u00fdch kn\u00edh, z toho 908 kr\u00e1snych a 553 odborn\u00fdch kn\u00edh pre dospel\u00fdch &#8230; <a title=\"FPU projekty 2018\" class=\"read-more\" href=\"https:\/\/www.krajskakniznicazilina.sk\/index.php\/o-kniznici\/projekty\/fond-na-podporu-umenia\/fpu-projekty-2018\/\" aria-label=\"Pre\u010d\u00edtajte si viac o FPU projekty 2018\">\u010c\u00edta\u0165 viac<\/a><\/p>\n","protected":false},"author":1,"featured_media":0,"parent":1040,"menu_order":0,"comment_status":"closed","ping_status":"closed","template":"","meta":{"footnotes":""},"class_list":["post-13602","page","type-page","status-publish"],"_links":{"self":[{"href":"https:\/\/www.krajskakniznicazilina.sk\/index.php\/wp-json\/wp\/v2\/pages\/13602","targetHints":{"allow":["GET"]}}],"collection":[{"href":"https:\/\/www.krajskakniznicazilina.sk\/index.php\/wp-json\/wp\/v2\/pages"}],"about":[{"href":"https:\/\/www.krajskakniznicazilina.sk\/index.php\/wp-json\/wp\/v2\/types\/page"}],"author":[{"embeddable":true,"href":"https:\/\/www.krajskakniznicazilina.sk\/index.php\/wp-json\/wp\/v2\/users\/1"}],"replies":[{"embeddable":true,"href":"https:\/\/www.krajskakniznicazilina.sk\/index.php\/wp-json\/wp\/v2\/comments?post=13602"}],"version-history":[{"count":13,"href":"https:\/\/www.krajskakniznicazilina.sk\/index.php\/wp-json\/wp\/v2\/pages\/13602\/revisions"}],"predecessor-version":[{"id":13617,"href":"https:\/\/www.krajskakniznicazilina.sk\/index.php\/wp-json\/wp\/v2\/pages\/13602\/revisions\/13617"}],"up":[{"embeddable":true,"href":"https:\/\/www.krajskakniznicazilina.sk\/index.php\/wp-json\/wp\/v2\/pages\/1040"}],"wp:attachment":[{"href":"https:\/\/www.krajskakniznicazilina.sk\/index.php\/wp-json\/wp\/v2\/media?parent=13602"}],"curies":[{"name":"wp","href":"https:\/\/api.w.org\/{rel}","templated":true}]}}