{"id":14803,"date":"2025-03-13T07:54:59","date_gmt":"2025-03-13T06:54:59","guid":{"rendered":"https:\/\/www.krajskakniznicazilina.sk\/?page_id=14803"},"modified":"2025-04-09T10:29:46","modified_gmt":"2025-04-09T08:29:46","slug":"erasmus-rozsirovanie-zrucnosti-knihovnikov-krajskej-kniznice-v-ziline","status":"publish","type":"page","link":"https:\/\/www.krajskakniznicazilina.sk\/index.php\/o-kniznici\/projekty\/erasmus-rozsirovanie-zrucnosti-knihovnikov-krajskej-kniznice-v-ziline\/","title":{"rendered":"Erasmus+ Roz\u0161irovanie zru\u010dnost\u00ed knihovn\u00edkov Krajskej kni\u017enice v \u017diline"},"content":{"rendered":"<p style=\"text-align: justify;\"><strong><a href=\"https:\/\/www.krajskakniznicazilina.sk\/menu\/okniz\/pro\/erasmus\/SK_fundedbyEU.png\"><img decoding=\"async\" class=\"alignright size-medium\" src=\"https:\/\/www.krajskakniznicazilina.sk\/menu\/okniz\/pro\/erasmus\/SK_fundedbyEU.png\" alt=\"logo\" width=\"30%\" height=\"30%\" \/><\/a><\/strong><\/p>\n<p style=\"text-align: justify;\"><strong>\u010co to je?<\/strong><\/p>\n<p style=\"text-align: justify;\">Krajsk\u00e1 kni\u017enica v \u017diline sa v\u00a0roku 2024 zapojila do v\u00fdzvy Erasmus+ v\u00a0oblasti vzdel\u00e1vania dospel\u00fdch. Cie\u013eom projektu je reagova\u0165 na zv\u00fd\u0161en\u00e9 n\u00e1roky zo strany dospel\u00fdch pou\u017e\u00edvate\u013eov na rozmanitos\u0165 realizovan\u00fdch aktiv\u00edt. Chceme preto roz\u0161irova\u0165 kompetencie na\u0161ich zamestnancov tak, aby boli schopn\u00ed na tieto v\u00fdzvy reagova\u0165. Chceme sa venova\u0165 t\u00e9mam osamelosti, podpore \u010ditate\u013eskej a informa\u010dnej gramotnosti \u010di podpore demokratick\u00e9ho dial\u00f3gu.<\/p>\n<p style=\"text-align: justify;\"><strong>Pre\u010do?<\/strong><\/p>\n<p style=\"text-align: justify;\">Na\u0161\u00edm cie\u013eom je, aby pri kni\u017enici vznikli nov\u00e9 z\u00e1ujmov\u00e9 zdru\u017eenia, kde bud\u00fa dospel\u00ed pou\u017e\u00edvatelia zdie\u013ea\u0165 a rozv\u00edja\u0165 svoje zru\u010dnosti. Z\u00e1rove\u0148 chceme podpori\u0165 demokratick\u00fd dial\u00f3g a tak zabr\u00e1ni\u0165 \u010fal\u0161ej polariz\u00e1cii spolo\u010dnosti. Na\u0161\u00edm cie\u013eom je aj roz\u0161\u00edrenie kompetenci\u00ed knihovn\u00edkov na poli andragogiky.<\/p>\n<p style=\"text-align: justify;\">O\u010dak\u00e1vame vznik nov\u00fdch komun\u00edt, realiz\u00e1ciu podujat\u00ed na podporu demokratick\u00e9ho dial\u00f3gu a \u010ditate\u013eskej a\u00a0informa\u010dnej gramotnosti. Z\u00e1rove\u0148 o\u010dak\u00e1vame zv\u00fd\u0161enie po\u010dtu podujat\u00ed pre dospel\u00fdch v kni\u017enici.<\/p>\n<p style=\"text-align: justify;\"><strong>Kto sa m\u00f4\u017ee zapoji\u0165?<\/strong><\/p>\n<p style=\"text-align: justify;\">Zamestnanci kni\u017enice aj verejnos\u0165! \u00da\u010dastn\u00edci v\u0161etk\u00fdch mobil\u00edt by mali by\u0165 komunikat\u00edvni, tolerantn\u00ed k nov\u00fdm n\u00e1zorom, nemali by sa b\u00e1\u0165 kl\u00e1s\u0165 ot\u00e1zky a mali by ma\u0165 snahu o zdie\u013eanie a roz\u0161\u00edrenie z\u00edskan\u00fdch inform\u00e1ci\u00ed. V\u00fdber \u00fa\u010dastn\u00edkov bude otvoren\u00fd pre v\u0161etk\u00fdch zamestnancov in\u0161tit\u00facie. Z\u00e1rove\u0148 chceme do programu zapoji\u0165 aj dospel\u00fa verejnos\u0165 (nad 26 rokov). Jeden z \u00fa\u010dastn\u00edkov by mal by\u0165 z in\u0161tit\u00facie, ktor\u00e1 je kni\u017enici partnerom a pom\u00e1ha jej s realiz\u00e1ciou aktiv\u00edt. Druh\u00fd by mal by\u0165 \u010dlen komunity. Cie\u013eom zapojenia verejnosti je spozna\u0165 pr\u00e1cu knihovn\u00edkov z ich uhla poh\u013eadu. T\u00fdm, \u017ee sa vzdel\u00e1van\u00ed z\u00fa\u010dastnia navrhovan\u00fdch programov zaist\u00edme \u010fal\u0161iu podporu pri implement\u00e1ci\u00ed v\u00fdsledkov vzdel\u00e1vania. Partnersk\u00e9 in\u0161tit\u00facie spoznaj\u00fa, kam sa ako kni\u017enica chceme dosta\u0165 a \u010dlenovia z komunity bud\u00fa t\u00fdmi, kto bude nov\u00e9 aktivity podporova\u0165 akt\u00edvnou \u00fa\u010das\u0165ou. Pre \u010dlenov z komunity to m\u00f4\u017ee by\u0165 prv\u00fd krok k dobrovo\u013en\u00edctvu.<\/p>\n<p style=\"text-align: justify;\"><strong>Kam a kedy?<\/strong><\/p>\n<ul>\n<li>Aarhus, D\u00e1nsko (druh\u00e1 polovica septembra 2025)<\/li>\n<li style=\"list-style-type: none;\">\n<ul>\n<li>5 miest pre knihovn\u00edkov + 2 miesta pre verejnos\u0165<\/li>\n<\/ul>\n<\/li>\n<li style=\"text-align: justify;\">Amsterdam, Holandsko (zima 2025\/ jar 2026)\n<ul>\n<li style=\"text-align: justify;\">4 miesta pre knihovn\u00edkov + 2 miesta pre verejnos\u0165<\/li>\n<\/ul>\n<\/li>\n<li style=\"text-align: justify;\">Dublin, \u00cdrsko (zima 2025\/ jar 2026)\n<ul>\n<li style=\"text-align: justify;\">3 miesta pre knihovn\u00edkov + 2 miesta pre verejnos\u0165<\/li>\n<\/ul>\n<\/li>\n<li style=\"text-align: justify;\">Tur\u00edn, Taliansko (okt\u00f3ber 2025)\n<ul>\n<li style=\"text-align: justify;\">4 miesta pre knihovn\u00edkov + 2 miesta pre verejnos\u0165<\/li>\n<\/ul>\n<\/li>\n<li style=\"text-align: justify;\">Rijeka, Chorv\u00e1tsko (leto 2025)\n<ul>\n<li style=\"text-align: justify;\">4 miesta pre knihovn\u00edkov<\/li>\n<\/ul>\n<\/li>\n<\/ul>\n<p>V\u0161etky mobility trvaj\u00fa 5 pracovn\u00fdch dn\u00ed + 2 dni na cestovanie<\/p>\n<p style=\"text-align: justify;\"><strong>O\u00a0\u010dom to bude?<\/strong><\/p>\n<p style=\"text-align: justify;\"><strong>Aarhus, D\u00e1nsko<\/strong> (21.-27. septembra 2025)<\/p>\n<p style=\"text-align: justify;\">Knihovn\u00edci, ktor\u00ed sa bud\u00fa venova\u0165 vzdel\u00e1vaniu dospel\u00fdch na poli demokracie. Mali by ma\u0165 angli\u010dtinu aspo\u0148 na \u00farovni B2 tak, aby dok\u00e1zali odsledova\u0165 a nesk\u00f4r lokalizova\u0165 a\u00a0zopakova\u0165 program <a href=\"https:\/\/demokratifitness.dk\/en\/\">Democracy fitness<\/a>. Pl\u00e1novan\u00fd obsah aktivity je n\u00e1v\u0161teva d\u00e1nskych kni\u017en\u00edc, najm\u00e4 DOKK1, pozorovanie vedenia programu Democracy fitness, vysvetlenie fungovania programu od lektoriek, vysk\u00fa\u0161anie aktiv\u00edt programu. \u00da\u010dastn\u00edci bud\u00fa schopn\u00ed prinies\u0165 a\u00a0rozv\u00edja\u0165 nov\u00e9 aktivity v\u00a0Krajskej kni\u017enici v\u00a0\u017diline.<\/p>\n<p style=\"text-align: justify;\"><strong>Amsterdam, Holandsko<\/strong> (november 2025)<\/p>\n<p style=\"text-align: justify;\">Knihovn\u00edci, ktor\u00ed sa bud\u00fa venova\u0165 rozvoju komun\u00edt pri Krajskej kni\u017enici v \u017diline. Mali by ma\u0165 angli\u010dtinu aspo\u0148 na \u00farovni B1 tak, aby dok\u00e1zali komunikova\u0165 s pracovn\u00edkmi nav\u0161t\u00edven\u00fdch in\u0161tit\u00faci\u00ed. Pl\u00e1novan\u00fd obsah aktivity je pozorovanie komunitn\u00e9ho \u017eivota pri kni\u017enici <a href=\"https:\/\/www.oba.nl\/english.html\">OBA<\/a> a umeleck\u00fdch centr\u00e1ch v Amsterdame. \u00da\u010dastn\u00edci z\u00edskaj\u00fa inform\u00e1cie o strat\u00e9gii budovania komun\u00edt v kult\u00farnom kontexte. Bud\u00fa schopn\u00ed navrhn\u00fa\u0165 pl\u00e1n na rozvoj komun\u00edt v na\u0161om prostred\u00ed.<\/p>\n<p style=\"text-align: justify;\"><strong>Dublin, \u00cdrsko<\/strong> (upresn\u00edme)<\/p>\n<p style=\"text-align: justify;\">Knihovn\u00edci, ktor\u00ed sa bud\u00fa venova\u0165 rozvoju \u010ditate\u013eskej a informa\u010dnej gramotnosti dospel\u00fdch v \u017diline. Mali by ma\u0165 angli\u010dtinu aspo\u0148 na \u00farovni B1 tak, aby dok\u00e1zali komunikova\u0165 s pracovn\u00edkmi a sledova\u0165 programy na rozvoj informa\u010dnej a \u010ditate\u013eskej gramotnosti v kni\u017eniciach v Dubline a v okol\u00ed. \u00da\u010dastn\u00edci by mali by\u0165 schopn\u00ed navrhn\u00fa\u0165 a zrealizova\u0165 podujatie pre dospel\u00fdch.<\/p>\n<p style=\"text-align: justify;\"><strong>Tur\u00edn, Taliansko<\/strong> (druh\u00e1 polovica okt\u00f3bra 2025)<\/p>\n<p style=\"text-align: justify;\">Knihovn\u00edci, ktor\u00ed sa bud\u00fa venova\u0165 rozvoju \u010ditate\u013eskej a informa\u010dnej gramotnosti dospel\u00fdch v \u017diline. Mali by ma\u0165 angli\u010dtinu aspo\u0148 na \u00farovni B1 tak, aby dok\u00e1zali komunikova\u0165 s pracovn\u00edkmi a sledova\u0165 programy na rozvoj informa\u010dnej a \u010ditate\u013eskej gramotnosti v <a href=\"https:\/\/www.centrogobetti.it\/\">Centro Gobetti<\/a>. \u00da\u010dastn\u00edci by mali by\u0165 schopn\u00ed navrhn\u00fa\u0165 a zrealizova\u0165 podujatie pre dospel\u00fdch..<\/p>\n<p style=\"text-align: justify;\"><strong>Rijeka, Chorv\u00e1tsko<\/strong> (leto 2025)<\/p>\n<p style=\"text-align: justify;\">Knihovn\u00edci, ktor\u00ed sa bud\u00fa venova\u0165 vzdel\u00e1vaniu dospel\u00fdch a chceli by z\u00edska\u0165 nov\u00e9 kompetencie. Pl\u00e1novan\u00fd obsah aktivity je \u00fa\u010das\u0165 na kurze HOW TO TEACH ADULTS? KEY SKILLS FOR TEACHERS IN ADULT EDUCATION, ktor\u00fd pon\u00faka\u00a0<a href=\"https:\/\/dante-ri.hr\/en\/erasmus-plus-courses\/\">Adult Education Institution Dante in Rijeka, Croatia<\/a>. Mali by ma\u0165 angli\u010dtinu aspo\u0148 na \u00farovni B1 tak, aby sa dok\u00e1zali akt\u00edvne z\u00fa\u010dastni\u0165 kurzu.<\/p>\n<p style=\"text-align: justify;\"><strong>Ako sa z\u00fa\u010dastni\u0165?<\/strong><\/p>\n<p style=\"text-align: justify;\">Svoj z\u00e1ujem z\u00fa\u010dastni\u0165 sa na mobilite m\u00f4\u017eete prejavi\u0165 nap\u00edsan\u00edm motiva\u010dn\u00e9ho listu (z\u00e1ujemcovia z radov verejnosti m\u00f4\u017eu prilo\u017ei\u0165 aj \u017eivotopis). Komisia vyberie \u00fa\u010dastn\u00edkov najlep\u0161ie sp\u013a\u0148aj\u00facich profil pod\u013ea t\u00fdchto motiva\u010dn\u00fdch listov. Aby bola zabezpe\u010den\u00e1 transparentnos\u0165, budeme tieto motiva\u010dn\u00e9 listy archivova\u0165.<\/p>\n<p style=\"text-align: justify;\">Motiva\u010dn\u00e9 listy m\u00f4\u017eete posiela\u0165 na emailov\u00fa adresu <a href=\"mailto:berthotyova@krajskakniznicazilina.sk\">berthotyova@krajskakniznicazilina.sk<\/a> <strong>(druh\u00e1 v\u00fdzva pre verejnos\u0165 je platn\u00e1 do 14. apr\u00edla 2025)<\/strong>. Nezabudnite pros\u00edm spomen\u00fa\u0165, o ktor\u00fa mobilitu sa uch\u00e1dzate, v motiva\u010dnom liste by ste mali predstavi\u0165 tri oblasti, ktor\u00e9 by ste chceli na ceste rozv\u00edja\u0165 a ako sa pl\u00e1nujete po \u00fa\u010dasti na mobilite zapoji\u0165 do aktiv\u00edt v kni\u017enici. M\u00f4\u017eete sa prihl\u00e1si\u0165 aj na viac mobil\u00edt, ale na ka\u017ed\u00fa mobilitu je potrebn\u00e9 nap\u00edsa\u0165 samostatn\u00fd motiva\u010dn\u00fd list.<\/p>\n<p style=\"text-align: justify;\">Jedno miesto v\u00a0ka\u017edej mobilite je ur\u010den\u00e9 pre <a href=\"https:\/\/www.erasmusplus.sk\/wp-content\/uploads\/2019\/09\/Metodika-VD-final.pdf\">\u00fa\u010dastn\u00edka s\u00a0nedostatkom pr\u00edle\u017eitost\u00ed<\/a>. Ak patr\u00edte do tejto skupiny, pros\u00edm, nezabudnite to v\u00a0motiva\u010dnom liste spomen\u00fa\u0165.<\/p>\n<p>&nbsp;<\/p>\n<p>\u201eFinancovan\u00e9 Eur\u00f3pskou \u00faniou. Vyjadren\u00e9 n\u00e1zory a postoje s\u00fa len n\u00e1zormi a vyhl\u00e1seniami autora (-ov) a nemusia nevyhnutne odr\u00e1\u017ea\u0165 n\u00e1zory a stanovisk\u00e1 Eur\u00f3pskej \u00fanie alebo SAAIC. Eur\u00f3pska \u00fania ani SAAIC za ne nenes\u00fa zodpovednos\u0165.\u201c<\/p>\n","protected":false},"excerpt":{"rendered":"<p>\u010co to je? Krajsk\u00e1 kni\u017enica v \u017diline sa v\u00a0roku 2024 zapojila do v\u00fdzvy Erasmus+ v\u00a0oblasti vzdel\u00e1vania dospel\u00fdch. Cie\u013eom projektu je reagova\u0165 na zv\u00fd\u0161en\u00e9 n\u00e1roky zo strany dospel\u00fdch pou\u017e\u00edvate\u013eov na rozmanitos\u0165 realizovan\u00fdch aktiv\u00edt. Chceme preto roz\u0161irova\u0165 kompetencie na\u0161ich zamestnancov tak, aby boli schopn\u00ed na tieto v\u00fdzvy reagova\u0165. Chceme sa venova\u0165 t\u00e9mam osamelosti, podpore \u010ditate\u013eskej a informa\u010dnej &#8230; <a title=\"Erasmus+ Roz\u0161irovanie zru\u010dnost\u00ed knihovn\u00edkov Krajskej kni\u017enice v \u017diline\" class=\"read-more\" href=\"https:\/\/www.krajskakniznicazilina.sk\/index.php\/o-kniznici\/projekty\/erasmus-rozsirovanie-zrucnosti-knihovnikov-krajskej-kniznice-v-ziline\/\" aria-label=\"Pre\u010d\u00edtajte si viac o Erasmus+ Roz\u0161irovanie zru\u010dnost\u00ed knihovn\u00edkov Krajskej kni\u017enice v \u017diline\">\u010c\u00edta\u0165 viac<\/a><\/p>\n","protected":false},"author":1,"featured_media":0,"parent":73,"menu_order":0,"comment_status":"closed","ping_status":"closed","template":"","meta":{"footnotes":""},"class_list":["post-14803","page","type-page","status-publish"],"_links":{"self":[{"href":"https:\/\/www.krajskakniznicazilina.sk\/index.php\/wp-json\/wp\/v2\/pages\/14803","targetHints":{"allow":["GET"]}}],"collection":[{"href":"https:\/\/www.krajskakniznicazilina.sk\/index.php\/wp-json\/wp\/v2\/pages"}],"about":[{"href":"https:\/\/www.krajskakniznicazilina.sk\/index.php\/wp-json\/wp\/v2\/types\/page"}],"author":[{"embeddable":true,"href":"https:\/\/www.krajskakniznicazilina.sk\/index.php\/wp-json\/wp\/v2\/users\/1"}],"replies":[{"embeddable":true,"href":"https:\/\/www.krajskakniznicazilina.sk\/index.php\/wp-json\/wp\/v2\/comments?post=14803"}],"version-history":[{"count":17,"href":"https:\/\/www.krajskakniznicazilina.sk\/index.php\/wp-json\/wp\/v2\/pages\/14803\/revisions"}],"predecessor-version":[{"id":14938,"href":"https:\/\/www.krajskakniznicazilina.sk\/index.php\/wp-json\/wp\/v2\/pages\/14803\/revisions\/14938"}],"up":[{"embeddable":true,"href":"https:\/\/www.krajskakniznicazilina.sk\/index.php\/wp-json\/wp\/v2\/pages\/73"}],"wp:attachment":[{"href":"https:\/\/www.krajskakniznicazilina.sk\/index.php\/wp-json\/wp\/v2\/media?parent=14803"}],"curies":[{"name":"wp","href":"https:\/\/api.w.org\/{rel}","templated":true}]}}