{"id":460,"date":"2017-08-25T11:02:23","date_gmt":"2017-08-25T09:02:23","guid":{"rendered":"http:\/\/www.krajskakniznicazilina.sk\/novastranka\/?page_id=460"},"modified":"2025-05-12T10:34:45","modified_gmt":"2025-05-12T08:34:45","slug":"kniznica-horneho-povazia","status":"publish","type":"page","link":"https:\/\/www.krajskakniznicazilina.sk\/index.php\/pre-kniznice\/kniznica-horneho-povazia\/","title":{"rendered":"Kni\u017enica Horn\u00e9ho Pova\u017eia"},"content":{"rendered":"<p style=\"text-align: justify;\">Krajsk\u00e1 kni\u017enica v \u017diline, ktor\u00e1 p\u00f4sob\u00ed ako metodick\u00e9 centrum pre mestsk\u00e9 a obecn\u00e9 kni\u017enice v okrese \u017dilina a Byt\u010da pravidelne ka\u017ed\u00fd rok oce\u0148uje kni\u017enicu, ktor\u00e1 v sledovanom obdob\u00ed poskytovala kvalitn\u00e9 kni\u017eni\u010dno-informa\u010dn\u00e9 slu\u017eby, ktor\u00e9 boli v s\u00falade s odpor\u00fa\u010dan\u00fdmi metodick\u00fdmi \u0161tandardami Ministerstva kult\u00fary SR pre verejn\u00e9 kni\u017enice. S\u00fa\u010das\u0165ou hodnotenia je aj organiz\u00e1cia kolekt\u00edvnych podujat\u00ed pre deti i dospel\u00fdch ako aj propag\u00e1cia kni\u017enice a z\u00edskavanie mimorozpo\u010dtov\u00fdch zdrojov s cie\u013eom skvalitnenia poskytovan\u00fdch kni\u017eni\u010dno-informa\u010dn\u00fdch slu\u017eieb verejnosti.<\/p>\n<h4 style=\"text-align: justify;\"><strong>Ocenen\u00e9 kni\u017enice:<\/strong><\/h4>\n<p>Kni\u017enica Horn\u00e9ho Pova\u017eia za rok 2024: <a href=\"https:\/\/www.krajskakniznicazilina.sk\/menu\/prekniz\/kniznicaHP\/knizHP2024.pdf\"><strong>Mestsk\u00e1 kni\u017enica \u017dilina<\/strong><\/a><\/p>\n<ul>\n<li><a href=\"https:\/\/www.krajskakniznicazilina.sk\/menu\/prekniz\/kniznicaHP\/knizHP2024d.jpg\">diplom<\/a>,\u00a0<a href=\"https:\/\/www.krajskakniznicazilina.sk\/menu\/prekniz\/kniznicaHP\/knizHP2024.jpg\">fotografia<\/a> z odovzd\u00e1vania diplomu<\/li>\n<\/ul>\n<p style=\"text-align: justify;\">Kni\u017enica Horn\u00e9ho Pova\u017eia za rok 2023: <a href=\"https:\/\/www.krajskakniznicazilina.sk\/menu\/prekniz\/kniznicaHP\/knizHP2023.pdf\"><strong>Obecn\u00e1 kni\u017enica v Tur\u00ed<\/strong><\/a><\/p>\n<ul style=\"text-align: justify;\">\n<li><a href=\"https:\/\/www.krajskakniznicazilina.sk\/menu\/prekniz\/kniznicaHP\/knizHP2023a.jpg\">diplom<\/a>,\u00a0<a href=\"https:\/\/www.krajskakniznicazilina.sk\/menu\/prekniz\/kniznicaHP\/knizHP2023.jpg\">fotografia<\/a> z odovzd\u00e1vania diplomu, <a href=\"https:\/\/www.krajskakniznicazilina.sk\/menu\/prekniz\/kniznicaHP\/knizHP2023b.jpg\">priestor kni\u017enice<\/a><\/li>\n<\/ul>\n<p style=\"text-align: justify;\">Kni\u017enica Horn\u00e9ho Pova\u017eia za rok 2022: <a href=\"https:\/\/www.krajskakniznicazilina.sk\/menu\/prekniz\/kniznicaHP\/knizHP2022.pdf\"><strong>Obecn\u00e1 kni\u017enica v Kunerade<\/strong><\/a><\/p>\n<ul style=\"text-align: justify;\">\n<li><a href=\"https:\/\/www.krajskakniznicazilina.sk\/menu\/prekniz\/kniznicaHP\/knizHP2022a.jpg\">diplom<\/a>,\u00a0<a href=\"https:\/\/www.krajskakniznicazilina.sk\/menu\/prekniz\/kniznicaHP\/knizHP2022.jpg\">fotografia<\/a> z odovzd\u00e1vania diplomu<\/li>\n<\/ul>\n<p style=\"text-align: justify;\">Kni\u017enica Horn\u00e9ho Pova\u017eia za rok 2021: <a href=\"https:\/\/www.krajskakniznicazilina.sk\/menu\/prekniz\/kniznicaHP\/knizHP2021.pdf\"><strong>Obecn\u00e1 kni\u017enica Konsk\u00e1<\/strong><\/a><\/p>\n<ul style=\"text-align: justify;\">\n<li><a href=\"https:\/\/www.krajskakniznicazilina.sk\/menu\/prekniz\/kniznicaHP\/knizHP2021.jpg\">diplom<\/a>,\u00a0<a href=\"https:\/\/www.krajskakniznicazilina.sk\/menu\/prekniz\/kniznicaHP\/knizHP2021a.jpg\">fotografia<\/a> z odovzd\u00e1vania diplomu<\/li>\n<\/ul>\n<p style=\"text-align: justify;\">Kni\u017enica Horn\u00e9ho Pova\u017eia za rok 2019: <a href=\"https:\/\/www.krajskakniznicazilina.sk\/menu\/prekniz\/kniznicaHP\/kniHP2019.pdf\"><strong>Obecn\u00e1 kni\u017enica v Predmieri<\/strong><\/a><\/p>\n<ul style=\"text-align: justify;\">\n<li><a href=\"https:\/\/www.krajskakniznicazilina.sk\/menu\/prekniz\/kniznicaHP\/knizHP2019.jpg\">diplom<\/a>,\u00a0<a href=\"https:\/\/www.krajskakniznicazilina.sk\/menu\/prekniz\/knihovnikHP\/knihHP2019a.jpg\">fotografia <\/a>z odovzd\u00e1vania diplomu, <a href=\"https:\/\/www.krajskakniznicazilina.sk\/menu\/prekniz\/kniznicaHP\/knizHP2019a.jpg\">priestor kni\u017enice<\/a><\/li>\n<\/ul>\n<p style=\"text-align: justify;\">Kni\u017enica Horn\u00e9ho Pova\u017eia za rok 2018: <a href=\"https:\/\/www.krajskakniznicazilina.sk\/menu\/prekniz\/kniznicaHP\/knizHP2018.pdf\"><strong>Obecn\u00e1 kni\u017enica v\u00a0Kote\u0161ovej <\/strong><\/a><\/p>\n<ul style=\"text-align: justify;\">\n<li><a href=\"https:\/\/www.krajskakniznicazilina.sk\/menu\/prekniz\/kniznicaHP\/knizHP2018.jpg\">diplom<\/a>,\u00a0<a href=\"https:\/\/www.krajskakniznicazilina.sk\/menu\/prekniz\/kniznicaHP\/KHP2018.JPG\">fotografia<\/a> z odovzd\u00e1vania diplomu<\/li>\n<\/ul>\n<p style=\"text-align: justify;\">Kni\u017enica Horn\u00e9ho Pova\u017eia za rok 2017: <strong><a href=\"https:\/\/www.krajskakniznicazilina.sk\/menu\/prekniz\/kniznicaHP\/knizHP2017.pdf\">Obecn\u00e1 kni\u017enica v Tepli\u010dke nad V\u00e1hom<\/a><\/strong><\/p>\n<ul style=\"text-align: justify;\">\n<li><a href=\"https:\/\/www.krajskakniznicazilina.sk\/menu\/prekniz\/kniznicaHP\/knizHP2017.jpg\">diplom<\/a>,\u00a0<a href=\"https:\/\/www.krajskakniznicazilina.sk\/menu\/prekniz\/kniznicaHP\/KHP2017.JPG\">fotografia<\/a> z odovzd\u00e1vania diplomu<\/li>\n<\/ul>\n<p>Kni\u017enica Horn\u00e9ho Pova\u017eia za rok 2016: <strong><a href=\"https:\/\/www.krajskakniznicazilina.sk\/menu\/prekniz\/kniznicaHP\/knizHP2016.pdf\">Mestsk\u00e1 kni\u017enica v Byt\u010di<\/a> <\/strong><\/p>\n<ul>\n<li><a href=\"https:\/\/www.krajskakniznicazilina.sk\/menu\/prekniz\/kniznicaHP\/knizHP2016.jpg\">diplom<\/a>,\u00a0<a href=\"https:\/\/www.krajskakniznicazilina.sk\/menu\/prekniz\/kniznicaHP\/KHP2016.jpg\">fotografia<\/a> z odovzd\u00e1vania diplomu<\/li>\n<\/ul>\n<p>Kni\u017enica Horn\u00e9ho Pova\u017eia za rok 2015: <strong><a href=\"https:\/\/www.krajskakniznicazilina.sk\/menu\/prekniz\/kniznicaHP\/knizHP2015.jpg\">Mestsk\u00e1 kni\u017enica Rajec<\/a><\/strong><\/p>\n<ul>\n<li><a href=\"https:\/\/www.krajskakniznicazilina.sk\/menu\/prekniz\/kniznicaHP\/knizHP2015.png\">diplom<\/a>,\u00a0<a href=\"https:\/\/www.krajskakniznicazilina.sk\/menu\/prekniz\/kniznicaHP\/KHP2015.jpg\">fotografia<\/a> z odovzd\u00e1vania diplomu<\/li>\n<\/ul>\n<p>Kni\u017enica Horn\u00e9ho Pova\u017eia za rok 2014: <strong><a href=\"https:\/\/www.krajskakniznicazilina.sk\/menu\/prekniz\/kniznicaHP\/knizHP2014.pdf\">Obecn\u00e1 kni\u017enica v Stre\u010dne<\/a> <\/strong><\/p>\n<ul>\n<li><a href=\"https:\/\/www.krajskakniznicazilina.sk\/menu\/prekniz\/kniznicaHP\/knizHP2014.png\">diplom<\/a>,\u00a0<a href=\"https:\/\/www.krajskakniznicazilina.sk\/menu\/prekniz\/kniznicaHP\/KHP2014.jpg\">fotografia<\/a> z odovzd\u00e1vania diplomu<\/li>\n<\/ul>\n","protected":false},"excerpt":{"rendered":"<p>Krajsk\u00e1 kni\u017enica v \u017diline, ktor\u00e1 p\u00f4sob\u00ed ako metodick\u00e9 centrum pre mestsk\u00e9 a obecn\u00e9 kni\u017enice v okrese \u017dilina a Byt\u010da pravidelne ka\u017ed\u00fd rok oce\u0148uje kni\u017enicu, ktor\u00e1 v sledovanom obdob\u00ed poskytovala kvalitn\u00e9 kni\u017eni\u010dno-informa\u010dn\u00e9 slu\u017eby, ktor\u00e9 boli v s\u00falade s odpor\u00fa\u010dan\u00fdmi metodick\u00fdmi \u0161tandardami Ministerstva kult\u00fary SR pre verejn\u00e9 kni\u017enice. S\u00fa\u010das\u0165ou hodnotenia je aj organiz\u00e1cia kolekt\u00edvnych podujat\u00ed pre deti &#8230; <a title=\"Kni\u017enica Horn\u00e9ho Pova\u017eia\" class=\"read-more\" href=\"https:\/\/www.krajskakniznicazilina.sk\/index.php\/pre-kniznice\/kniznica-horneho-povazia\/\" aria-label=\"Pre\u010d\u00edtajte si viac o Kni\u017enica Horn\u00e9ho Pova\u017eia\">\u010c\u00edta\u0165 viac<\/a><\/p>\n","protected":false},"author":1,"featured_media":0,"parent":51,"menu_order":0,"comment_status":"closed","ping_status":"closed","template":"","meta":{"footnotes":""},"class_list":["post-460","page","type-page","status-publish"],"_links":{"self":[{"href":"https:\/\/www.krajskakniznicazilina.sk\/index.php\/wp-json\/wp\/v2\/pages\/460","targetHints":{"allow":["GET"]}}],"collection":[{"href":"https:\/\/www.krajskakniznicazilina.sk\/index.php\/wp-json\/wp\/v2\/pages"}],"about":[{"href":"https:\/\/www.krajskakniznicazilina.sk\/index.php\/wp-json\/wp\/v2\/types\/page"}],"author":[{"embeddable":true,"href":"https:\/\/www.krajskakniznicazilina.sk\/index.php\/wp-json\/wp\/v2\/users\/1"}],"replies":[{"embeddable":true,"href":"https:\/\/www.krajskakniznicazilina.sk\/index.php\/wp-json\/wp\/v2\/comments?post=460"}],"version-history":[{"count":34,"href":"https:\/\/www.krajskakniznicazilina.sk\/index.php\/wp-json\/wp\/v2\/pages\/460\/revisions"}],"predecessor-version":[{"id":15141,"href":"https:\/\/www.krajskakniznicazilina.sk\/index.php\/wp-json\/wp\/v2\/pages\/460\/revisions\/15141"}],"up":[{"embeddable":true,"href":"https:\/\/www.krajskakniznicazilina.sk\/index.php\/wp-json\/wp\/v2\/pages\/51"}],"wp:attachment":[{"href":"https:\/\/www.krajskakniznicazilina.sk\/index.php\/wp-json\/wp\/v2\/media?parent=460"}],"curies":[{"name":"wp","href":"https:\/\/api.w.org\/{rel}","templated":true}]}}