{"id":4843,"date":"2020-01-13T09:40:17","date_gmt":"2020-01-13T08:40:17","guid":{"rendered":"https:\/\/www.krajskakniznicazilina.sk\/?page_id=4843"},"modified":"2022-01-19T07:52:32","modified_gmt":"2022-01-19T07:52:32","slug":"nkpzc","status":"publish","type":"page","link":"https:\/\/www.krajskakniznicazilina.sk\/index.php\/o-kniznici\/projekty\/nkpzc\/","title":{"rendered":"Na\u0161e kni\u017enice (aj) pre znev\u00fdhodnen\u00fdch \u010ditate\u013eov"},"content":{"rendered":"<h4 style=\"text-align: justify;\"><a href=\"https:\/\/www.krajskakniznicazilina.sk\/menu\/okniz\/pro\/znevyh\/interreg%20V-A%2014-20.jpg\"><img loading=\"lazy\" decoding=\"async\" class=\"size-full\" src=\"https:\/\/www.krajskakniznicazilina.sk\/menu\/okniz\/pro\/znevyh\/interreg%20V-A%2014-20.jpg\" width=\"3198\" height=\"432\" \/><\/a><\/h4>\n<h4 style=\"text-align: justify;\">Projekt\u00a0<strong>Na\u0161e kni\u017enice (aj) pre znev\u00fdhodnen\u00fdch \u010ditate\u013eov &#8211; Na\u0161e knihovny (i) pro znev\u00fdhodn\u011bn\u00e9 \u010dten\u00e1\u0159e<\/strong><\/h4>\n<p style=\"text-align: justify;\">Term\u00edn realiz\u00e1cie: 1\/2020 &#8211; 12\/2020<a href=\"https:\/\/www.krajskakniznicazilina.sk\/menu\/okniz\/pro\/znevyh\/znev%C3%BDh.png\"><img decoding=\"async\" class=\"alignright size-thumbnail\" src=\"https:\/\/www.krajskakniznicazilina.sk\/menu\/okniz\/pro\/znevyh\/znev%C3%BDh.png\" width=\"40%\" height=\"40%\" \/><\/a><\/p>\n<p style=\"text-align: justify;\">Celkov\u00e9 n\u00e1klady: 23 039,81EUR<br \/>\nV\u00fd\u0161ka pr\u00edspevku EFRR: 19 583,84 EUR<br \/>\nV\u00fd\u0161ka pr\u00edspevku \u0160R SR: 2 303,98 EUR<br \/>\nSpolufinancovanie z rozpo\u010dtu \u017dSK: 1 151,99 EUR<\/p>\n<p style=\"text-align: justify;\"><strong>Ved\u00faci partner:<\/strong>\u00a0 Krajsk\u00e1 kni\u017enica v \u017diline<br \/>\n<strong>Cezhrani\u010dn\u00fd partner:<\/strong> M\u011bstsk\u00e1 knihovna Fr\u00fddek-M\u00edstek, p.o.<\/p>\n<p style=\"text-align: justify;\"><strong>Pl\u00e1novan\u00e9 aktivity projektu: \u00a0<\/strong><\/p>\n<ul style=\"text-align: justify;\">\n<li style=\"text-align: justify;\">spolo\u010dn\u00e9 vzdel\u00e1vanie &#8211; tr\u00e9ningov\u00e9 cvi\u010denie <a href=\"https:\/\/www.krajskakniznicazilina.sk\/index.php\/2021\/04\/28\/psychologia-praca-znevyhodnenym-pouzivatelom\/\">Psychol\u00f3gia pr\u00e1ce so znev\u00fdhodnen\u00fdm pou\u017e\u00edvate\u013eom<\/a>,<\/li>\n<li style=\"text-align: justify;\">pracovn\u00e1 cesta \u010desk\u00e9ho cezhrani\u010dn\u00e9ho partnera na Slovensko (2 dni) spojen\u00e1 s odborn\u00fdm semin\u00e1rom\/konferenciou: <a href=\"https:\/\/www.krajskakniznicazilina.sk\/menu\/okniz\/pro\/znevyh\/potrebuje%20s%C3%BA%C4%8Dasn%C3%A1%20doba%20knihovn%C3%ADkov.jpg\">Potrebuje s\u00fa\u010dasn\u00e1 doba kni\u017enice a knihovn\u00edkov?<\/a> (I06),<\/li>\n<li style=\"text-align: justify;\">vzdel\u00e1vanie knihovn\u00edkov v oblasti komunik\u00e1cie v posunkovej\u00a0 (znakovej) re\u010di na oboch stran\u00e1ch hranice,<\/li>\n<li style=\"text-align: justify;\">vytvorenie webovej virtu\u00e1lnej prezent\u00e1cie Krajskej kni\u017enice v \u017diline a M\u011bstsk\u00e9 knihovny Fr\u00fddek-M\u00edstek,<\/li>\n<li style=\"text-align: justify;\"><a href=\"https:\/\/www.krajskakniznicazilina.sk\/menu\/okniz\/pro\/znevyh\/u%C4%8D%C3%ADme%20sa%20navz%C3%A1jom%20v%C3%BD%C5%A1ka.jpg\">u\u010d\u00edme sa navz\u00e1jom<\/a> &#8211; komunitn\u00e9 aktivity kni\u017en\u00edc v oblasti pr\u00e1ce so znev\u00fdhodnen\u00fdmi ob\u010danmi,<\/li>\n<li style=\"text-align: justify;\">vytvorenie <a href=\"https:\/\/youtu.be\/26nZxWuu9Fs\">pracoviska pre znev\u00fdhodnen\u00fdch ob\u010danov &#8211; technick\u00e9 vybavenie<\/a>,<\/li>\n<li style=\"text-align: justify;\">stretnutia pracovn\u00e9ho t\u00edmu,<\/li>\n<li style=\"text-align: justify;\">riadenie projektu,<\/li>\n<li style=\"text-align: justify;\">zabezpe\u010denie povinnej publicity mal\u00e9ho projektu.<\/li>\n<\/ul>\n<p style=\"text-align: justify;\"><strong>Realizovan\u00e9 aktivity projektu: <\/strong><\/p>\n<ul style=\"text-align: justify;\">\n<li><strong>Webov\u00e1 virtu\u00e1lna prezent\u00e1cia \/ prehliadka Krajskej kni\u017enice v \u017diline a M\u011bstsk\u00e9 knihovny Fr\u00fddek-M\u00edstek <\/strong><\/li>\n<\/ul>\n<p style=\"padding-left: 40px; text-align: justify;\">Prezent\u00e1cia pon\u00faka detailn\u00e9 zobrazenie a predstavenie priestorov a slu\u017eieb kni\u017enice v individu\u00e1lnych 3D z\u00e1beroch, ale i p\u00fatav\u00e9 leteck\u00e9 3D z\u00e1bery \u00a0exteri\u00e9ru.<br \/>\n\u010citate\u013e si na ponukovej li\u0161te m\u00f4\u017ee zvoli\u0165 bod, ktor\u00fd mu umo\u017en\u00ed priamy vstup do konkr\u00e9tneho priestoru kni\u017enice.<br \/>\nPrehliadka je prisp\u00f4soben\u00e1 mo\u017enostiam znev\u00fdhodnen\u00fdch \u010ditate\u013eov: obsahuje podrobn\u00fd audio koment\u00e1r a zv\u00e4\u010d\u0161enie (pre nevidiacich a\u00a0slabozrak\u00fdch pou\u017e\u00edvate\u013eov), informa\u010dn\u00e9 texty a preklad do posunkov\u00e9ho jazyka (pre nepo\u010duj\u00facich \u010ditate\u013eov).<br \/>\nPrezent\u00e1cia je optimalizovan\u00e1 na prehliadanie v po\u010d\u00edta\u010doch, na tabletoch, mobiln\u00fdch telef\u00f3noch i cez 3D okuliare. Ovl\u00e1danie je mo\u017en\u00e9 po\u010d\u00edta\u010dovou my\u0161ou (pre majoritn\u00e9ho a nepo\u010duj\u00faceho \u010ditate\u013ea) a pomocou kurzorov\u00fdch \u0161\u00edpok na kl\u00e1vesnici (pre star\u0161\u00edch a nevidiacich \u010ditate\u013eov).<br \/>\nVirtu\u00e1lnu prehliadku kni\u017en\u00edc si m\u00f4\u017eete pozrie\u0165 tu: <a href=\"https:\/\/kniznica-zilina.3-d.sk\/\"><strong>https:\/\/kniznica-zilina.3-d.sk<\/strong><\/a> (3-d.sk)<\/p>\n<ul>\n<li style=\"text-align: justify;\"><strong>Vzdel\u00e1vanie knihovn\u00edkov v oblasti komunik\u00e1cie v posunkovej (znakovej) re\u010di na oboch stran\u00e1ch hranice<\/strong><\/li>\n<\/ul>\n<p style=\"padding-left: 40px; text-align: justify;\">Partnersk\u00e9 kni\u017enice v snahe pribl\u00ed\u017ei\u0165 sa \u0161pecifick\u00fdm potreb\u00e1m svojich klientov \u00a0zabezpe\u010dili vzdel\u00e1vanie svojich zamestnancov v komunik\u00e1cii so sluchovo znev\u00fdhodnen\u00fdm pou\u017e\u00edvate\u013eom. Knihovn\u00edci, ktor\u00ed akt\u00edvne pracuj\u00fa s nepo\u010duj\u00facim \u010ditate\u013eom, absolvovali vzdel\u00e1vanie a tr\u00e9ning v z\u00e1kladnom module posunkov\u00e9ho jazyka. Krajsk\u00e1 kni\u017enica v \u017diline: 4 knihovn\u00edci, pri\u010dom ich vzdel\u00e1vanie bolo ukon\u010den\u00e9 certifik\u00e1tom a m\u00f4\u017eu nadobudnut\u00e9 poznatky plne uplatni\u0165 v praxi.\u00a0M\u011bstsk\u00e1 knihovna Fr\u00fddek-M\u00edstek: 2 knihovn\u00edci, ktor\u00ed kurz z d\u00f4vodu pandemickej situ\u00e1cie v \u010cR nemohli neukon\u010di\u0165.<\/p>\n<p style=\"padding-left: 40px;\"><a href=\"https:\/\/www.krajskakniznicazilina.sk\/menu\/okniz\/pro\/znevyh\/DSC05598.JPG\"><img decoding=\"async\" class=\"alignleft size-full\" src=\"https:\/\/www.krajskakniznicazilina.sk\/menu\/okniz\/pro\/znevyh\/DSC05598.JPG\" width=\"30%\" height=\"30%\" \/><\/a><a href=\"https:\/\/www.krajskakniznicazilina.sk\/menu\/okniz\/pro\/znevyh\/DSC05633.JPG\"><img decoding=\"async\" class=\"size-full alignleft\" src=\"https:\/\/www.krajskakniznicazilina.sk\/menu\/okniz\/pro\/znevyh\/DSC05633.JPG\" alt=\"\u00fa\u010dastn\u00edci kurzu z KKZA s lektorkou\" width=\"30%\" height=\"30%\" \/><\/a> <a href=\"https:\/\/www.krajskakniznicazilina.sk\/menu\/okniz\/pro\/znevyh\/DSC79920.jpeg\"><img decoding=\"async\" class=\"alignleft size-full\" src=\"https:\/\/www.krajskakniznicazilina.sk\/menu\/okniz\/pro\/znevyh\/DSC79920.jpeg\" alt=\"\u00fa\u010dastn\u00ed\u010dky kurzu z \u010cR\" width=\"30%\" height=\"30%\" \/><\/a><\/p>\n<p>&nbsp;<\/p>\n<ul>\n<li style=\"text-align: justify;\"><strong>Spolo\u010dn\u00e9 vzdel\u00e1vanie \u2013 tr\u00e9ningov\u00e9 cvi\u010denie Psychol\u00f3gia pr\u00e1ce so znev\u00fdhodnen\u00fdm pou\u017e\u00edvate\u013eom<\/strong><\/li>\n<\/ul>\n<p style=\"padding-left: 40px; text-align: justify;\">Dvojd\u0148ov\u00e9 on-line vzdel\u00e1vanie, ktor\u00e9 sa konalo v term\u00edne 29.-30.4.2021, poskytlo vedomostn\u00e9 teoretick\u00e9 z\u00e1klady a praktick\u00e9 predpoklady pre pr\u00e1cu knihovn\u00edkov so znev\u00fdhodnenou skupinou ob\u010danov. Z\u00e1kladn\u00e9 t\u00e9my vzdel\u00e1vania: psychol\u00f3gia osobnosti, inteligen\u010dn\u00e1 a emo\u010dn\u00e1 inteligencia, efekt\u00edvna komunik\u00e1cia, du\u0161evn\u00e9 a telesn\u00e9 zdravie, aplik\u00e1cia psychol\u00f3gie a soci\u00e1lnej psychol\u00f3gie do ka\u017edodenn\u00e9ho \u017eivota. Podujatia sa z\u00fa\u010dastnilo 48 knihovn\u00edkov partnersk\u00fdch kni\u017en\u00edc, region\u00e1lnych a mestsk\u00fdch kni\u017en\u00edc v prihrani\u010dnom regi\u00f3ne. V\u010faka spolo\u010dn\u00e9mu vzdel\u00e1vaniu m\u00f4\u017eeme lep\u0161ie nap\u013a\u0148a\u0165 kult\u00farne, informa\u010dn\u00e9, vzdel\u00e1vacie i soci\u00e1lne potreby ob\u010danov s postihnut\u00edm. <a href=\"https:\/\/www.krajskakniznicazilina.sk\/menu\/okniz\/pro\/znevyh\/Komunika%C4%8Dn%C3%A9%20zru%C4%8Dnosti%20knihovn%C3%ADkov%20-%20vzdel%C3%A1vanie%20a%20tr%C3%A9ning.pdf\"><strong>Prezent\u00e1cia z podujatia <\/strong>(lektorka podujatia: Mgr. Nikola Sedl\u00e1\u010dkov\u00e1, PhD.)<strong>.<\/strong><\/a><\/p>\n<ul>\n<li style=\"text-align: justify;\"><strong>Odborn\u00fd semin\u00e1r: Potrebuje s\u00fa\u010dasn\u00e1 doba kni\u017enice a knihovn\u00edkov?<\/strong><\/li>\n<\/ul>\n<p style=\"padding-left: 40px; text-align: justify;\">On-line diskusn\u00fd semin\u00e1r knihovn\u00edkov prihrani\u010dn\u00e9ho regi\u00f3nu o poslan\u00ed kni\u017en\u00edc, \u00falohe knihovn\u00edkov v\u00a0s\u00fa\u010dasnej dobe a o v\u00fdzname partnerstiev pre rozvoj komunitn\u00fdch aktiv\u00edt kni\u017en\u00edc.<\/p>\n<p style=\"padding-left: 40px; text-align: justify;\">Podujatie, ktor\u00e9 sa konalo 23.6.2021, \u00a0bolo zav\u0155\u0161en\u00edm cel\u00e9ho mal\u00e9ho projektu. Z\u00fa\u010dastnilo sa ho 69 knihovn\u00edkov z\u00a0partnersk\u00fdch kni\u017en\u00edc, region\u00e1lnych, mestsk\u00fdch a\u00a0obecn\u00fdch kni\u017en\u00edc \u00a0prihrani\u010dn\u00e9ho regi\u00f3nu a\u00a0z\u00e1stupcov profesijn\u00fdch knihovn\u00edckych organiz\u00e1ci\u00ed Slovenska.<\/p>\n<p style=\"padding-left: 40px; text-align: justify;\">Semin\u00e1r h\u013eadal odpovede na ot\u00e1zky, ak\u00e9 je nov\u00e9 nenahradite\u013en\u00e9 miesto knihovn\u00edkov v s\u00fa\u010dasnej dobe (nielen \u010dlovek, ktor\u00fd po\u017ei\u010diava knihy, ale sprievodca svetom inform\u00e1ci\u00ed, komunitn\u00fd a soci\u00e1lny pracovn\u00edk, pedag\u00f3g, psychol\u00f3g, teda profesia s\u00a0obrovsk\u00fdm potenci\u00e1lom rozvoja pre slu\u017eby ob\u010danom).<\/p>\n<p style=\"padding-left: 40px;\">Prezent\u00e1cie zo semin\u00e1ra:<\/p>\n<ul>\n<li style=\"list-style-type: none;\">\n<ul>\n<li><a href=\"https:\/\/www.krajskakniznicazilina.sk\/menu\/okniz\/pro\/znevyh\/anot%C3%A1cie%20pr%C3%ADspevkov,%20o%20predn%C3%A1%C5%A1aj%C3%BAcich.pdf\">anot\u00e1cie pr\u00edspevkov a o kr\u00e1tko o predn\u00e1\u0161aj\u00facich<\/a><\/li>\n<li><a href=\"https:\/\/www.krajskakniznicazilina.sk\/menu\/okniz\/pro\/znevyh\/Knihovn%C3%ADk%20+%20komunita%20-%20Antol%C3%ADkov%C3%A1.pdf\"><strong>Knihovn\u00edk\/\u010dka + komunita\/y\u00a0 = ?? <\/strong>(Mgr. Em\u00edlia Antol\u00edkov\u00e1)<\/a><\/li>\n<li><a href=\"https:\/\/www.krajskakniznicazilina.sk\/menu\/okniz\/pro\/znevyh\/Knihovny%20koronakrize%20-%20%C5%A0ed%C3%A1.pdf\"><strong>Knihovny v dob\u011b koronakrize <\/strong>(PhDr. Marie \u0160ed\u00e1)<\/a><\/li>\n<li><a href=\"https:\/\/www.krajskakniznicazilina.sk\/menu\/okniz\/pro\/znevyh\/Slu%C5%BEby%20pre%20zenv%C3%BDhodnen%C3%BDch%20-%20V%C3%A9gh.pdf\"><strong>Digit\u00e1lne slu\u017eby pre znev\u00fdhodnen\u00fdch pou\u017e\u00edvate\u013eov <\/strong>(Mgr. Norbert V\u00e9gh)<\/a><\/li>\n<li><a href=\"https:\/\/www.krajskakniznicazilina.sk\/menu\/okniz\/pro\/znevyh\/Nestati%C5%A5%20det%20%C4%8Dit%20-%20Javorkov%C3%A1.pdf\"><strong>Ako nestrati\u0165 detsk\u00e9ho \u010ditate\u013ea <\/strong>(Alena Javorkov\u00e1)<\/a><\/li>\n<\/ul>\n<\/li>\n<\/ul>\n<ul>\n<li><strong>U\u010d\u00edme sa navz\u00e1jom \u2013 komunitn\u00e9 aktivity kni\u017en\u00edc v oblasti pr\u00e1ce so znev\u00fdhodnen\u00fdmi ob\u010danmi<\/strong><\/li>\n<\/ul>\n<p style=\"padding-left: 40px; text-align: justify;\">Spolo\u010dn\u00e9 on-line podujatie \u010desk\u00fdch a slovensk\u00fdch knihovn\u00edkov, ktor\u00e9 prinieslo ve\u013emi cenn\u00e9 zdie\u013eanie znalost\u00ed z\u00edskan\u00fdch pri pr\u00e1ci i so znev\u00fdhodnen\u00fdm \u010ditate\u013eom. Podujatie sa konalo 16.6.2021 a\u00a0z\u00fa\u010dastnilo sa ho 16 \u00fa\u010dastn\u00edkov z\u00a0oboch partnersk\u00fdch kni\u017en\u00edc.<\/p>\n<p style=\"padding-left: 40px; text-align: justify;\">Prezent\u00e1cie zo semin\u00e1ra:<\/p>\n<ul>\n<li style=\"list-style-type: none;\">\n<ul>\n<li style=\"list-style-type: none;\">\n<ul>\n<li style=\"text-align: justify;\"><a href=\"https:\/\/www.krajskakniznicazilina.sk\/menu\/okniz\/pro\/znevyh\/U%C4%8D%C3%ADme%20sa%20navz%C3%A1jom.pdf\"><strong>U\u010d\u00edme sa navz\u00e1jom<\/strong> (Mgr. Jaroslava R\u00e1cov\u00e1)<\/a><\/li>\n<li style=\"text-align: justify;\"><a href=\"https:\/\/www.krajskakniznicazilina.sk\/menu\/okniz\/pro\/znevyh\/Podujatia%20pre%20stredn%C3%A9%20%C5%A1koly%20v%20Krajskej%20kni%C5%BEnici%20v%20%C5%BDiline.pdf\"><strong>Podujatia pre stredn\u00e9 \u0161koly v Krajskej kni\u017enici v \u017diline<\/strong> (PhDr. Milo\u0161 Zvr\u0161kovec)<\/a><\/li>\n<li style=\"text-align: justify;\"><a href=\"https:\/\/www.krajskakniznicazilina.sk\/menu\/okniz\/pro\/znevyh\/Po%C4%8D%C3%ADta%C4%8Dov%C3%BD%20kurz%20v%20Krajskej%20kni%C5%BEnici%20v%20%C5%BDiline.pdf\"><strong>Po\u010d\u00edta\u010dov\u00fd kurz v Krajskej kni\u017enici v \u017diline<\/strong> (Marek Homola)<\/a><\/li>\n<li style=\"text-align: justify;\"><a href=\"https:\/\/www.krajskakniznicazilina.sk\/menu\/okniz\/pro\/znevyh\/%C4%8Citate%C4%BE,%20%C4%8Dlovek%20tvoriv%C3%BD.pdf\"><strong>\u010citate\u013e, \u010dlovek tvoriv\u00fd<\/strong> (Marek Homola)<\/a><\/li>\n<li style=\"text-align: justify;\"><a href=\"https:\/\/www.krajskakniznicazilina.sk\/menu\/okniz\/pro\/znevyh\/Akce%20a%20aktivity%20M%C4%9Bstsk%C3%A9%20knihovny%20Fr%C3%BDdek-M%C3%ADstek%20nejen%20pro.pdf\"><strong>Akce a aktivity M\u011bstsk\u00e9 knihovny Fr\u00fddek-M\u00edstek nejen pro<\/strong> (Mgr. Irena Liberdov\u00e1)<\/a><\/li>\n<li style=\"text-align: justify;\"><a href=\"https:\/\/www.krajskakniznicazilina.sk\/menu\/okniz\/pro\/znevyh\/Knihovnick%C3%A1%20lekce%20pro%20%C5%BE%C3%A1ky%20se%20soci%C3%A1ln%C3%ADm%20znev%C3%BDhodn%C4%9Bn%C3%ADm.pdf\"><strong>Knihovnick\u00e1 lekce pro \u017e\u00e1ky se soci\u00e1ln\u00edm znev\u00fdhodn\u011bn\u00edm<\/strong> (Bc. Iveta Bebkov\u00e1)<\/a><\/li>\n<li style=\"text-align: justify;\"><a href=\"https:\/\/www.krajskakniznicazilina.sk\/menu\/okniz\/pro\/znevyh\/Knihovnick%C3%A1%20lekce%20ur%C4%8Den%C3%A1%20pro%20%C5%BE%C3%A1ky%20se%20zdravotn%C3%ADm%20znev%C3%BDhodn%C4%9Bn%C3%ADm.pdf\"><strong>Knihovnick\u00e1 lekce ur\u010den\u00e1 pro \u017e\u00e1ky se zdravotn\u00edm znev\u00fdhodn\u011bn\u00edm<\/strong> (Bc. Iveta Bebkov\u00e1)<\/a><\/li>\n<\/ul>\n<\/li>\n<\/ul>\n<\/li>\n<\/ul>\n<ul>\n<li><strong>Vytvorenie PC pracoviska pre znev\u00fdhodnen\u00fdch ob\u010danov<\/strong><\/li>\n<\/ul>\n<p style=\"text-align: justify; padding-left: 40px;\">V\u00a0r\u00e1mci projektu bolo vytvoren\u00e9 i <strong>PC pracovisko (aj) pre znev\u00fdhodnen\u00fdch ob\u010danov<\/strong>, ktor\u00e9 obsahuje:<\/p>\n<ul>\n<li style=\"list-style-type: none;\">\n<ul style=\"text-align: justify;\">\n<li>PC stanicu s\u00a0in\u0161tal\u00e1ciou softv\u00e9ru pre nevidiacich a\u00a0slabozrak\u00fdch,<\/li>\n<li>multifunk\u010dn\u00e9 farebn\u00e9 zariadenie,<\/li>\n<li>3D skener, ktor\u00fd umo\u017e\u0148uje zoskenova\u0165 objekt a vytla\u010di\u0165 ho na 3D tla\u010diarni,<\/li>\n<li>\u010d\u00edtacie pero s hlasov\u00fdm v\u00fdstupom a transform\u00e1ciou skenovan\u00e9ho do plain textu,<\/li>\n<li>prenosn\u00fa zvukov\u00fa slu\u010dku pre nepo\u010duj\u00facich, ktor\u00e1 zosil\u0148uje hovoren\u00e9 slovo do na\u010d\u00favac\u00edch apar\u00e1tov (pre slabo po\u010duj\u00facich),<\/li>\n<li>sofv\u00e9r pre transkripciu hovoren\u00e9ho slova do p\u00edsma (pre \u00faplne nepo\u010duj\u00facich).<\/li>\n<\/ul>\n<\/li>\n<\/ul>\n<p style=\"text-align: justify; padding-left: 40px;\">Pre skvalitnenie vybavenia pracovn\u00e9ho miesta bolo zak\u00fapen\u00e9 n\u00e1bytkov\u00e9 vybavenie (2 pracovn\u00e9 stoly, 4 stoli\u010dky a 2 odde\u013eovacie paravany).<\/p>\n<p style=\"text-align: center;\"><iframe loading=\"lazy\" title=\"YouTube video player\" src=\"https:\/\/www.youtube.com\/embed\/26nZxWuu9Fs\" width=\"560\" height=\"315\" frameborder=\"0\" allowfullscreen=\"allowfullscreen\"><\/iframe><\/p>\n","protected":false},"excerpt":{"rendered":"<p>Projekt\u00a0Na\u0161e kni\u017enice (aj) pre znev\u00fdhodnen\u00fdch \u010ditate\u013eov &#8211; Na\u0161e knihovny (i) pro znev\u00fdhodn\u011bn\u00e9 \u010dten\u00e1\u0159e Term\u00edn realiz\u00e1cie: 1\/2020 &#8211; 12\/2020 Celkov\u00e9 n\u00e1klady: 23 039,81EUR V\u00fd\u0161ka pr\u00edspevku EFRR: 19 583,84 EUR V\u00fd\u0161ka pr\u00edspevku \u0160R SR: 2 303,98 EUR Spolufinancovanie z rozpo\u010dtu \u017dSK: 1 151,99 EUR Ved\u00faci partner:\u00a0 Krajsk\u00e1 kni\u017enica v \u017diline Cezhrani\u010dn\u00fd partner: M\u011bstsk\u00e1 knihovna Fr\u00fddek-M\u00edstek, p.o. Pl\u00e1novan\u00e9 &#8230; <a title=\"Na\u0161e kni\u017enice (aj) pre znev\u00fdhodnen\u00fdch \u010ditate\u013eov\" class=\"read-more\" href=\"https:\/\/www.krajskakniznicazilina.sk\/index.php\/o-kniznici\/projekty\/nkpzc\/\" aria-label=\"Pre\u010d\u00edtajte si viac o Na\u0161e kni\u017enice (aj) pre znev\u00fdhodnen\u00fdch \u010ditate\u013eov\">\u010c\u00edta\u0165 viac<\/a><\/p>\n","protected":false},"author":1,"featured_media":0,"parent":73,"menu_order":0,"comment_status":"closed","ping_status":"closed","template":"","meta":{"footnotes":""},"class_list":["post-4843","page","type-page","status-publish"],"_links":{"self":[{"href":"https:\/\/www.krajskakniznicazilina.sk\/index.php\/wp-json\/wp\/v2\/pages\/4843","targetHints":{"allow":["GET"]}}],"collection":[{"href":"https:\/\/www.krajskakniznicazilina.sk\/index.php\/wp-json\/wp\/v2\/pages"}],"about":[{"href":"https:\/\/www.krajskakniznicazilina.sk\/index.php\/wp-json\/wp\/v2\/types\/page"}],"author":[{"embeddable":true,"href":"https:\/\/www.krajskakniznicazilina.sk\/index.php\/wp-json\/wp\/v2\/users\/1"}],"replies":[{"embeddable":true,"href":"https:\/\/www.krajskakniznicazilina.sk\/index.php\/wp-json\/wp\/v2\/comments?post=4843"}],"version-history":[{"count":18,"href":"https:\/\/www.krajskakniznicazilina.sk\/index.php\/wp-json\/wp\/v2\/pages\/4843\/revisions"}],"predecessor-version":[{"id":7393,"href":"https:\/\/www.krajskakniznicazilina.sk\/index.php\/wp-json\/wp\/v2\/pages\/4843\/revisions\/7393"}],"up":[{"embeddable":true,"href":"https:\/\/www.krajskakniznicazilina.sk\/index.php\/wp-json\/wp\/v2\/pages\/73"}],"wp:attachment":[{"href":"https:\/\/www.krajskakniznicazilina.sk\/index.php\/wp-json\/wp\/v2\/media?parent=4843"}],"curies":[{"name":"wp","href":"https:\/\/api.w.org\/{rel}","templated":true}]}}