{"id":600,"date":"2017-09-08T14:21:22","date_gmt":"2017-09-08T12:21:22","guid":{"rendered":"http:\/\/www.krajskakniznicazilina.sk\/novastranka\/?page_id=600"},"modified":"2026-04-22T16:36:57","modified_gmt":"2026-04-22T14:36:57","slug":"tvorime-vlastnu-knihu","status":"publish","type":"page","link":"https:\/\/www.krajskakniznicazilina.sk\/index.php\/podujatia\/skoly\/tvorime-vlastnu-knihu\/","title":{"rendered":"Tvor\u00edme vlastn\u00fa knihu"},"content":{"rendered":"<p>Ka\u017edoro\u010dne sa kon\u00e1 medzin\u00e1rodn\u00e1 s\u00fa\u0165a\u017e vo vytv\u00e1ran\u00ed kn\u00edh na vybran\u00fa t\u00e9mu de\u0165mi zo Slovenska, \u010ceska a Po\u013eska pod spolo\u010dn\u00fdm n\u00e1zvom <strong>Tvor\u00edme vlastn\u00fa knihu<\/strong>.<\/p>\n<p><strong>Tvor\u00edme vlastn\u00fa knihu.\u00a0<\/strong>T\u00e9ma 27. ro\u010dn\u00edka: <strong>Voda je dar \u2013 O vode, ktor\u00e1 d\u00e1va aj berie<\/strong><strong>.<\/strong>\u00a0<a href=\"https:\/\/www.krajskakniznicazilina.sk\/clanky\/2026\/01\/TVK2026prop.pdf\">Propoz\u00edcie s\u00fa\u0165a\u017ee<\/a>.<\/p>\n<p>Arch\u00edv:<\/p>\n<ul>\n<li><strong>Tvor\u00edme vlastn\u00fa knihu 2025\/2026<\/strong> s t\u00e9mou Voda je dar \u2013 O vode, ktor\u00e1 d\u00e1va aj berie.\n<ul>\n<li><a href=\"https:\/\/www.krajskakniznicazilina.sk\/menu\/podu\/skoly\/tvk\/tvk26nar_vysl.pdf\">v\u00fdsledky n\u00e1rodn\u00e9ho kola<\/a> (\u017dilina, 22.4.2026)<\/li>\n<\/ul>\n<\/li>\n<li><strong>Tvor\u00edme vlastn\u00fa knihu 2024\/2025<\/strong> s t\u00e9mou Perom a paz\u00farom \u2013 zvieracie liter\u00e1rne poviedky.\n<ul>\n<li><a href=\"https:\/\/www.krajskakniznicazilina.sk\/menu\/podu\/skoly\/tvk\/tvk25nar_vysl.pdf\">v\u00fdsledky n\u00e1rodn\u00e9ho kola<\/a> (\u017dilina, 20.5.2025)<\/li>\n<\/ul>\n<\/li>\n<li><strong>Tvor\u00edme vlastn\u00fa knihu 2023\/2024<\/strong> s t\u00e9mou Sn\u00edvalo sa mi o \u0161kole bud\u00facnosti.\n<ul>\n<li><a href=\"https:\/\/www.krajskakniznicazilina.sk\/menu\/podu\/skoly\/tvk\/tvk24nar_vysl.pdf\">v\u00fdsledky n\u00e1rodn\u00e9ho kola<\/a> (\u017dilina, 15.5.2024)<\/li>\n<li><a title=\"v\u00fdsledky medzin\u00e1rodn\u00e9ho kola \" href=\"https:\/\/www.krajskakniznicazilina.sk\/menu\/podu\/skoly\/tvk\/tvk24medz_vysl.pdf\">v\u00fdsledky medzin\u00e1rodn\u00e9ho kola<\/a> (\u017dilina, 29.5.2024)<\/li>\n<\/ul>\n<\/li>\n<li><strong>Tvor\u00edme vlastn\u00fa knihu 2022\/2023<\/strong> s t\u00e9mou Tajomstvo kni\u017enice: ve\u010der, ke\u010f sa zhasne a za posledn\u00fdm n\u00e1v\u0161tevn\u00edkom sa zavr\u00fa dvere.\n<ul>\n<li><a href=\"https:\/\/www.krajskakniznicazilina.sk\/menu\/podu\/skoly\/tvk\/tvk23vysl.pdf\">v\u00fdsledky n\u00e1rodn\u00e9ho kola<\/a> (\u017dilina, 3.5.2023)<\/li>\n<\/ul>\n<\/li>\n<li><strong>Tvor\u00edme vlastn\u00fa knihu 2021\/2022<\/strong> s t\u00e9mou O \u010dom \u0161umia stromy.\n<ul>\n<li><a href=\"https:\/\/www.krajskakniznicazilina.sk\/menu\/podu\/skoly\/tvk\/tvk22vysl.pdf\">v\u00fdsledky n\u00e1rodn\u00e9ho kola<\/a> (\u017dilina, 19.5.2022)<\/li>\n<\/ul>\n<\/li>\n<li><strong>Tvor\u00edme vlastn\u00fa knihu 2020\/2021<\/strong> s t\u00e9mou Moje mesto &#8211; pr\u00edbeh, ktor\u00fd sa mo\u017eno nestal.\n<ul>\n<li><a href=\"https:\/\/www.krajskakniznicazilina.sk\/menu\/podu\/skoly\/tvk\/tvk21vysl.pdf\">v\u00fdsledky n\u00e1rodn\u00e9ho kola<\/a> (\u017dilina, 15.6.2021); medzin\u00e1rodn\u00e9 kolo sa nekonalo<\/li>\n<\/ul>\n<\/li>\n<li><strong>Tvor\u00edme vlastn\u00fa knihu 2019\/2020<\/strong> s t\u00e9mou Stra\u0161idl\u00e1.\n<ul>\n<li><a href=\"https:\/\/www.krajskakniznicazilina.sk\/menu\/podu\/skoly\/tvk\/tvk20vysl.pdf\">v\u00fdsledky n\u00e1rodn\u00e9ho i medzin\u00e1rodn\u00e9ho kola<\/a> (\u017dilina, 22.10.2020)<\/li>\n<\/ul>\n<\/li>\n<li><strong>Tvor\u00edme vlastn\u00fa knihu 2018\/2019<\/strong> s t\u00e9mou\u00a0Putovanie po krajine fant\u00e1zie.\n<ul>\n<li><a href=\"https:\/\/www.krajskakniznicazilina.sk\/menu\/podu\/skoly\/tvk\/tvk19nar_vysl.pdf\">v\u00fdsledky n\u00e1rodn\u00e9ho kola<\/a>\u00a0(\u017dilina, 3.6.2019)<\/li>\n<li><a href=\"https:\/\/www.krajskakniznicazilina.sk\/menu\/podu\/skoly\/tvk\/tvk19medz_vysl.pdf\">v\u00fdsledky medzin\u00e1rodn\u00e9ho kola<\/a>\u00a0(\u017dilina, 3.6.2019)<\/li>\n<\/ul>\n<\/li>\n<li><strong>Tvor\u00edme vlastn\u00fa knihu 2017\/2018<\/strong> s t\u00e9mou Ako princezn\u00e1 zachr\u00e1nila princa alebo Kozliatko chcelo zjes\u0165 vlka.\n<ul>\n<li><a href=\"https:\/\/www.krajskakniznicazilina.sk\/menu\/podu\/skoly\/tvk\/tvk18nar_vysl.pdf\">v\u00fdsledky n\u00e1rodn\u00e9ho kola\u00a0<\/a>(\u017dilina, 18.4.2018)<\/li>\n<li><a href=\"https:\/\/www.ksiaznica.bielsko.pl\/component\/content\/article\/12-strona\/276-wyniki-konkursu-z-cyklu-tworzymy-wlasne-wydawnictwo?Itemid=101\">v\u00fdsledky medzin\u00e1rodn\u00e9ho kola<\/a>\u00a0(Bielsko-Biala, 28.5.2018)<\/li>\n<\/ul>\n<\/li>\n<li><strong>Tvor\u00edme vlastn\u00fa knihu 2016\/2017<\/strong> s t\u00e9mou Tajomn\u00e9 miesta m\u00f4jho mesta.\n<ul>\n<li><a title=\"v\u00fdsledky\" href=\"https:\/\/www.krajskakniznicazilina.sk\/menu\/podu\/skoly\/tvk\/tvk17nar_vysl.pdf\">v\u00fdsledky n\u00e1rodn\u00e9ho kola<\/a>\u00a0(\u017dilina, Rosenfeldov pal\u00e1c, 23.5.2017)<\/li>\n<li><a title=\"v\u00fdsledky medzin\u00e1rodn\u00e9ho kola \" href=\"https:\/\/www.krajskakniznicazilina.sk\/menu\/podu\/skoly\/tvk\/tvk17medz_vysl.pdf\">v\u00fdsledky medzin\u00e1rodn\u00e9ho kola<\/a>\u00a0(Fr\u00fddek-M\u00edstek, 14.6.2017)<strong><br \/>\n<\/strong><\/li>\n<\/ul>\n<\/li>\n<li><strong>Tvor\u00edme vlastn\u00fa knihu 2015\/2016<\/strong> s t\u00e9mou O \u010dom mi rozpr\u00e1vali star\u00ed rodi\u010dia\n<ul>\n<li><a title=\"v\u00fdsledky\" href=\"https:\/\/www.krajskakniznicazilina.sk\/menu\/podu\/skoly\/tvk\/tvk16nar_vysl.pdf\">v\u00fdsledky n\u00e1rodn\u00e9ho kola<\/a><\/li>\n<li><a title=\"v\u00fdsledky medzin\u00e1rodn\u00e9ho kola\" href=\"https:\/\/www.krajskakniznicazilina.sk\/menu\/podu\/skoly\/tvk\/tvk16medz_vysl.pdf\">v\u00fdsledky medzin\u00e1rodn\u00e9ho kola<\/a><\/li>\n<\/ul>\n<\/li>\n<li><strong>Tvor\u00edme vlastn\u00fa knihu 2014\/2015<\/strong> s t\u00e9mou Vy\u0161ehradsk\u00fd svet rozpr\u00e1vok\n<ul>\n<li><a title=\"v\u00fdsledky\" href=\"https:\/\/www.krajskakniznicazilina.sk\/menu\/podu\/skoly\/tvk\/tvk15nar_vysl.pdf\">v\u00fdsledky n\u00e1rodn\u00e9ho kola<\/a><\/li>\n<li>v\u00fdsledky medzin\u00e1rodn\u00e9ho kola<\/li>\n<\/ul>\n<\/li>\n<li><strong>Tvor\u00edme vlastn\u00fa knihu 2013\/2014<\/strong>\n<ul>\n<li><a title=\"v\u00fdsledky\" href=\"https:\/\/www.krajskakniznicazilina.sk\/menu\/podu\/skoly\/tvk\/tvk14nar_vysl.pdf\">v\u00fdsledky n\u00e1rodn\u00e9ho kola<\/a><\/li>\n<li><a title=\"umiestnenie\" href=\"https:\/\/www.krajskakniznicazilina.sk\/menu\/podu\/skoly\/tvk\/tvk14medz_vysl.pdf\">v\u00fdsledky medzin\u00e1rodn\u00e9ho kola<\/a><\/li>\n<\/ul>\n<\/li>\n<li><strong>Tvor\u00edme vlastn\u00fa knihu 2012\/2013\u00a0<\/strong>s t\u00e9mou Ako som sa (ne)b\u00e1l(a)\n<ul>\n<li><a title=\"v\u00fdsledky n\u00e1rodn\u00e9 kolo\" href=\"https:\/\/www.krajskakniznicazilina.sk\/menu\/podu\/skoly\/tvk\/tvk13nar_vysl.pdf\">v\u00fdsledky n\u00e1rodn\u00e9ho kola<\/a><\/li>\n<li><a title=\"v\u00fdsledky v medzin\u00e1rodnom kole\" href=\"https:\/\/www.krajskakniznicazilina.sk\/menu\/podu\/skoly\/tvk\/tvk13medz_vysl.pdf\">v\u00fdsledky medzin\u00e1rodn\u00e9ho kola<\/a><\/li>\n<\/ul>\n<\/li>\n<li><strong>Tvor\u00edme vlastn\u00fa knihu 2011\/2012<\/strong>\n<ul>\n<li>v\u00fdsledky n\u00e1rodn\u00e9ho kola<\/li>\n<li><a title=\"vyhodnotenie Po\u013esko\" href=\"https:\/\/www.krajskakniznicazilina.sk\/menu\/podu\/skoly\/tvk\/tvk12medz_vysl.pdf\">v\u00fdsledky medzin\u00e1rodn\u00e9ho kola<\/a><\/li>\n<\/ul>\n<\/li>\n<li><strong>Tvor\u00edme vlastn\u00fa knihu 2010\/2011<\/strong>\n<ul>\n<li><a title=\"tvor\u00edme vlastn\u00fa knihu\" href=\"https:\/\/www.krajskakniznicazilina.sk\/menu\/podu\/skoly\/tvk\/tvk11nar_vysl.pdf\" target=\"_blank\" rel=\"noopener noreferrer\">v\u00fdsledky n\u00e1rodn\u00e9ho kola<\/a><\/li>\n<\/ul>\n<\/li>\n<\/ul>\n","protected":false},"excerpt":{"rendered":"<p>Ka\u017edoro\u010dne sa kon\u00e1 medzin\u00e1rodn\u00e1 s\u00fa\u0165a\u017e vo vytv\u00e1ran\u00ed kn\u00edh na vybran\u00fa t\u00e9mu de\u0165mi zo Slovenska, \u010ceska a Po\u013eska pod spolo\u010dn\u00fdm n\u00e1zvom Tvor\u00edme vlastn\u00fa knihu. Tvor\u00edme vlastn\u00fa knihu.\u00a0T\u00e9ma 27. ro\u010dn\u00edka: Voda je dar \u2013 O vode, ktor\u00e1 d\u00e1va aj berie.\u00a0Propoz\u00edcie s\u00fa\u0165a\u017ee. Arch\u00edv: Tvor\u00edme vlastn\u00fa knihu 2025\/2026 s t\u00e9mou Voda je dar \u2013 O vode, ktor\u00e1 d\u00e1va aj &#8230; <a title=\"Tvor\u00edme vlastn\u00fa knihu\" class=\"read-more\" href=\"https:\/\/www.krajskakniznicazilina.sk\/index.php\/podujatia\/skoly\/tvorime-vlastnu-knihu\/\" aria-label=\"Pre\u010d\u00edtajte si viac o Tvor\u00edme vlastn\u00fa knihu\">\u010c\u00edta\u0165 viac<\/a><\/p>\n","protected":false},"author":1,"featured_media":0,"parent":147,"menu_order":0,"comment_status":"closed","ping_status":"closed","template":"","meta":{"footnotes":""},"class_list":["post-600","page","type-page","status-publish"],"_links":{"self":[{"href":"https:\/\/www.krajskakniznicazilina.sk\/index.php\/wp-json\/wp\/v2\/pages\/600","targetHints":{"allow":["GET"]}}],"collection":[{"href":"https:\/\/www.krajskakniznicazilina.sk\/index.php\/wp-json\/wp\/v2\/pages"}],"about":[{"href":"https:\/\/www.krajskakniznicazilina.sk\/index.php\/wp-json\/wp\/v2\/types\/page"}],"author":[{"embeddable":true,"href":"https:\/\/www.krajskakniznicazilina.sk\/index.php\/wp-json\/wp\/v2\/users\/1"}],"replies":[{"embeddable":true,"href":"https:\/\/www.krajskakniznicazilina.sk\/index.php\/wp-json\/wp\/v2\/comments?post=600"}],"version-history":[{"count":37,"href":"https:\/\/www.krajskakniznicazilina.sk\/index.php\/wp-json\/wp\/v2\/pages\/600\/revisions"}],"predecessor-version":[{"id":17121,"href":"https:\/\/www.krajskakniznicazilina.sk\/index.php\/wp-json\/wp\/v2\/pages\/600\/revisions\/17121"}],"up":[{"embeddable":true,"href":"https:\/\/www.krajskakniznicazilina.sk\/index.php\/wp-json\/wp\/v2\/pages\/147"}],"wp:attachment":[{"href":"https:\/\/www.krajskakniznicazilina.sk\/index.php\/wp-json\/wp\/v2\/media?parent=600"}],"curies":[{"name":"wp","href":"https:\/\/api.w.org\/{rel}","templated":true}]}}