{"id":660,"date":"2017-09-11T14:21:52","date_gmt":"2017-09-11T12:21:52","guid":{"rendered":"http:\/\/www.krajskakniznicazilina.sk\/novastranka\/?page_id=660"},"modified":"2025-01-20T12:43:31","modified_gmt":"2025-01-20T11:43:31","slug":"reserse-a-prezentacie-rbo","status":"publish","type":"page","link":"https:\/\/www.krajskakniznicazilina.sk\/index.php\/sluzby\/regionalna-bibliografia\/reserse-a-prezentacie-rbo\/","title":{"rendered":"Re\u0161er\u0161e a prezent\u00e1cie RBO"},"content":{"rendered":"<h4><strong>Prezent\u00e1cie region\u00e1lnej bibliografie:<\/strong><\/h4>\n<ul>\n<li><a href=\"https:\/\/youtube.com\/playlist?list=PLib7tB36psZ-hC1Gl9wusFGF8AMyV0wHW\">YouTube vide\u00e1 prezent\u00e1ci\u00ed\/v\u00fdstav region\u00e1lnej bibliografie<\/a><\/li>\n<li><a href=\"https:\/\/www.krajskakniznicazilina.sk\/menu\/sluz\/region\/prezentacie\/Karin%20L%C3%A1szlov%C3%A1.pdf\">Karin L\u00e1szlov\u00e1<\/a> (2024)<\/li>\n<li><a href=\"https:\/\/www.krajskakniznicazilina.sk\/menu\/sluz\/region\/prezentacie\/Juraj%20Turzo%20a%20EKD.pdf\">Juraj Turzo a eur\u00f3pske kult\u00farne dedi\u010dstvo<\/a> (2023)<\/li>\n<li><a href=\"https:\/\/www.krajskakniznicazilina.sk\/menu\/sluz\/region\/prezentacie\/Regi%C3%B3nHP.pdf\">Regi\u00f3n Horn\u00e9 Pova\u017eie<\/a> (2023)<\/li>\n<li><a href=\"https:\/\/www.krajskakniznicazilina.sk\/menu\/sluz\/region\/prezentacie\/VFerko.pdf\">Vladim\u00edr Ferko<\/a> (2022)<\/li>\n<li><a href=\"https:\/\/www.krajskakniznicazilina.sk\/menu\/sluz\/region\/prezentacie\/JGab%C4%8D%C3%ADk.pdf\">Jozef Gab\u010d\u00edk<\/a> (2022)<\/li>\n<li><a href=\"https:\/\/www.krajskakniznicazilina.sk\/menu\/sluz\/region\/prezentacie\/%C5%A0A%20Brez%C3%A1ny.pdf\">\u0160tefan Atila Brez\u00e1ny<\/a> (2022)<\/li>\n<li><a href=\"https:\/\/www.krajskakniznicazilina.sk\/menu\/sluz\/region\/prezentacie\/PPrikryl.pdf\">Pavol Prikryl<\/a> (2022)<\/li>\n<li><a href=\"https:\/\/www.krajskakniznicazilina.sk\/menu\/sluz\/region\/prezentacie\/JBKlemens.pdf\">Jozef Bo\u017eetech Klemens<\/a> (2022)<\/li>\n<li><a href=\"https:\/\/www.krajskakniznicazilina.sk\/menu\/sluz\/region\/prezentacie\/KL%C3%A1szlov%C3%A1.pdf\">Karin L\u00e1szlov\u00e1 <\/a>(2022)<\/li>\n<li><a href=\"https:\/\/www.krajskakniznicazilina.sk\/menu\/sluz\/region\/prezentacie\/TurzovciVlit.pdf\">Turzovci v literat\u00fare<\/a> (2021)<\/li>\n<li><a href=\"https:\/\/www.krajskakniznicazilina.sk\/menu\/sluz\/region\/prezentacie\/fHloznik.pdf\">Ferdinand Hlo\u017en\u00edk<\/a> (2021)<\/li>\n<li><a href=\"https:\/\/www.krajskakniznicazilina.sk\/menu\/sluz\/region\/prezentacie\/ZAkrajFoto.pdf\">\u017dilinsk\u00fd kraj vo fotografi\u00e1ch<\/a> (2020)<\/li>\n<li><a href=\"https:\/\/www.krajskakniznicazilina.sk\/menu\/sluz\/region\/prezentacie\/osobHP%C5%BDK.pdf?fbclid=IwAR3ewfTjz7UMPCxeRfrjImCQQe_eeTG0O_WZIFhcLCDSpaqbyNf_uMEpDx4\">Po stop\u00e1ch osobnost\u00ed Horn\u00e9ho Pova\u017eia \u017dilinsk\u00e9ho Kraja<\/a><\/li>\n<li><a href=\"https:\/\/www.krajskakniznicazilina.sk\/menu\/sluz\/region\/prezentacie\/mestoZA.pdf\">Mesto \u017dilina (Moja prv\u00e1 kniha o \u017diline)<\/a> (2020)<\/li>\n<li><a href=\"https:\/\/www.krajskakniznicazilina.sk\/menu\/sluz\/region\/prezentacie\/DADANtla%C4%8D.pdf\">Dadanovsk\u00e1 exulantsk\u00e1 tla\u010diare\u0148<\/a><\/li>\n<li><a href=\"https:\/\/www.krajskakniznicazilina.sk\/menu\/sluz\/region\/prezentacie\/REGosobnosti.pdf\">Region\u00e1lne osobnosti aj o\u010dami a rukou Akad. maliara Stana Lajdu<\/a> (2019)<\/li>\n<li><a href=\"https:\/\/www.krajskakniznicazilina.sk\/menu\/sluz\/region\/prezentacie\/RBO.pdf\">\u00dasek region\u00e1lneho v\u00fdskumu, dokumentov a inform\u00e1ci\u00ed<\/a> (2019)<\/li>\n<li><a href=\"https:\/\/www.krajskakniznicazilina.sk\/menu\/sluz\/region\/prezentacie\/TURZOaEKD.pdf\">Juraj Turzo a eur\u00f3pske kult\u00farne dedi\u010dstvo<\/a><\/li>\n<li><a title=\"Liter\u00e1rna mapa\" href=\"https:\/\/www.krajskakniznicazilina.sk\/menu\/sluz\/region\/prezentacie\/literarnamapa.pdf\" target=\"_blank\" rel=\"noopener noreferrer\">Liter\u00e1rna mapa Horn\u00e9ho Pova\u017eia<\/a> (2011)<\/li>\n<li><a title=\"Be\u00e1ta Jaro\u0161ov\u00e1\" href=\"https:\/\/www.krajskakniznicazilina.sk\/menu\/sluz\/region\/prezentacie\/jarosova.pdf\" target=\"_blank\" rel=\"noopener noreferrer\">Be\u00e1ta Jaro\u0161ov\u00e1<\/a> (2011)<\/li>\n<li><a title=\"monografia Trnov\u00e9\" href=\"https:\/\/www.krajskakniznicazilina.sk\/menu\/sluz\/region\/prezentacie\/trnove.pdf\" target=\"_blank\" rel=\"noopener noreferrer\">Trnov\u00e9<\/a> (2011)<\/li>\n<li><a title=\"J\u00e1n Fr\u00e1trik - prezent\u00e1cia\" href=\"https:\/\/www.krajskakniznicazilina.sk\/menu\/sluz\/region\/prezentacie\/fratrik.pdf\" target=\"_blank\" rel=\"noopener noreferrer\">J\u00e1n Fr\u00e1trik<\/a> (2011)<\/li>\n<\/ul>\n<h4 align=\"left\"><strong>Zoznam re\u0161er\u0161\u00ed s region\u00e1lnou tematikou za rok\/y:<\/strong><\/h4>\n<ul>\n<li><a href=\"https:\/\/www.krajskakniznicazilina.sk\/menu\/sluz\/region\/reserse\/RBOres2024.pdf\">2024<\/a><\/li>\n<li><a href=\"https:\/\/www.krajskakniznicazilina.sk\/menu\/sluz\/region\/reserse\/RBOres2023.pdf\">2023<\/a><\/li>\n<li><a href=\"https:\/\/www.krajskakniznicazilina.sk\/menu\/sluz\/region\/reserse\/RBOres2022.pdf\">2022<\/a><\/li>\n<li><a href=\"https:\/\/www.krajskakniznicazilina.sk\/menu\/sluz\/region\/reserse\/RBOres2021.pdf\">2021<\/a><\/li>\n<li><a href=\"https:\/\/www.krajskakniznicazilina.sk\/menu\/sluz\/region\/reserse\/RBOres2020.pdf\">2020<\/a><\/li>\n<li><a href=\"https:\/\/www.krajskakniznicazilina.sk\/menu\/sluz\/region\/reserse\/RBOres2019.pdf\">2019<\/a><\/li>\n<li><a href=\"https:\/\/www.krajskakniznicazilina.sk\/menu\/sluz\/region\/reserse\/RBOres2018.pdf\">2018<\/a><\/li>\n<li><a href=\"https:\/\/www.krajskakniznicazilina.sk\/menu\/sluz\/region\/reserse\/RBOres2017.pdf\">2017<\/a><\/li>\n<li><a href=\"https:\/\/www.krajskakniznicazilina.sk\/menu\/sluz\/region\/reserse\/RBOres2016.pdf\">2016<\/a><\/li>\n<li><a href=\"https:\/\/www.krajskakniznicazilina.sk\/menu\/sluz\/region\/reserse\/RBOres2015.pdf\">2015<\/a><\/li>\n<li><a href=\"https:\/\/www.krajskakniznicazilina.sk\/menu\/sluz\/region\/reserse\/RBOres2014.pdf\">2014<\/a><\/li>\n<li><a href=\"https:\/\/www.krajskakniznicazilina.sk\/menu\/sluz\/region\/reserse\/RBOres2013.pdf\">2013<\/a><\/li>\n<li><a href=\"https:\/\/www.krajskakniznicazilina.sk\/menu\/sluz\/region\/reserse\/RBOres2012.pdf\">2012<\/a><\/li>\n<li><a href=\"https:\/\/www.krajskakniznicazilina.sk\/menu\/sluz\/region\/reserse\/RBOres2011.pdf\">2011<\/a><\/li>\n<li><a href=\"https:\/\/www.krajskakniznicazilina.sk\/menu\/sluz\/region\/reserse\/RBOres2006-2010.pdf\">2006 &#8211; 2010<\/a><\/li>\n<\/ul>\n<p><strong>Re\u0161er\u0161n\u00e9 slu\u017eby z dom\u00e1cich a zahrani\u010dn\u00fdch zdrojov <\/strong>sa objedn\u00e1vaj\u00fa\u00a0na \u00faseku odbornej literat\u00fary a \u00faseku region\u00e1lnych inform\u00e1ci\u00ed a region\u00e1lneho v\u00fdskumu,\u00a0slu\u017eba je platen\u00e1 pod\u013ea\u00a0<a href=\"https:\/\/www.krajskakniznicazilina.sk\/index.php\/sluzby\/cennik\/\">cenn\u00edka\u00a0kni\u017enice<\/a>. Mo\u017enos\u0165 objedna\u0165 k\u00f3pie na \u00faseku region\u00e1lnej literat\u00fary.<\/p>\n","protected":false},"excerpt":{"rendered":"<p>Prezent\u00e1cie region\u00e1lnej bibliografie: YouTube vide\u00e1 prezent\u00e1ci\u00ed\/v\u00fdstav region\u00e1lnej bibliografie Karin L\u00e1szlov\u00e1 (2024) Juraj Turzo a eur\u00f3pske kult\u00farne dedi\u010dstvo (2023) Regi\u00f3n Horn\u00e9 Pova\u017eie (2023) Vladim\u00edr Ferko (2022) Jozef Gab\u010d\u00edk (2022) \u0160tefan Atila Brez\u00e1ny (2022) Pavol Prikryl (2022) Jozef Bo\u017eetech Klemens (2022) Karin L\u00e1szlov\u00e1 (2022) Turzovci v literat\u00fare (2021) Ferdinand Hlo\u017en\u00edk (2021) \u017dilinsk\u00fd kraj vo fotografi\u00e1ch (2020) Po &#8230; <a title=\"Re\u0161er\u0161e a prezent\u00e1cie RBO\" class=\"read-more\" href=\"https:\/\/www.krajskakniznicazilina.sk\/index.php\/sluzby\/regionalna-bibliografia\/reserse-a-prezentacie-rbo\/\" aria-label=\"Pre\u010d\u00edtajte si viac o Re\u0161er\u0161e a prezent\u00e1cie RBO\">\u010c\u00edta\u0165 viac<\/a><\/p>\n","protected":false},"author":1,"featured_media":0,"parent":122,"menu_order":0,"comment_status":"closed","ping_status":"closed","template":"","meta":{"footnotes":""},"class_list":["post-660","page","type-page","status-publish"],"_links":{"self":[{"href":"https:\/\/www.krajskakniznicazilina.sk\/index.php\/wp-json\/wp\/v2\/pages\/660","targetHints":{"allow":["GET"]}}],"collection":[{"href":"https:\/\/www.krajskakniznicazilina.sk\/index.php\/wp-json\/wp\/v2\/pages"}],"about":[{"href":"https:\/\/www.krajskakniznicazilina.sk\/index.php\/wp-json\/wp\/v2\/types\/page"}],"author":[{"embeddable":true,"href":"https:\/\/www.krajskakniznicazilina.sk\/index.php\/wp-json\/wp\/v2\/users\/1"}],"replies":[{"embeddable":true,"href":"https:\/\/www.krajskakniznicazilina.sk\/index.php\/wp-json\/wp\/v2\/comments?post=660"}],"version-history":[{"count":36,"href":"https:\/\/www.krajskakniznicazilina.sk\/index.php\/wp-json\/wp\/v2\/pages\/660\/revisions"}],"predecessor-version":[{"id":14364,"href":"https:\/\/www.krajskakniznicazilina.sk\/index.php\/wp-json\/wp\/v2\/pages\/660\/revisions\/14364"}],"up":[{"embeddable":true,"href":"https:\/\/www.krajskakniznicazilina.sk\/index.php\/wp-json\/wp\/v2\/pages\/122"}],"wp:attachment":[{"href":"https:\/\/www.krajskakniznicazilina.sk\/index.php\/wp-json\/wp\/v2\/media?parent=660"}],"curies":[{"name":"wp","href":"https:\/\/api.w.org\/{rel}","templated":true}]}}