{"id":663,"date":"2017-09-11T15:56:28","date_gmt":"2017-09-11T13:56:28","guid":{"rendered":"http:\/\/www.krajskakniznicazilina.sk\/novastranka\/?page_id=663"},"modified":"2023-01-11T08:18:32","modified_gmt":"2023-01-11T08:18:32","slug":"edicna-cinnost","status":"publish","type":"page","link":"https:\/\/www.krajskakniznicazilina.sk\/index.php\/sluzby\/regionalna-bibliografia\/edicna-cinnost\/","title":{"rendered":"Edi\u010dn\u00e1 \u010dinnos\u0165 &#8211; region\u00e1lne bibliografie"},"content":{"rendered":"<p>Jednotliv\u00e9 bibliografick\u00e9 let\u00e1ky a publik\u00e1cie n\u00e1jdete v kni\u017enici na oddelen\u00ed<strong> Region\u00e1lneho v\u00fdskumu, dokumentov a inform\u00e1ci\u00ed<\/strong>.<\/p>\n<table>\n<tbody>\n<tr>\n<td><\/td>\n<td><\/td>\n<td><strong>Pavol Prikryl<\/strong> &#8211; v\u00fdberov\u00e1 person\u00e1lna bibliografia, 2022<br \/>\n<a href=\"https:\/\/www.krajskakniznicazilina.sk\/menu\/sluz\/region\/edicna\/prikryl.png\"><img decoding=\"async\" class=\"alignleft size-full\" src=\"https:\/\/www.krajskakniznicazilina.sk\/menu\/sluz\/region\/edicna\/prikryl.png\" width=\"35%\" height=\"35%\" \/><\/a><\/td>\n<\/tr>\n<tr>\n<td><strong>Drot\u00e1rstvo v diele Vladm\u00edra Ferka<\/strong> &#8211; bibliografick\u00fd s\u00fapis, 2022<br \/>\n<a href=\"https:\/\/www.krajskakniznicazilina.sk\/menu\/sluz\/region\/edicna\/blFerko.png\"><img decoding=\"async\" class=\"alignleft size-full\" src=\"https:\/\/www.krajskakniznicazilina.sk\/menu\/sluz\/region\/edicna\/blFerko.png\" width=\"35%\" height=\"35%\" \/><\/a><\/td>\n<td><strong>Jozef Gab\u010d\u00edk<\/strong> &#8211; bibliografick\u00fd let\u00e1k, 2022<br \/>\n<a href=\"https:\/\/www.krajskakniznicazilina.sk\/menu\/sluz\/region\/edicna\/blGab%C4%8D%C3%ADk.png\"><img decoding=\"async\" class=\"alignleft size-full\" src=\"https:\/\/www.krajskakniznicazilina.sk\/menu\/sluz\/region\/edicna\/blGab%C4%8D%C3%ADk.png\" width=\"35%\" height=\"35%\" \/><\/a><\/td>\n<td><strong>Goran Len\u010do\u00a0 &#8211; kni\u017en\u00e1 tvorba<\/strong> &#8211; bibliografick\u00fd let\u00e1k, 2022<br \/>\n<a href=\"https:\/\/www.krajskakniznicazilina.sk\/menu\/sluz\/region\/edicna\/blLen%C4%8DoKni%C5%BE.png\"><img decoding=\"async\" class=\"alignleft size-full\" src=\"https:\/\/www.krajskakniznicazilina.sk\/menu\/sluz\/region\/edicna\/blLen%C4%8DoKni%C5%BE.png\" width=\"35%\" height=\"35%\" \/><\/a><\/td>\n<\/tr>\n<tr>\n<td><strong>Goran Len\u010do<\/strong> <strong>&#8211; publika\u010dn\u00e1 \u010dinnos\u0165<\/strong> &#8211; bibliografick\u00fd let\u00e1k, 2022<br \/>\n<a href=\"https:\/\/www.krajskakniznicazilina.sk\/menu\/sluz\/region\/edicna\/blLen%C4%8DoPub.png\"><img decoding=\"async\" class=\"alignleft size-full\" src=\"https:\/\/www.krajskakniznicazilina.sk\/menu\/sluz\/region\/edicna\/blLen%C4%8DoPub.png\" width=\"35%\" height=\"35%\" \/><\/a><\/td>\n<td><strong>Region\u00e1lne v\u00fdstavy v roku 2021<\/strong> &#8211; bibliografick\u00fd let\u00e1k, 2022<br \/>\n<a href=\"https:\/\/www.krajskakniznicazilina.sk\/menu\/sluz\/region\/edicna\/blRBOv%C3%BDstavy21.png\"><img decoding=\"async\" class=\"alignleft size-full\" src=\"https:\/\/www.krajskakniznicazilina.sk\/menu\/sluz\/region\/edicna\/blRBOv%C3%BDstavy21.png\" width=\"35%\" height=\"35%\" \/><\/a><\/td>\n<td><strong>Jozef Bo\u017eetech Klemens <\/strong>&#8211; bibliografick\u00fd let\u00e1k, 2022<br \/>\n<a href=\"https:\/\/www.krajskakniznicazilina.sk\/menu\/sluz\/region\/edicna\/blKlemens.png\"><img decoding=\"async\" class=\"alignleft size-full\" src=\"https:\/\/www.krajskakniznicazilina.sk\/menu\/sluz\/region\/edicna\/blKlemens.png\" width=\"35%\" height=\"35%\" \/><\/a><\/td>\n<\/tr>\n<tr>\n<td><b>Kalend\u00e1rium 2022 <\/b>&#8211; v\u00fdro\u010dia osobnost\u00ed okresu \u017dilina a Byt\u010da<br \/>\n<a href=\"https:\/\/www.krajskakniznicazilina.sk\/menu\/sluz\/region\/edicna\/kalend%C3%A1rium22.png\"><img decoding=\"async\" class=\"alignleft size-full\" src=\"https:\/\/www.krajskakniznicazilina.sk\/menu\/sluz\/region\/edicna\/kalend%C3%A1rium22.png\" width=\"35%\" height=\"35%\" \/><\/a><\/td>\n<td><strong>Kniha roka 2021<\/strong> &#8211; v\u00ed\u0165azn\u00e9 knihy region\u00e1lnych \u010ditate\u013esk\u00fdch s\u00fa\u0165a\u017e\u00ed \u017dSK<br \/>\n<a href=\"https:\/\/www.krajskakniznicazilina.sk\/menu\/sluz\/region\/edicna\/kRoka2021.png\"><img decoding=\"async\" class=\"alignleft size-full\" src=\"https:\/\/www.krajskakniznicazilina.sk\/menu\/sluz\/region\/edicna\/kRoka2021.png\" width=\"35%\" height=\"35%\" \/><\/a><\/td>\n<td><strong>Krajsk\u00e1 kni\u017enica v m\u00e9di\u00e1ch<\/strong>&#8211; bibliografick\u00fd s\u00fapis \u010dl\u00e1nkov za rok 2021<br \/>\n<a href=\"https:\/\/www.krajskakniznicazilina.sk\/menu\/sluz\/region\/edicna\/KvMediach2022.png\"><img decoding=\"async\" class=\"alignleft size-full\" src=\"https:\/\/www.krajskakniznicazilina.sk\/menu\/sluz\/region\/edicna\/KvMediach2022.png\" width=\"35%\" height=\"35%\" \/><\/a><\/td>\n<\/tr>\n<tr>\n<td><strong>Peter \u010caplick\u00fd<\/strong> &#8211;\u00a0bibliografick\u00fd let\u00e1k, 2021<br \/>\n<a href=\"https:\/\/www.krajskakniznicazilina.sk\/menu\/sluz\/region\/edicna\/bl%C4%8Caplick%C3%BD.jpg\"><img decoding=\"async\" class=\"alignleft size-full\" src=\"https:\/\/www.krajskakniznicazilina.sk\/menu\/sluz\/region\/edicna\/bl%C4%8Caplick%C3%BD.jpg\" width=\"35%\" height=\"35%\" border=\"1\" \/><\/a><\/td>\n<td><strong>Region\u00e1lne v\u00fdstavy v roku 2020<\/strong> &#8211; bibliografick\u00fd let\u00e1k, 2021<br \/>\n<a href=\"https:\/\/www.krajskakniznicazilina.sk\/menu\/sluz\/region\/edicna\/blRBOv%C3%BDstavy20.jpg\"><img decoding=\"async\" class=\"alignnone\" src=\"https:\/\/www.krajskakniznicazilina.sk\/menu\/sluz\/region\/edicna\/blRBOv%C3%BDstavy20.jpg\" alt=\"\" width=\"35%\" height=\"35%\" border=\"1\" \/><\/a><\/td>\n<td><strong>Du\u0161an Makovick\u00fd<\/strong> &#8211; bibliografick\u00fd let\u00e1k, 2021<br \/>\n<a href=\"https:\/\/www.krajskakniznicazilina.sk\/menu\/sluz\/region\/edicna\/blMakovick%C3%BD.jpg\"><img decoding=\"async\" class=\"alignnone\" src=\"https:\/\/www.krajskakniznicazilina.sk\/menu\/sluz\/region\/edicna\/blMakovick%C3%BD.jpg\" alt=\"\" width=\"35%\" height=\"35%\" border=\"1\" \/><\/a><\/td>\n<\/tr>\n<tr>\n<td><strong>Kalend\u00e1rium 2021<\/strong>\u00a0&#8211; v\u00fdro\u010dia osobnost\u00ed okresu \u017dilina a Byt\u010da<br \/>\n<a href=\"https:\/\/www.krajskakniznicazilina.sk\/menu\/sluz\/region\/edicna\/kalend%C3%A1rium2021.jpg\"><img decoding=\"async\" class=\"alignnone\" src=\"https:\/\/www.krajskakniznicazilina.sk\/menu\/sluz\/region\/edicna\/kalend%C3%A1rium2021.jpg\" alt=\"\" width=\"45%\" height=\"45%\" border=\"1\" \/><\/a><\/td>\n<td><strong>Krajsk\u00e1 kni\u017enica v m\u00e9di\u00e1ch<\/strong> &#8211; bibliografick\u00fd s\u00fapis \u010dl\u00e1nkov za rok 2020<br \/>\n<a href=\"https:\/\/www.krajskakniznicazilina.sk\/menu\/sluz\/region\/edicna\/KvMediach2021.jpg\"><img decoding=\"async\" class=\"alignnone\" src=\"https:\/\/www.krajskakniznicazilina.sk\/menu\/sluz\/region\/edicna\/KvMediach2021.jpg\" alt=\"\" width=\"45%\" height=\"45%\" border=\"1\" \/><\/a><\/td>\n<td><strong>Drot\u00e1rstvo<\/strong> &#8211; bibliografick\u00fd s\u00fapis literat\u00fary, 2020<br \/>\n<a href=\"https:\/\/www.krajskakniznicazilina.sk\/menu\/sluz\/region\/edicna\/drot%C3%A1rstvo.jpg\"><img decoding=\"async\" class=\"alignnone\" src=\"https:\/\/www.krajskakniznicazilina.sk\/menu\/sluz\/region\/edicna\/drot%C3%A1rstvo.jpg\" alt=\"\" width=\"80%\" height=\"80%\" border=\"1\" \/><\/a><\/td>\n<\/tr>\n<tr>\n<td><b>Lucia Saskov\u00e1<\/b> &#8211; bibliografick\u00fd let\u00e1k, 2020<br \/>\n<a href=\"https:\/\/www.krajskakniznicazilina.sk\/menu\/sluz\/region\/edicna\/blSaskov%C3%A1.jpg\"><img decoding=\"async\" class=\"alignnone\" src=\"https:\/\/www.krajskakniznicazilina.sk\/menu\/sluz\/region\/edicna\/blSaskov%C3%A1.jpg\" alt=\"\" width=\"35%\" height=\"35%\" border=\"1\" \/><\/a><\/td>\n<td><strong>Roman Kulich<\/strong> &#8211; bibliografick\u00fd let\u00e1k, 2020<br \/>\n<a href=\"https:\/\/www.krajskakniznicazilina.sk\/menu\/sluz\/region\/edicna\/blKulich.jpg\"><img decoding=\"async\" class=\"alignnone\" src=\"https:\/\/www.krajskakniznicazilina.sk\/menu\/sluz\/region\/edicna\/blKulich.jpg\" alt=\"\" width=\"35%\" height=\"35%\" border=\"1\" \/><\/a><\/td>\n<td><strong>Monografie okresu Byt\u010da<\/strong> &#8211; bibliografick\u00fd let\u00e1k, 2020<br \/>\n<a href=\"https:\/\/www.krajskakniznicazilina.sk\/menu\/sluz\/region\/edicna\/blByt%C4%8Da.jpg\"><img decoding=\"async\" class=\"alignnone\" src=\"https:\/\/www.krajskakniznicazilina.sk\/menu\/sluz\/region\/edicna\/blByt%C4%8Da.jpg\" alt=\"\" width=\"35%\" height=\"35%\" border=\"1\" \/><\/a><\/td>\n<\/tr>\n<tr>\n<td><strong>Vydali sme v roku 2019<\/strong> &#8211; bibliografick\u00fd let\u00e1k, 2020<br \/>\n<a href=\"https:\/\/www.krajskakniznicazilina.sk\/menu\/sluz\/region\/edicna\/blVydali2019.jpg\"><img decoding=\"async\" class=\"alignnone\" src=\"https:\/\/www.krajskakniznicazilina.sk\/menu\/sluz\/region\/edicna\/blVydali2019.jpg\" alt=\"\" width=\"35%\" height=\"35%\" border=\"1\" \/><\/a><\/td>\n<td><strong>\u013dubom\u00edr Wiliam Prikryl<\/strong> &#8211; v\u00fdberov\u00e1 person\u00e1lna bibliografia, 2020<br \/>\n<a href=\"https:\/\/www.krajskakniznicazilina.sk\/menu\/sluz\/region\/edicna\/Prikryl.jpg\"><img decoding=\"async\" class=\"alignnone\" src=\"https:\/\/www.krajskakniznicazilina.sk\/menu\/sluz\/region\/edicna\/Prikryl.jpg\" alt=\"\" width=\"45%\" height=\"45%\" border=\"1\" \/><\/a><\/td>\n<td><strong>Peter Tvrd\u00fd<\/strong> &#8211; zborn\u00edk pr\u00edspevkov, 2020<br \/>\n<a href=\"https:\/\/www.krajskakniznicazilina.sk\/menu\/sluz\/region\/edicna\/pTvrd%C3%BDZBOR.jpg\"><img decoding=\"async\" class=\"alignnone\" src=\"https:\/\/www.krajskakniznicazilina.sk\/menu\/sluz\/region\/edicna\/pTvrd%C3%BDZBOR.jpg\" alt=\"\" width=\"45%\" height=\"45%\" border=\"1\" \/><\/a><\/td>\n<\/tr>\n<tr>\n<td><strong>Krajsk\u00e1 kni\u017enica v m\u00e9di\u00e1ch<\/strong> &#8211; bibliografick\u00fd s\u00fapis \u010dl\u00e1nkov za rok 2019<br \/>\n<a href=\"https:\/\/www.krajskakniznicazilina.sk\/menu\/sluz\/region\/edicna\/KvMediach2020.jpg\"><img decoding=\"async\" class=\"alignnone\" src=\"https:\/\/www.krajskakniznicazilina.sk\/menu\/sluz\/region\/edicna\/KvMediach2020.jpg\" alt=\"\" width=\"45%\" height=\"45%\" border=\"1\" \/><\/a><\/td>\n<td><strong>Kalend\u00e1rium 2020<\/strong> &#8211; v\u00fdro\u010dia osobnost\u00ed okresu \u017dilina a Byt\u010da<br \/>\n<a href=\"https:\/\/www.krajskakniznicazilina.sk\/menu\/sluz\/region\/edicna\/kalend%C3%A1rium2020.jpg\"><img decoding=\"async\" class=\"alignnone\" src=\"https:\/\/www.krajskakniznicazilina.sk\/menu\/sluz\/region\/edicna\/kalend%C3%A1rium2020.jpg\" alt=\"\" width=\"45%\" height=\"45%\" border=\"1\" \/><\/a><\/td>\n<td><strong>Kniha roka 2019<\/strong> &#8211; v\u00ed\u0165azn\u00e9 knihy region\u00e1lnych \u010ditate\u013esk\u00fdch s\u00fa\u0165a\u017e\u00ed \u017dSK<br \/>\n<a href=\"https:\/\/www.krajskakniznicazilina.sk\/menu\/sluz\/region\/edicna\/kRoka2019.jpg\"><img decoding=\"async\" class=\"alignnone\" src=\"https:\/\/www.krajskakniznicazilina.sk\/menu\/sluz\/region\/edicna\/kRoka2019.jpg\" alt=\"\" width=\"45%\" height=\"45%\" border=\"1\" \/><\/a><\/td>\n<\/tr>\n<tr>\n<td><strong>Adriana Mach\u00e1\u010dov\u00e1<\/strong> &#8211; bibliografick\u00fd let\u00e1k, 2019<\/p>\n<p><a href=\"https:\/\/www.krajskakniznicazilina.sk\/menu\/sluz\/region\/edicna\/blMachacova.jpg\"><img decoding=\"async\" class=\"alignnone\" src=\"https:\/\/www.krajskakniznicazilina.sk\/menu\/sluz\/region\/edicna\/blMachacova.jpg\" alt=\"\" width=\"35%\" height=\"35%\" \/><\/a><\/td>\n<td><strong>Stanislav Lajda<\/strong> &#8211; v\u00fdberov\u00e1 person\u00e1lna bibliografia, 2019<\/p>\n<p><a href=\"https:\/\/www.krajskakniznicazilina.sk\/menu\/sluz\/region\/edicna\/SLajda2019.jpg\"><img decoding=\"async\" class=\"alignnone\" src=\"https:\/\/www.krajskakniznicazilina.sk\/menu\/sluz\/region\/edicna\/SLajda2019.jpg\" alt=\"\" width=\"50%\" height=\"50%\" \/><\/a><\/td>\n<td><strong>November 89 v \u017diline pod\u013ea dobovej tla\u010de<\/strong><\/p>\n<p><a href=\"https:\/\/www.krajskakniznicazilina.sk\/menu\/sluz\/region\/edicna\/blNovember%2089.jpg\"><img decoding=\"async\" class=\"alignnone\" src=\"https:\/\/www.krajskakniznicazilina.sk\/menu\/sluz\/region\/edicna\/blNovember%2089.jpg\" alt=\"\" width=\"35%\" height=\"35%\" \/><\/a><\/td>\n<\/tr>\n<tr>\n<td><strong>Michal Horeck\u00fd<\/strong> &#8211; bibliografick\u00fd let\u00e1k, 2019<\/p>\n<p><a href=\"https:\/\/www.krajskakniznicazilina.sk\/menu\/sluz\/region\/edicna\/blHorecky2019.jpg\"><img decoding=\"async\" class=\"alignnone\" src=\"https:\/\/www.krajskakniznicazilina.sk\/menu\/sluz\/region\/edicna\/blHorecky2019.jpg\" alt=\"\" width=\"35%\" height=\"35%\" \/><\/a><\/td>\n<td><strong>Fedor Fridrich Ruppeldt<\/strong> &#8211; bibliografick\u00fd let\u00e1k, 2019<\/p>\n<p><a href=\"https:\/\/www.krajskakniznicazilina.sk\/menu\/sluz\/region\/edicna\/blRuppeldt.jpg\"><img decoding=\"async\" class=\"alignnone\" src=\"https:\/\/www.krajskakniznicazilina.sk\/menu\/sluz\/region\/edicna\/blRuppeldt.jpg\" alt=\"\" width=\"35%\" height=\"35%\" \/><\/a><\/td>\n<td><strong>Karin L\u00e1szlov\u00e1 <\/strong>&#8211; bibliografick\u00fd let\u00e1k, 2019<\/p>\n<p><a href=\"https:\/\/www.krajskakniznicazilina.sk\/menu\/sluz\/region\/edicna\/laszlova2019.pdf\"><img decoding=\"async\" class=\"alignleft\" src=\"https:\/\/www.krajskakniznicazilina.sk\/menu\/sluz\/region\/edicna\/laszlova2019.jpg\" alt=\"\" width=\"35%\" height=\"35%\" \/><\/a><\/td>\n<\/tr>\n<tr>\n<td><strong>Kalend\u00e1rium<\/strong> \u2013 v\u00fdro\u010dia osobnost\u00ed v roku 2019<\/p>\n<p><a href=\"https:\/\/www.krajskakniznicazilina.sk\/menu\/sluz\/region\/edicna\/kalendarium2019.jpg\"><img decoding=\"async\" class=\"\" src=\"https:\/\/www.krajskakniznicazilina.sk\/menu\/sluz\/region\/edicna\/kalendarium2019.jpg\" alt=\"\" width=\"50%\" height=\"50%\" \/><\/a><\/td>\n<td><strong>Krajsk\u00e1 kni\u017enica v m\u00e9di\u00e1ch<\/strong> &#8211; bibliografick\u00fd s\u00fapis \u010dl\u00e1nkov za rok 2018<\/p>\n<p><a href=\"https:\/\/www.krajskakniznicazilina.sk\/menu\/sluz\/region\/edicna\/KvMediach2019.jpg\"><img decoding=\"async\" class=\"alignnone\" src=\"https:\/\/www.krajskakniznicazilina.sk\/menu\/sluz\/region\/edicna\/KvMediach2019.jpg\" alt=\"\" width=\"55%\" height=\"55%\" \/><\/a><\/td>\n<td><strong>Kniha roka 2018<\/strong><\/p>\n<p><a href=\"https:\/\/www.krajskakniznicazilina.sk\/menu\/sluz\/region\/edicna\/VKnihy2018.jpg\"><img decoding=\"async\" class=\"alignnone size-thumbnail\" src=\"https:\/\/www.krajskakniznicazilina.sk\/menu\/sluz\/region\/edicna\/VKnihy2018.jpg\" width=\"55%\" height=\"55%\" \/><\/a><\/td>\n<\/tr>\n<tr>\n<td><strong>To\u0148a Revajov\u00e1<\/strong> \u2013 bibliografick\u00fd let\u00e1k, 2018<\/p>\n<p><a href=\"https:\/\/www.krajskakniznicazilina.sk\/menu\/sluz\/region\/edicna\/revayova2018.jpg\"><img decoding=\"async\" class=\"alignnone\" src=\"https:\/\/www.krajskakniznicazilina.sk\/menu\/sluz\/region\/edicna\/revayova2018.jpg\" alt=\"\" width=\"35%\" height=\"35%\" \/><\/a><\/td>\n<td><strong>100. v\u00fdro\u010die vzniku \u010ceskoslovenskej repubilky<\/strong> \u2013 bibliografick\u00fd let\u00e1k, 2018<\/p>\n<p><a href=\"https:\/\/www.krajskakniznicazilina.sk\/menu\/sluz\/region\/edicna\/vznik%C4%8CSR2018.jpg\"><img decoding=\"async\" src=\"https:\/\/www.krajskakniznicazilina.sk\/menu\/sluz\/region\/edicna\/vznik%C4%8CSR2018.jpg\" alt=\"\" width=\"35%\" height=\"35%\" \/><\/a><\/td>\n<td><strong>Imrich Turzo<\/strong> &#8211; bibliografick\u00fd let\u00e1k, 2018<\/p>\n<p><a href=\"https:\/\/www.krajskakniznicazilina.sk\/menu\/sluz\/region\/edicna\/turzo2018.pdf\"><img decoding=\"async\" class=\"alignleft\" src=\"https:\/\/www.krajskakniznicazilina.sk\/menu\/sluz\/region\/edicna\/turzo2018.png\" alt=\"\" width=\"35%\" height=\"35%\" \/><\/a><\/td>\n<\/tr>\n<tr>\n<td><strong>Miro Jaro\u0161<\/strong> &#8211; bibliografick\u00fd let\u00e1k, 2018<\/p>\n<p><a href=\"https:\/\/www.krajskakniznicazilina.sk\/menu\/sluz\/region\/edicna\/jaros2018.jpg\"><img decoding=\"async\" class=\"alignnone\" src=\"https:\/\/www.krajskakniznicazilina.sk\/menu\/sluz\/region\/edicna\/jaros2018.jpg\" alt=\"\" width=\"35%\" height=\"35%\" \/><\/a><\/td>\n<td><strong>Anton Marec<\/strong> &#8211; bibliografick\u00fd let\u00e1k, 2018<\/p>\n<p><a href=\"https:\/\/www.krajskakniznicazilina.sk\/menu\/sluz\/region\/edicna\/marec2018.jpg\"><img decoding=\"async\" class=\"alignnone\" src=\"https:\/\/www.krajskakniznicazilina.sk\/menu\/sluz\/region\/edicna\/marec2018.jpg\" alt=\"\" width=\"35%\" height=\"35%\" \/><\/a><\/td>\n<td><strong>V\u00ed\u0165azn\u00e9 knihy region\u00e1lnych \u010ditate\u013esk\u00fdch s\u00fa\u0165a\u017e\u00ed \u017dSK 2017<\/strong><\/p>\n<p><a href=\"https:\/\/www.krajskakniznicazilina.sk\/menu\/sluz\/region\/edicna\/vknihy2017.pdf\"><img decoding=\"async\" class=\"alignnone\" src=\"https:\/\/www.krajskakniznicazilina.sk\/menu\/sluz\/region\/edicna\/vknihy2017.jpg\" alt=\"\" width=\"50%\" height=\"50%\" \/><\/a><\/td>\n<\/tr>\n<tr>\n<td><strong>Krajsk\u00e1 kni\u017enica v \u017diline v m\u00e9di\u00e1ch<\/strong> &#8211; bibliografick\u00fd s\u00fapis \u010dl\u00e1nkov, 2018<\/p>\n<p><a href=\"https:\/\/www.krajskakniznicazilina.sk\/menu\/sluz\/region\/edicna\/KKZAvmediach2018.jpg\"><img decoding=\"async\" class=\"alignnone\" src=\"https:\/\/www.krajskakniznicazilina.sk\/menu\/sluz\/region\/edicna\/KKZAvmediach2018.jpg\" alt=\"\" width=\"50%\" height=\"50%\" \/><\/a><\/td>\n<td><strong>Juraj J\u00e1no\u0161\u00edk 1688-1713<\/strong> &#8211; v\u00fdberov\u00e1 person\u00e1lna bibliografia<\/p>\n<p><a href=\"https:\/\/www.krajskakniznicazilina.sk\/menu\/sluz\/region\/edicna\/janosik2018.pdf\"><img decoding=\"async\" class=\"alignleft\" src=\"https:\/\/www.krajskakniznicazilina.sk\/menu\/sluz\/region\/edicna\/janosik2018.jpg\" alt=\"\" width=\"50%\" height=\"50%\" \/><\/a><\/p>\n<p>&nbsp;<\/td>\n<td><strong>Krajsk\u00e1 kni\u017enica v \u017diline v m\u00e9di\u00e1ch<\/strong> &#8211; bibliografick\u00fd s\u00fapis \u010dl\u00e1nkov za rok 2017<\/p>\n<p><a href=\"https:\/\/www.krajskakniznicazilina.sk\/menu\/sluz\/region\/edicna\/KKZAm\u00e9di\u00e12018.pdf\"><img decoding=\"async\" class=\"alignleft\" src=\"https:\/\/www.krajskakniznicazilina.sk\/menu\/sluz\/region\/edicna\/KKZAm\u00e9di\u00e12018.jpg\" alt=\"\" width=\"50%\" height=\"50%\" \/><\/a><\/td>\n<\/tr>\n<tr>\n<td><strong>Jozef Ko\u010di\u0161<\/strong> &#8211; bibliografick\u00fd let\u00e1k<\/p>\n<p><a title=\"bibliografick\u00fd let\u00e1k\" href=\"https:\/\/www.krajskakniznicazilina.sk\/menu\/sluz\/region\/edicna\/kocis2018.pdf\"><img loading=\"lazy\" decoding=\"async\" class=\"alignnone\" title=\"Ko\u010di\u0161\" src=\"https:\/\/www.krajskakniznicazilina.sk\/menu\/sluz\/region\/edicna\/kocis2018.jpg\" alt=\"Joezf Ko\u010di\u0161\" width=\"64\" height=\"137\" \/><\/a><\/td>\n<td><strong>Alexander Lombardini, J\u00e1n Dadan ml.<\/strong> &#8211; zborn\u00edk z odborn\u00e9ho semin\u00e1ra z cyklu osobnosti \u017diliny<\/p>\n<p><a title=\"pr\u00edspevky zo semin\u00e1ra\" href=\"https:\/\/www.krajskakniznicazilina.sk\/menu\/sluz\/region\/edicna\/dadan2017.pdf\"><img loading=\"lazy\" decoding=\"async\" class=\"alignnone\" title=\"ob\u00e1lka\" src=\"https:\/\/www.krajskakniznicazilina.sk\/menu\/sluz\/region\/edicna\/dadan2017.png\" alt=\"Lombardini, Dadan\" width=\"90\" height=\"128\" \/><\/a><\/td>\n<td><strong>J\u00e1n Len\u010do 1933 &#8211; 2012<\/strong> &#8211; zborn\u00edk z odborn\u00e9ho semin\u00e1ra z cyklu osobnosti \u017diliny<\/p>\n<p><a title=\"pr\u00edspevky zo semin\u00e1ra\" href=\"https:\/\/www.krajskakniznicazilina.sk\/menu\/sluz\/region\/edicna\/lenco2017.pdf\"><img loading=\"lazy\" decoding=\"async\" class=\"alignnone\" title=\"ob\u00e1lka\" src=\"https:\/\/www.krajskakniznicazilina.sk\/menu\/sluz\/region\/edicna\/lenco2017.jpg\" alt=\"Len\u010do\" width=\"90\" height=\"128\" \/><\/a><\/td>\n<\/tr>\n<tr>\n<td><strong>Henrich Bartek 1907-1986 zborn\u00edk zo semin\u00e1ra<\/strong> &#8211; zborn\u00edk pr\u00edspevkov<\/p>\n<p><a title=\"zborn\u00edk zo semin\u00e1ra\" href=\"https:\/\/www.krajskakniznicazilina.sk\/menu\/sluz\/region\/edicna\/bartek2017.pdf\"><img loading=\"lazy\" decoding=\"async\" class=\"alignnone\" title=\"ob\u00e1lka\" src=\"https:\/\/www.krajskakniznicazilina.sk\/menu\/sluz\/region\/edicna\/bartek2017.png\" alt=\"Bartek\" width=\"100\" height=\"142\" \/><\/a><\/td>\n<td><strong>Du\u0161an Halaj<\/strong> &#8211; v\u00fdberov\u00e1 person\u00e1lna bibliografia<\/p>\n<p><a title=\"Du\u0161an Halaj\" href=\"https:\/\/www.krajskakniznicazilina.sk\/menu\/sluz\/region\/edicna\/halaj2017.pdf\"><img loading=\"lazy\" decoding=\"async\" class=\"alignnone\" title=\"halaj\" src=\"https:\/\/www.krajskakniznicazilina.sk\/menu\/sluz\/region\/edicna\/halaj2017.jpg\" alt=\"Halaj\" width=\"100\" height=\"142\" \/><\/a><\/td>\n<td><strong>\u013dubica Mi\u0161\u00edkov\u00e1<\/strong> &#8211; bibliografick\u00fd let\u00e1k<\/p>\n<p><a title=\"bibliografick\u00fd let\u00e1k\" href=\"https:\/\/www.krajskakniznicazilina.sk\/menu\/sluz\/region\/edicna\/misikova2016.pdf\"><img loading=\"lazy\" decoding=\"async\" class=\"alignnone\" title=\"ob\u00e1lka\" src=\"https:\/\/www.krajskakniznicazilina.sk\/menu\/sluz\/region\/edicna\/misikova2016.jpg\" alt=\"Mi\u0161\u00edkov\u00e1\" width=\"64\" height=\"137\" \/><\/a><\/td>\n<\/tr>\n<tr>\n<td><strong>Monografie obc\u00ed a miest Horn\u00e9ho Pova\u017eia<\/strong> &#8211; bibliografick\u00fd s\u00fapis<\/p>\n<p><a title=\"bibliografick\u00fd let\u00e1k\" href=\"https:\/\/www.krajskakniznicazilina.sk\/menu\/sluz\/region\/edicna\/monografieHP2016.pdf\"><img loading=\"lazy\" decoding=\"async\" class=\"alignnone\" title=\"ob\u00e1lka\" src=\"https:\/\/www.krajskakniznicazilina.sk\/menu\/sluz\/region\/edicna\/monografieHP2016.jpg\" alt=\"Monografia obc\u00ed Horn\u00e9ho Pova\u017eia\" width=\"90\" height=\"63\" \/><\/a><\/td>\n<td><strong>Alexander Lombardini<\/strong> &#8211; bibliografick\u00fd let\u00e1k<\/p>\n<p><a title=\"bibliografick\u00fd let\u00e1k\" href=\"https:\/\/www.krajskakniznicazilina.sk\/menu\/sluz\/region\/edicna\/lombardini2016.pdf\"><img loading=\"lazy\" decoding=\"async\" class=\"alignnone\" title=\"ob\u00e1lka\" src=\"https:\/\/www.krajskakniznicazilina.sk\/menu\/sluz\/region\/edicna\/lombardini2016.png\" alt=\"Lombardini\" width=\"100\" height=\"106\" \/><\/a><\/td>\n<td><strong>Mojmir Vlkola\u010dek <\/strong>&#8211; v\u00fdberov\u00e1 person\u00e1lna bibliografia<\/p>\n<p><a title=\"bibliografick\u00fd let\u00e1k\" href=\"https:\/\/www.krajskakniznicazilina.sk\/menu\/sluz\/region\/edicna\/vlkolacek2015.pdf\"><img loading=\"lazy\" decoding=\"async\" class=\"alignnone\" src=\"https:\/\/www.krajskakniznicazilina.sk\/menu\/sluz\/region\/edicna\/vlkolacek2015.jpg\" alt=\"Vlkola\u010dek\" width=\"64\" height=\"100\" \/><\/a><\/td>\n<\/tr>\n<tr>\n<td><strong>Kalendaruim 2016<\/strong><\/p>\n<p><a title=\"bibliografick\u00fd let\u00e1k\" href=\"https:\/\/www.krajskakniznicazilina.sk\/menu\/sluz\/region\/edicna\/kalendarium2016.pdf\"><img loading=\"lazy\" decoding=\"async\" class=\"alignnone\" title=\"ob\u00e1lka\" src=\"https:\/\/www.krajskakniznicazilina.sk\/menu\/sluz\/region\/edicna\/kalendarium2016.jpg\" alt=\"Kalendarium 2016\" width=\"71\" height=\"100\" \/><\/a><\/td>\n<td><strong>Jozef Morav\u010d\u00edk<\/strong> &#8211; v\u00fdberov\u00e1 person\u00e1lna bibliografia<\/p>\n<p><a title=\"bibliografick\u00fd let\u00e1k\" href=\"https:\/\/www.krajskakniznicazilina.sk\/menu\/sluz\/region\/edicna\/moravcik2014.pdf\"><img loading=\"lazy\" decoding=\"async\" class=\"alignnone\" title=\"ob\u00e1lka\" src=\"https:\/\/www.krajskakniznicazilina.sk\/menu\/sluz\/region\/edicna\/moravcik2014.png\" alt=\"Morav\u010d\u00edk\" width=\"100\" height=\"100\" \/><\/a><\/td>\n<td><strong>Milan Pal\u010disko <\/strong>&#8211; v\u00fdberov\u00e1 person\u00e1lna bibliografia<\/p>\n<p><a title=\"bibliografick\u00fd let\u00e1k\" href=\"https:\/\/www.krajskakniznicazilina.sk\/menu\/sluz\/region\/edicna\/palcisko2015.pdf\"><img loading=\"lazy\" decoding=\"async\" class=\"alignnone\" title=\"ob\u00e1lka\" src=\"https:\/\/www.krajskakniznicazilina.sk\/menu\/sluz\/region\/edicna\/palcisko2015.jpg\" alt=\"Pal\u010disko\" width=\"60\" height=\"150\" \/><\/a><\/td>\n<\/tr>\n<tr>\n<td><strong>Po stop\u00e1ch \u013dudov\u00edta \u0160t\u00fara v regi\u00f3ne<\/strong> &#8211; bibliografick\u00fd let\u00e1k<\/p>\n<p><a title=\"bibliografick\u00fd let\u00e1k\" href=\"https:\/\/www.krajskakniznicazilina.sk\/menu\/sluz\/region\/edicna\/stur2015.pdf\"><img loading=\"lazy\" decoding=\"async\" class=\"alignnone\" title=\"ob\u00e1lka\" src=\"https:\/\/www.krajskakniznicazilina.sk\/menu\/sluz\/region\/edicna\/stur2015.png\" alt=\"\u0160t\u00far v regi\u00f3ne\" width=\"51\" height=\"100\" \/><\/a><\/td>\n<td><strong>Morav\u010d\u00edkov\u00e1 Ot\u00edlia<\/strong>, poetka &#8211; bibliografick\u00fd let\u00e1k<\/p>\n<p><a title=\"bibliografick\u00fd let\u00e1k\" href=\"https:\/\/www.krajskakniznicazilina.sk\/menu\/sluz\/region\/edicna\/moravcikova2015.pdf\"><img loading=\"lazy\" decoding=\"async\" class=\"alignnone\" title=\"ob\u00e1lka\" src=\"https:\/\/www.krajskakniznicazilina.sk\/menu\/sluz\/region\/edicna\/moravcikova2015.jpg\" alt=\"Morav\u010d\u00edkov\u00e1\" width=\"57\" height=\"100\" \/><\/a><\/td>\n<td><strong>Tvorba spisovateliek Horn\u00e9ho Pova\u017eia<\/strong> &#8211; bibliografick\u00fd let\u00e1k<\/p>\n<p><a title=\"bibliografick\u00fd let\u00e1k\" href=\"https:\/\/www.krajskakniznicazilina.sk\/menu\/sluz\/region\/edicna\/tvorba%20spisovateliek.jpg\"><img loading=\"lazy\" decoding=\"async\" class=\"alignnone\" title=\"ob\u00e1lka\" src=\"https:\/\/www.krajskakniznicazilina.sk\/menu\/sluz\/region\/edicna\/tvorba%20spisovateliek.jpg\" alt=\"materi\u00e1l\" width=\"70\" height=\"85\" \/><\/a><\/td>\n<\/tr>\n<tr>\n<td><strong>Peter \u0160tansk\u00fd<\/strong> &#8211; bibliografick\u00fd let\u00e1k<\/p>\n<p><a title=\"bibliografick\u00fd let\u00e1k\" href=\"https:\/\/www.krajskakniznicazilina.sk\/menu\/sluz\/region\/edicna\/pstansky2015.pdf\"><img loading=\"lazy\" decoding=\"async\" class=\"alignnone\" title=\"ob\u00e1lka\" src=\"https:\/\/www.krajskakniznicazilina.sk\/menu\/sluz\/region\/edicna\/pstansky2015.jpg\" alt=\"\u0160tansk\u00fd\" width=\"100\" height=\"106\" \/><\/a><\/td>\n<td><strong>Kalend\u00e1rium 2015<\/strong><\/p>\n<p><a title=\"v\u00fdro\u010dia v roku 2015\" href=\"https:\/\/www.krajskakniznicazilina.sk\/menu\/sluz\/region\/edicna\/kalendarium2015.pdf\"><img loading=\"lazy\" decoding=\"async\" class=\"alignnone\" title=\"v\u00fdro\u010dia v roku 2015\" src=\"https:\/\/www.krajskakniznicazilina.sk\/menu\/sluz\/region\/edicna\/kalendarium2015.jpg\" alt=\"Kalend\u00e1rium 2015\" width=\"100\" height=\"147\" \/><\/a><\/td>\n<td><strong>Stanislav Lajda<\/strong><\/p>\n<p><a title=\"materi\u00e1l k \u017eivotn\u00e9mu jub\u00edleu\" href=\"https:\/\/www.krajskakniznicazilina.sk\/menu\/sluz\/region\/edicna\/lajda2014.pdf\"><img loading=\"lazy\" decoding=\"async\" class=\"alignnone\" title=\"materi\u00e1l k v\u00fdro\u010diu\" src=\"https:\/\/www.krajskakniznicazilina.sk\/menu\/sluz\/region\/edicna\/lajda2014.jpg\" alt=\"Lajda\" width=\"100\" height=\"129\" \/><\/a><\/td>\n<\/tr>\n<tr>\n<td><strong>Kalend\u00e1rium 2014<\/strong><\/p>\n<p><a title=\"s\u00fapis za rok 2014\" href=\"https:\/\/www.krajskakniznicazilina.sk\/menu\/sluz\/region\/edicna\/kalendarium2014.pdf\"><img loading=\"lazy\" decoding=\"async\" class=\"alignnone\" title=\"bibl.s\u00fapis\" src=\"https:\/\/www.krajskakniznicazilina.sk\/menu\/sluz\/region\/edicna\/kalendarium2014.jpg\" alt=\"Kalend\u00e1rium 2014\" width=\"100\" height=\"146\" \/><\/a><\/td>\n<td><strong>\u00dasek region\u00e1lneho v\u00fdskumu, dokumentov a inform\u00e1ci\u00ed<\/strong> &#8211; bibliografick\u00fd s\u00fapis edi\u010dnej \u010dinnosti, 2013<\/p>\n<p><a title=\"s\u00fapis za rok 2013\" href=\"https:\/\/www.krajskakniznicazilina.sk\/menu\/sluz\/region\/edicna\/urvdi2013.pdf\"><img loading=\"lazy\" decoding=\"async\" class=\"alignnone\" title=\"bibl.s\u00fapis\" src=\"https:\/\/www.krajskakniznicazilina.sk\/menu\/sluz\/region\/edicna\/urvdi2013.jpg\" alt=\"\u00fasek region\u00e1ln\u00e9ho v\u00fdskumu, dokumentov a inform\u00e1ci\u00ed \" width=\"120\" height=\"160\" \/><\/a><\/td>\n<td><strong>Povesti o J\u00e1no\u0161\u00edkovi<\/strong> &#8211; bibliografick\u00fd s\u00fapis o Jurajovi J\u00e1no\u0161\u00edkovi, 2013<\/p>\n<p><a href=\"https:\/\/www.krajskakniznicazilina.sk\/menu\/sluz\/region\/edicna\/janosik2013.pdf\"><img loading=\"lazy\" decoding=\"async\" class=\"alignnone\" title=\"povesti\" src=\"https:\/\/www.krajskakniznicazilina.sk\/menu\/sluz\/region\/edicna\/janosik2013.jpg\" alt=\"povesti o J\u00e1no\u0161\u00edkovi\" width=\"120\" height=\"170\" \/><\/a><\/td>\n<\/tr>\n<tr>\n<td><strong>Du\u0161an Halaj<\/strong> &#8211; v\u00fdberov\u00e1 person\u00e1lna bibliografia, 2012<\/p>\n<p><a title=\"Du\u0161an Halaj\" href=\"https:\/\/www.krajskakniznicazilina.sk\/menu\/sluz\/region\/edicna\/halaj2012.pdf\"><img loading=\"lazy\" decoding=\"async\" class=\"alignnone\" title=\"bibliografia\" src=\"https:\/\/www.krajskakniznicazilina.sk\/menu\/sluz\/region\/edicna\/halaj2012.png\" alt=\"Halaj\" width=\"120\" height=\"168\" \/><\/a><\/td>\n<td><strong>V\u00ed\u0165azn\u00e9 knihy roka 2012<\/strong><\/p>\n<p><a title=\"bibliografia\" href=\"https:\/\/www.krajskakniznicazilina.sk\/menu\/sluz\/region\/edicna\/knihyroka2012.pdf\"><img loading=\"lazy\" decoding=\"async\" class=\"alignnone\" title=\"Kniha roka 2012\" src=\"https:\/\/www.krajskakniznicazilina.sk\/menu\/sluz\/region\/edicna\/knihyroka2012.jpg\" alt=\"Kniho roka 2012\" width=\"110\" height=\"153\" \/><\/a><\/td>\n<td><strong>Povesti \u017dilina<\/strong><\/p>\n<p><a title=\"bibliografia\" href=\"https:\/\/www.krajskakniznicazilina.sk\/menu\/sluz\/region\/edicna\/povestiza2012.pdf\"><img loading=\"lazy\" decoding=\"async\" class=\"alignnone\" title=\"literat\u00fara\" src=\"https:\/\/www.krajskakniznicazilina.sk\/menu\/sluz\/region\/edicna\/povestiza2012.jpg\" alt=\"povesti \u017dilina\" width=\"120\" height=\"90\" \/><\/a><\/td>\n<\/tr>\n<tr>\n<td><strong>Povesti Byt\u010da<\/strong><\/p>\n<p><a title=\"bibliografia\" href=\"https:\/\/www.krajskakniznicazilina.sk\/menu\/sluz\/region\/edicna\/povestiby2012.pdf\"><img loading=\"lazy\" decoding=\"async\" class=\"alignnone\" title=\"literat\u00fara\" src=\"https:\/\/www.krajskakniznicazilina.sk\/menu\/sluz\/region\/edicna\/povestiby2012.jpg\" alt=\"povesti Byt\u010da\" width=\"120\" height=\"89\" \/><\/a><\/td>\n<td><strong>Katar\u00edna Mikol\u00e1\u0161ov\u00e1<\/strong> &#8211; v\u00fdberov\u00e1 person\u00e1lna bibliografia<\/p>\n<p><a title=\"bibliografia\" href=\"https:\/\/www.krajskakniznicazilina.sk\/menu\/sluz\/region\/edicna\/mikolasova2013.pdf\"><img loading=\"lazy\" decoding=\"async\" class=\"alignnone\" title=\"literat\u00fara\" src=\"https:\/\/www.krajskakniznicazilina.sk\/menu\/sluz\/region\/edicna\/mikolasova2013.jpg\" alt=\"Mikol\u00e1\u0161ov\u00e1\" width=\"120\" height=\"170\" \/><\/a><\/td>\n<td><strong>\u017dilinsk\u00e1 kn\u00edhtla\u010diare\u0148 rodiny Dadanovcov<\/strong> &#8211; zborn\u00edk zo semin\u00e1ra<\/p>\n<p><a title=\"zborn\u00edk zo semin\u00e1ra\" href=\"https:\/\/www.krajskakniznicazilina.sk\/menu\/sluz\/region\/edicna\/%C5%BDtla%C4%8Diare%C5%88.jpg\"><img loading=\"lazy\" decoding=\"async\" class=\"alignnone\" title=\"zborn\u00edk\" src=\"https:\/\/www.krajskakniznicazilina.sk\/menu\/sluz\/region\/edicna\/%C5%BDtla%C4%8Diare%C5%88.jpg\" alt=\"zborn\u00edk zo semin\u00e1ra\" width=\"120\" height=\"181\" \/><\/a><\/td>\n<\/tr>\n<tr>\n<td><strong>\u017dilina vo fonde Krajskej kni\u017enice v \u017diline<\/strong> &#8211; s\u00fapis r.2012<\/p>\n<p><a title=\"literat\u00fara z fondu\" href=\"https:\/\/www.krajskakniznicazilina.sk\/menu\/sluz\/region\/edicna\/supiszilina2012.pdf\"><img loading=\"lazy\" decoding=\"async\" class=\"alignnone\" title=\"literat\u00fara\" src=\"https:\/\/www.krajskakniznicazilina.sk\/menu\/sluz\/region\/edicna\/supiszilina2012.jpg\" alt=\"\u017dilina vo fonde KK\u017d\" width=\"120\" height=\"84\" \/><\/a> (<a title=\"pr\u00edloha\" href=\"https:\/\/www.krajskakniznicazilina.sk\/menu\/sluz\/region\/edicna\/supiszilinapriloha2012.pdf\">fotopr\u00edloha<\/a>)<\/td>\n<td><strong>Cyril a Metod<\/strong> &#8211; \u017eivoty slovansk\u00fdch apo\u0161tolov: katal\u00f3g z v\u00fdstavy<\/p>\n<p><a title=\"katal\u00f3g\" href=\"https:\/\/www.krajskakniznicazilina.sk\/menu\/sluz\/region\/edicna\/cyrilametod2013.pdf\"><img loading=\"lazy\" decoding=\"async\" class=\"alignnone\" title=\"katalog\" src=\"https:\/\/www.krajskakniznicazilina.sk\/menu\/sluz\/region\/edicna\/cyrilametod2013.png\" alt=\"Cyril a Metod\" width=\"90\" height=\"108\" \/><\/a><\/td>\n<td><strong>J\u00e1n Dadan ml<\/strong>. &#8211; bibliografick\u00fd let\u00e1k<br \/>\n<a title=\"katal\u00f3g\" href=\"https:\/\/www.krajskakniznicazilina.sk\/menu\/sluz\/region\/edicna\/dadan2012.pdf\"><img loading=\"lazy\" decoding=\"async\" class=\"alignnone\" title=\"Dadan\" src=\"https:\/\/www.krajskakniznicazilina.sk\/menu\/sluz\/region\/edicna\/dadan2012.png\" alt=\"Dadan\" width=\"90\" height=\"108\" \/><\/a><\/td>\n<\/tr>\n<tr>\n<td><strong>Kalend\u00e1rium 2012<\/strong><\/p>\n<p><a title=\"J\u00e1n Dadan\" href=\"https:\/\/www.krajskakniznicazilina.sk\/menu\/sluz\/region\/edicna\/kalendar2012.pdf\"><img loading=\"lazy\" decoding=\"async\" class=\"alignnone\" title=\"kalendarium 2012\" src=\"https:\/\/www.krajskakniznicazilina.sk\/menu\/sluz\/region\/edicna\/kalendarium2012.JPG\" alt=\"kalendarium 2012\" width=\"90\" height=\"117\" \/><\/a><\/td>\n<td>\n<p style=\"text-align: justify;\"><strong>Kalend\u00e1rium 2011<\/strong><\/p>\n<p><a href=\"https:\/\/www.krajskakniznicazilina.sk\/menu\/sluz\/region\/edicna\/kalendarium2011.pdf\"><img loading=\"lazy\" decoding=\"async\" class=\"alignnone\" title=\"kalendarium\" src=\"https:\/\/www.krajskakniznicazilina.sk\/menu\/sluz\/region\/edicna\/kalendarium2011.JPG\" alt=\"kalendarium 2011\" width=\"90\" height=\"118\" \/><\/a><\/td>\n<td><strong>Eva Urban\u00edkov\u00e1<\/strong> &#8211; bibliografick\u00fd medail\u00f3n<\/p>\n<p><a title=\"urbanikova\" href=\"https:\/\/www.krajskakniznicazilina.sk\/menu\/sluz\/region\/edicna\/urbanikova2011.pdf\"><img loading=\"lazy\" decoding=\"async\" class=\"alignnone\" title=\"urbanikova\" src=\"https:\/\/www.krajskakniznicazilina.sk\/menu\/sluz\/region\/edicna\/urbanikova2011.jpg\" alt=\"Urban\u00edkov\u00e1\" width=\"112\" height=\"127\" \/><\/a><\/td>\n<\/tr>\n<tr>\n<td>\n<p style=\"text-align: left;\"><strong>J\u00e1n Fr\u00e1trik<\/strong> &#8211; v\u00fdberov\u00e1 person\u00e1lna bibliografia<\/p>\n<p><a title=\"v\u00fdberov\u00e1 bibliografia\" href=\"https:\/\/www.krajskakniznicazilina.sk\/menu\/sluz\/region\/edicna\/fratrik2011.pdf\"><img loading=\"lazy\" decoding=\"async\" class=\"alignnone\" title=\"fr\u00e1trik\" src=\"https:\/\/www.krajskakniznicazilina.sk\/menu\/sluz\/region\/edicna\/fratrik2011.jpg\" alt=\"fr\u00e1trik\" width=\"99\" height=\"118\" \/><\/a><\/td>\n<td><strong>Milan Ferko<\/strong> a jeho miesto v slovenskej literat\u00fare<\/p>\n<p><a href=\"https:\/\/www.krajskakniznicazilina.sk\/menu\/sluz\/region\/edicna\/ferko2009.pdf\"><img loading=\"lazy\" decoding=\"async\" class=\"alignnone\" title=\"Ferko\" src=\"https:\/\/www.krajskakniznicazilina.sk\/menu\/sluz\/region\/edicna\/ferko2009.jpg\" alt=\"Milan Ferko\" width=\"85\" height=\"118\" \/><\/a><\/td>\n<td><strong>Bo\u017eena Len\u010dov\u00e1<\/strong> &#8211; person\u00e1lna bibliografia<\/p>\n<p><a href=\"https:\/\/www.krajskakniznicazilina.sk\/menu\/sluz\/region\/edicna\/lencova2007.pdf\"><img loading=\"lazy\" decoding=\"async\" class=\"alignnone\" title=\"lencova\" src=\"https:\/\/www.krajskakniznicazilina.sk\/menu\/sluz\/region\/edicna\/lencova2007.JPG\" alt=\"lencova\" width=\"82\" height=\"118\" \/><\/a><\/td>\n<\/tr>\n<tr>\n<td>\n<p style=\"text-align: left;\"><strong>J\u00e1n Fr\u00e1trik<\/strong> &#8211; zborn\u00edk pr\u00edspevkov z odborn\u00e9ho semin\u00e1ra<\/p>\n<p><a title=\"zborn\u00edk\" href=\"https:\/\/www.krajskakniznicazilina.sk\/menu\/sluz\/region\/edicna\/fratrik2006.pdf\"><img loading=\"lazy\" decoding=\"async\" class=\"alignnone\" title=\"fratrik\" src=\"https:\/\/www.krajskakniznicazilina.sk\/menu\/sluz\/region\/edicna\/fratrik2006.JPG\" alt=\"fratrik\" width=\"86\" height=\"118\" \/><\/a><\/td>\n<td><strong>Putovanie po hradoch v okol\u00ed \u017diliny<\/strong><\/p>\n<p><a href=\"https:\/\/www.krajskakniznicazilina.sk\/menu\/sluz\/region\/edicna\/hrady2005.pdf\"><img loading=\"lazy\" decoding=\"async\" class=\"alignnone\" title=\"hrady\" src=\"https:\/\/www.krajskakniznicazilina.sk\/menu\/sluz\/region\/edicna\/hrady2005.JPG\" alt=\"putovanie po hradoch\" width=\"91\" height=\"122\" \/><\/a><\/td>\n<td><strong>Fedor Fridrich Ruppeldt <\/strong><\/p>\n<p><a href=\"https:\/\/www.krajskakniznicazilina.sk\/www.zilinska-kniznica.sk\/menu\/sluz\/region\/edicna\/ruppeldt.doc\"><img loading=\"lazy\" decoding=\"async\" class=\"alignnone\" title=\"Ruppeldt\" src=\"https:\/\/www.krajskakniznicazilina.sk\/menu\/sluz\/region\/edicna\/ruppeldt.jpg\" alt=\"Ruppeldt\" width=\"91\" height=\"152\" \/><\/a><\/td>\n<\/tr>\n<tr>\n<td width=\"33%\"><strong>Leopold Altus<\/strong><\/p>\n<p><a href=\"https:\/\/www.krajskakniznicazilina.sk\/menu\/sluz\/region\/edicna\/hrady2005.pdf\"><img loading=\"lazy\" decoding=\"async\" class=\"alignnone\" title=\"www.krajskakniznicazilina.sk\/menu\/sluz\/region\/edicna\/altus2005.JPG\" src=\"https:\/\/www.krajskakniznicazilina.sk\/menu\/sluz\/region\/edicna\/altus2005.JPG\" alt=\"Altus\" width=\"91\" height=\"120\" \/><\/a><\/td>\n<td width=\"33%\"><strong>Ivan H\u00e1lek<\/strong> (1872-1945) &#8211; v\u00fdberov\u00e1 person\u00e1lna bibliografia<\/p>\n<p><a href=\"https:\/\/www.krajskakniznicazilina.sk\/menu\/sluz\/region\/edicna\/halek2005.pdf\"><img loading=\"lazy\" decoding=\"async\" class=\"alignleft\" title=\"https:\/\/www.krajskakniznicazilina.sk\/menu\/sluz\/region\/edicna\/halek2005.JPG\" src=\"https:\/\/www.krajskakniznicazilina.sk\/menu\/sluz\/region\/edicna\/halek2005.JPG\" alt=\"H\u00e1lek\" width=\"91\" height=\"116\" \/><\/a><\/td>\n<td width=\"33%\"><strong>Slovn\u00edk za\u010d\u00ednaj\u00facich autorov okresu Byt\u010da<\/strong><\/p>\n<p><a href=\"https:\/\/www.krajskakniznicazilina.sk\/menu\/sluz\/region\/edicna\/slovnik2007.pdf\"><img loading=\"lazy\" decoding=\"async\" title=\"slovn\u00edk\" src=\"https:\/\/www.krajskakniznicazilina.sk\/menu\/sluz\/region\/edicna\/slovnik2007.jpg\" alt=\"slovn\u00edk autorov Byt\u010da\" width=\"75\" height=\"118\" \/><\/a><\/td>\n<\/tr>\n<\/tbody>\n<\/table>\n","protected":false},"excerpt":{"rendered":"<p>Jednotliv\u00e9 bibliografick\u00e9 let\u00e1ky a publik\u00e1cie n\u00e1jdete v kni\u017enici na oddelen\u00ed Region\u00e1lneho v\u00fdskumu, dokumentov a inform\u00e1ci\u00ed. Pavol Prikryl &#8211; v\u00fdberov\u00e1 person\u00e1lna bibliografia, 2022 Drot\u00e1rstvo v diele Vladm\u00edra Ferka &#8211; bibliografick\u00fd s\u00fapis, 2022 Jozef Gab\u010d\u00edk &#8211; bibliografick\u00fd let\u00e1k, 2022 Goran Len\u010do\u00a0 &#8211; kni\u017en\u00e1 tvorba &#8211; bibliografick\u00fd let\u00e1k, 2022 Goran Len\u010do &#8211; publika\u010dn\u00e1 \u010dinnos\u0165 &#8211; bibliografick\u00fd let\u00e1k, 2022 &#8230; <a title=\"Edi\u010dn\u00e1 \u010dinnos\u0165 &#8211; region\u00e1lne bibliografie\" class=\"read-more\" href=\"https:\/\/www.krajskakniznicazilina.sk\/index.php\/sluzby\/regionalna-bibliografia\/edicna-cinnost\/\" aria-label=\"Pre\u010d\u00edtajte si viac o Edi\u010dn\u00e1 \u010dinnos\u0165 &#8211; region\u00e1lne bibliografie\">\u010c\u00edta\u0165 viac<\/a><\/p>\n","protected":false},"author":1,"featured_media":0,"parent":122,"menu_order":0,"comment_status":"closed","ping_status":"closed","template":"","meta":{"footnotes":""},"class_list":["post-663","page","type-page","status-publish"],"_links":{"self":[{"href":"https:\/\/www.krajskakniznicazilina.sk\/index.php\/wp-json\/wp\/v2\/pages\/663","targetHints":{"allow":["GET"]}}],"collection":[{"href":"https:\/\/www.krajskakniznicazilina.sk\/index.php\/wp-json\/wp\/v2\/pages"}],"about":[{"href":"https:\/\/www.krajskakniznicazilina.sk\/index.php\/wp-json\/wp\/v2\/types\/page"}],"author":[{"embeddable":true,"href":"https:\/\/www.krajskakniznicazilina.sk\/index.php\/wp-json\/wp\/v2\/users\/1"}],"replies":[{"embeddable":true,"href":"https:\/\/www.krajskakniznicazilina.sk\/index.php\/wp-json\/wp\/v2\/comments?post=663"}],"version-history":[{"count":62,"href":"https:\/\/www.krajskakniznicazilina.sk\/index.php\/wp-json\/wp\/v2\/pages\/663\/revisions"}],"predecessor-version":[{"id":10604,"href":"https:\/\/www.krajskakniznicazilina.sk\/index.php\/wp-json\/wp\/v2\/pages\/663\/revisions\/10604"}],"up":[{"embeddable":true,"href":"https:\/\/www.krajskakniznicazilina.sk\/index.php\/wp-json\/wp\/v2\/pages\/122"}],"wp:attachment":[{"href":"https:\/\/www.krajskakniznicazilina.sk\/index.php\/wp-json\/wp\/v2\/media?parent=663"}],"curies":[{"name":"wp","href":"https:\/\/api.w.org\/{rel}","templated":true}]}}