{"id":68,"date":"2017-08-17T12:25:33","date_gmt":"2017-08-17T10:25:33","guid":{"rendered":"http:\/\/www.krajskakniznicazilina.sk\/novastranka\/?page_id=68"},"modified":"2026-01-12T07:50:56","modified_gmt":"2026-01-12T06:50:56","slug":"z-historie","status":"publish","type":"page","link":"https:\/\/www.krajskakniznicazilina.sk\/index.php\/o-kniznici\/z-historie\/","title":{"rendered":"Z hist\u00f3rie"},"content":{"rendered":"<figure id=\"attachment_225\" aria-describedby=\"caption-attachment-225\" style=\"width: 177px\" class=\"wp-caption alignleft\"><img loading=\"lazy\" decoding=\"async\" class=\"wp-image-225\" src=\"https:\/\/www.krajskakniznicazilina.sk\/menu\/okniz\/hist\/kniz1.jpg\" alt=\"b\u00fdvala podoba kni\u017enice\" width=\"187\" height=\"152\" \/><figcaption id=\"caption-attachment-225\" class=\"wp-caption-text\">Jedna z b\u00fdval\u00fdch pod\u00f4b kni\u017enice<\/figcaption><\/figure>\n<figure id=\"attachment_226\" aria-describedby=\"caption-attachment-226\" style=\"width: 177px\" class=\"wp-caption alignleft\"><img loading=\"lazy\" decoding=\"async\" class=\"wp-image-226\" src=\"https:\/\/www.krajskakniznicazilina.sk\/menu\/okniz\/hist\/kniz_bul.jpg\" alt=\"pobo\u010dka na Bulv\u00e1ri\" width=\"187\" height=\"152\" \/><figcaption id=\"caption-attachment-226\" class=\"wp-caption-text\">Pobo\u010dka na Bulv\u00e1ri<\/figcaption><\/figure>\n<figure id=\"attachment_229\" aria-describedby=\"caption-attachment-229\" style=\"width: 216px\" class=\"wp-caption alignleft\"><img loading=\"lazy\" decoding=\"async\" class=\"wp-image-229\" src=\"https:\/\/www.krajskakniznicazilina.sk\/menu\/okniz\/hist\/kniz_pred.jpg\" alt=\"kni\u017enica pred rekon\u0161trukciou\" width=\"226\" height=\"152\" \/><figcaption id=\"caption-attachment-229\" class=\"wp-caption-text\">Kni\u017enica pred rekon\u0161trukciou<\/figcaption><\/figure>\n<p>&nbsp;<\/p>\n<p>&nbsp;<\/p>\n<p>&nbsp;<\/p>\n<p>&nbsp;<\/p>\n<p>&nbsp;<\/p>\n<p style=\"text-align: justify;\"><strong>1919<\/strong>\u00a0 &#8211;\u00a0 Krajsk\u00e1 kni\u017enica s\u00edce e\u0161te nebola, ale bol prijat\u00fd <strong>Kni\u017eni\u010dn\u00fd z\u00e1kon<\/strong>, ktor\u00fd ukladal obciam \u010ceskoslovenska povinnos\u0165 zalo\u017ei\u0165 kni\u017enicu a \u010do bolo e\u0161te lep\u0161ie, stanovil aj v\u00fd\u0161ku pr\u00edspevku pod\u013ea po\u010dtu obyvate\u013eov. Ten sa pohyboval od 0,30 halierov a\u017e po 1 korunu.<\/p>\n<p style=\"text-align: justify;\"><strong>1924\u00a0<\/strong> &#8211;\u00a0Krajsk\u00e1 kni\u017enica v teraj\u0161ej podobe tie\u017e e\u0161te neexistovala,\u00a0ale jej predchodky\u0148a, <strong>Mestsk\u00e1 verejn\u00e1 kni\u017enica v \u017diline<\/strong>, u\u017e \u00e1no. Ofici\u00e1lne za\u010dala fungova\u0165 <strong>15.10.1924<\/strong>, jej prv\u00fdm knihovn\u00edkom bol profesor \u0161t\u00e1tnej re\u00e1lky Raymund \u017di\u017eka. Prv\u00fdm profesion\u00e1lnym knihovn\u00edkom sa stal v roku 1931 Andrej Hvizd\u00e1k-Podlu\u010dinsk\u00fd, zn\u00e1my robotn\u00edcky b\u00e1snik a publicista.<\/p>\n<p style=\"text-align: justify;\"><strong style=\"line-height: inherit;\">1952 <\/strong>&#8211;<span style=\"line-height: inherit;\">\u00a0Po takpovediac &#8222;hluchom&#8220; vojnovom a povojnovom obdob\u00ed, kedy kni\u017enica stagnovala a takmer skon\u010dila svoju \u010dinnos\u0165, priniesol tento rok o\u017eivenie kni\u017eni\u010dnej \u010dinnosti v \u017diline, v\u010faka zalo\u017eeniu <\/span><strong style=\"line-height: inherit;\">Krajskej kni\u017enice<\/strong><span style=\"line-height: inherit;\">. V hoteli <\/span><strong style=\"line-height: inherit;\">Slovan\u00a0<\/strong><span style=\"line-height: inherit;\">kni\u017enica disponovala piatimi miestnos\u0165ami a pre verejnos\u0165 otvoren\u00e1 bola 7. janu\u00e1ra 1955. Jej riadite\u013eom bol Jozef P\u00e1v. O rok mala kni\u017enica pobo\u010dky po celom meste i v jeho okrajov\u00fdch \u010dastiach. Najkraj\u0161ia bola v <\/span><strong style=\"line-height: inherit;\">hoteli Ast\u00f3ria<\/strong>.<strong style=\"line-height: inherit;\">\u00a0<\/strong><span style=\"line-height: inherit;\">Pekn\u00e9 priestory boli aj na Studni\u010dk\u00e1ch, kde bola ve\u013ek\u00e1, dobre vybaven\u00e1 \u010dit\u00e1re\u0148, otvoren\u00e1 denne a\u017e do 22. hodiny.<\/span><\/p>\n<p style=\"text-align: justify;\"><strong style=\"line-height: inherit;\">1960 <\/strong>&#8211; K<span style=\"line-height: inherit;\">rajsk\u00e1 kni\u017enica v s\u00favislosti s \u00fazemnou reorganiz\u00e1ciou zanikla a na jej z\u00e1kladoch vyr\u00e1stla\u00a0<\/span><strong style=\"line-height: inherit;\">Okresn\u00e1 kni\u017enica v \u017diline.\u00a0<\/strong><span style=\"line-height: inherit;\">Stala sa \u00fastred\u00edm metodickej, bibliografickej a informa\u010dnej \u010dinnosti v celom okrese. Postupne vznikli nov\u00e9 odborn\u00e9 oddelenia (metodick\u00e9 a bibliografick\u00e9), ktor\u00e9 plnili region\u00e1lne funkcie v sieti \u013eudov\u00fdch kni\u017en\u00edc. Pre obecn\u00e9 kni\u017enice sa od r. 1964 realizoval \u00fastredn\u00fd n\u00e1kup kn\u00edh.<\/span><\/p>\n<p style=\"text-align: justify;\"><span style=\"line-height: inherit;\">Z\u00e1kladn\u00e9 kni\u017eni\u010dn\u00e9 ukazovatele st\u00e1le st\u00fapali, kni\u017enica u\u017e mala vy\u0161e 30 zamestnancov a pobo\u010dky v r\u00f4znych \u010dastiach mesta. Najviac ich bolo v r. 1989 &#8211; a\u017e 24. Zaspom\u00ednajme si aspo\u0148 na dve:<\/span><\/p>\n<figure style=\"width: 240px\" class=\"wp-caption alignleft\"><img loading=\"lazy\" decoding=\"async\" src=\"https:\/\/www.krajskakniznicazilina.sk\/menu\/okniz\/hist\/bulvar.jpg\" alt=\"pobo\u010dka Bulv\u00e1r\" width=\"250\" height=\"175\" \/><figcaption class=\"wp-caption-text\">Beletriu \u010d\u00edtali predov\u0161etk\u00fdm na Bulv\u00e1ri.<\/figcaption><\/figure>\n<figure style=\"width: 240px\" class=\"wp-caption alignright\"><img loading=\"lazy\" decoding=\"async\" src=\"https:\/\/www.krajskakniznicazilina.sk\/menu\/okniz\/hist\/polito.jpg\" alt=\"politick\u00e9 oddelenie\" width=\"250\" height=\"175\" \/><figcaption class=\"wp-caption-text\">Odborn\u00e1 literat\u00fara na Politickom odd.<\/figcaption><\/figure>\n<p>&nbsp;<\/p>\n<p>&nbsp;<\/p>\n<p>&nbsp;<\/p>\n<p>&nbsp;<\/p>\n<p>&nbsp;<\/p>\n<p style=\"text-align: justify;\"><strong style=\"line-height: inherit;\">1991 <\/strong><span style=\"line-height: inherit;\">&#8211; Riadenie okresnej kni\u017enice pre\u0161lo pod Ministerstvo kult\u00fary, riadenie miestnych kni\u017en\u00edc pod samospr\u00e1vy. Pre obecn\u00e9 a mestsk\u00e9 kni\u017enice to malo negat\u00edvne n\u00e1sledky, z ktor\u00fdch sa niektor\u00e9 kni\u017enice nespam\u00e4tali doteraz. Do hor\u0161ej finan\u010dnej situ\u00e1cie sa dostala i \u017dilinsk\u00e1 okresn\u00e1 kni\u017enica. Navy\u0161e, ve\u013ek\u00e1 rozdrobenos\u0165 slu\u017eieb na pobo\u010dk\u00e1ch sa za\u010dala prejavova\u0165 ako obmedzuj\u00faca.<\/span><\/p>\n<p style=\"text-align: justify;\"><strong style=\"line-height: inherit;\">1994<span style=\"color: #000000;\">\u00a0<\/span><\/strong>&#8211;<strong style=\"line-height: inherit;\">\u00a0<\/strong>K<span style=\"line-height: inherit;\">ni\u017enica z\u00edskala vysn\u00edvan\u00fd <\/span><strong style=\"line-height: inherit;\">centr\u00e1lny objekt na Bernol\u00e1kovej ulici \u010d.47<\/strong><span style=\"line-height: inherit;\">. V\u010faka Ministerstvu kult\u00fary SR bola \u010doskoro realizovan\u00e1 debarieriz\u00e1cia objektu. Pracovn\u00edci a pou\u017e\u00edvatelia v\u0161ak netu\u0161ili, \u017ee ich \u010dak\u00e1 jedno nemil\u00e9 prekvapenie &#8211; pretekaj\u00faca strecha.<\/span><\/p>\n<p style=\"text-align: justify;\">Po rokoch boja s vodou a topiacim sa snehom sa podarilo uskuto\u010dni\u0165 nadstavbu objektu, \u010d\u00edm kni\u017enica z\u00edskala nielen ochranu pred jedn\u00fdm z pr\u00edrodn\u00fdch \u017eivlov, ale aj nov\u00e9 priestory pre realiz\u00e1ciu podujat\u00ed, \u00fasek literat\u00fary pre deti a ml\u00e1de\u017e a odborn\u00e9 oddelenia. Za\u010dala sa p\u00edsa\u0165 \u010fal\u0161ia kapitola modernej hist\u00f3rie kni\u017enice.<\/p>\n<p style=\"text-align: justify;\"><strong>1997<\/strong> &#8211; Krajsk\u00e1 \u0161t\u00e1tna kni\u017enica v \u017diline bola vy\u0148at\u00e1 zo Severopova\u017esk\u00e9ho kult\u00farneho centra a dovtedaj\u0161ie funkcie kni\u017enice (okresn\u00e1 pre okresy \u017dilina a\u00a0Byt\u010da a\u00a0mestsk\u00e1 pre mesto \u017dilina) sa roz\u0161\u00edrili o funkciu krajskej kni\u017enice pre \u017dilinsk\u00fd kraj.<\/p>\n<p style=\"text-align: justify;\"><strong>2002<\/strong> &#8211; Tento rok priniesol kni\u017enici op\u00e4\u0165 organiza\u010dn\u00fa zmenu a nov\u00e9ho zria\u010fovate\u013ea. D\u0148om 1. apr\u00edla 2002 pre\u0161la kni\u017enica z dlhoro\u010dn\u00e9ho riadenia \u0161t\u00e1tom do samospr\u00e1vneho prostredia. Jej nov\u00fdm zria\u010fovate\u013eom sa stal novovzniknut\u00fd \u017dilinsk\u00fd samospr\u00e1vny kraj. V tejto s\u00favislosti zmenila svoj n\u00e1zov na \u017dilinsk\u00e1 kni\u017enica a v roku 2008 na z\u00e1klade po\u017eiadavky zria\u010fovate\u013ea op\u00e4\u0165 zmenila n\u00e1zov na <strong>Krajsk\u00e1 kni\u017enica v \u017diline<\/strong>.<\/p>\n<p style=\"text-align: justify;\">V\u00a0zmysle novej zria\u010fovacej listiny kni\u017enica p\u00f4sob\u00ed ako kult\u00farna, informa\u010dn\u00e1, vedeck\u00e1 a vzdel\u00e1vacia in\u0161tit\u00facia, poskytuj\u00faca v\u00a0r\u00e1mci svojej \u00fazemnej p\u00f4sobnosti v\u0161eobecn\u00fd a neobmedzen\u00fd pr\u00edstup k\u00a0inform\u00e1ci\u00e1m. Je koordina\u010dn\u00fdm, vzdel\u00e1vac\u00edm, \u0161tatistick\u00fdm, metodick\u00fdm a odborno-poradensk\u00fdm strediskom pre region\u00e1lne kni\u017enice v\u00a0\u010cadci, Dolnom Kub\u00edne, Liptovskom Mikul\u00e1\u0161i a\u00a0v\u00a0Martine a pre mestsk\u00e9 a obecn\u00e9 kni\u017enice v\u00a0okresoch \u017dilina a Byt\u010da. Zabezpe\u010duje z\u00e1rove\u0148 \u00falohy spojen\u00e9 s\u00a0dokumentovan\u00edm stavu a rozvojom kni\u017eni\u010dno-informa\u010dn\u00fdch slu\u017eieb verejnosti v\u00a0kraji, s\u00a0koordin\u00e1ciou bibliografickej a edi\u010dnej \u010dinnosti, na\u010falej pln\u00ed aj funkciu mestskej kni\u017enice pre mesto \u017dilina.<\/p>\n<p style=\"text-align: justify;\"><strong>2020<\/strong> &#8211; Pr\u00edzemie Krajskej kni\u017enice v \u017diline pre\u0161lo v\u00fdraznou rekon\u0161trukciou od podl\u00e1h cez rozvody a\u017e po strop s osvieten\u00edm.<\/p>\n<p style=\"text-align: justify;\"><strong>2021<\/strong> &#8211; Od 1.7.2021 p\u00f4vodn\u00e9 pobo\u010dky kni\u017enice (H\u00e1jik, Vl\u010dince, Solinky, Byt\u010dica, Trnov\u00e9 a Str\u00e1\u017eov) skon\u010dili svoju prev\u00e1dzku ako obslu\u017en\u00e9 miesta Krajskej kni\u017enice v \u017diline. Ich spr\u00e1vu prebralo mesto \u017dilina.<\/p>\n<figure style=\"width: 181px\" class=\"wp-caption alignleft\"><img loading=\"lazy\" decoding=\"async\" src=\"https:\/\/www.krajskakniznicazilina.sk\/menu\/kont\/pobocky\/vlc.jpg\" alt=\"Pobo\u010dka Vl\u010dince\" width=\"191\" height=\"142\" \/><figcaption class=\"wp-caption-text\">Vl\u010dince<\/figcaption><\/figure>\n<figure style=\"width: 180px\" class=\"wp-caption alignleft\"><img loading=\"lazy\" decoding=\"async\" src=\"https:\/\/www.krajskakniznicazilina.sk\/menu\/kont\/pobocky\/hajik.jpg\" alt=\"pobo\u010dka H\u00e1jik\" width=\"190\" height=\"142\" \/><figcaption class=\"wp-caption-text\">H\u00e1jik<\/figcaption><\/figure>\n<figure style=\"width: 132px\" class=\"wp-caption alignleft\"><img loading=\"lazy\" decoding=\"async\" src=\"https:\/\/www.krajskakniznicazilina.sk\/menu\/kont\/pobocky\/solinky.jpg\" alt=\"pobo\u010dka Solinky\" width=\"142\" height=\"94\" \/><figcaption class=\"wp-caption-text\">Solinky<\/figcaption><\/figure>\n<p>&nbsp;<\/p>\n<figure style=\"width: 180px\" class=\"wp-caption alignright\"><img loading=\"lazy\" decoding=\"async\" src=\"https:\/\/www.krajskakniznicazilina.sk\/menu\/kont\/pobocky\/strazov.jpg\" alt=\"pobo\u010dka Str\u00e1\u017eov\" width=\"190\" height=\"142\" \/><figcaption class=\"wp-caption-text\">Str\u00e1\u017eov<\/figcaption><\/figure>\n<figure style=\"width: 180px\" class=\"wp-caption alignright\"><img loading=\"lazy\" decoding=\"async\" src=\"https:\/\/www.krajskakniznicazilina.sk\/menu\/kont\/pobocky\/trnove.jpg\" alt=\"pobo\u010dka Trnov\u00e9\" width=\"190\" height=\"142\" \/><figcaption class=\"wp-caption-text\">Trnov\u00e9<\/figcaption><\/figure>\n<figure style=\"width: 180px\" class=\"wp-caption alignright\"><img loading=\"lazy\" decoding=\"async\" src=\"https:\/\/www.krajskakniznicazilina.sk\/menu\/kont\/pobocky\/bytcica.jpg\" alt=\"byt\u010dica\" width=\"190\" height=\"142\" \/><figcaption class=\"wp-caption-text\">Byt\u010dica<\/figcaption><\/figure>\n<p>&nbsp;<\/p>\n<p>&nbsp;<\/p>\n<p>&nbsp;<\/p>\n<p>&nbsp;<\/p>\n<p style=\"text-align: justify;\"><strong>6.7.2021<\/strong> z\u00edskala kni\u017enica ocenenie ministerky kult\u00fary SR &#8211; <a href=\"https:\/\/www.krajskakniznicazilina.sk\/index.php\/2021\/07\/07\/kniznicou-roka-2020-sa-stala-krajska-kniznica-v-ziline\/\"><strong>Kni\u017enica roka 2020<\/strong><\/a> za akt\u00edvnu pr\u00e1cu na skvalitnen\u00ed slu\u017eieb pre pou\u017e\u00edvate\u013eov a rozsiahlu rekon\u0161trukciu kni\u017eni\u010dn\u00fdch priestorov, ktor\u00e1 prispela k vytvoreniu modern\u00e9ho, funk\u010dn\u00e9ho a inkluz\u00edvneho prostredia pre n\u00e1v\u0161tevn\u00edkov a knihovn\u00edkov.<\/p>\n","protected":false},"excerpt":{"rendered":"<p>&nbsp; &nbsp; &nbsp; &nbsp; &nbsp; 1919\u00a0 &#8211;\u00a0 Krajsk\u00e1 kni\u017enica s\u00edce e\u0161te nebola, ale bol prijat\u00fd Kni\u017eni\u010dn\u00fd z\u00e1kon, ktor\u00fd ukladal obciam \u010ceskoslovenska povinnos\u0165 zalo\u017ei\u0165 kni\u017enicu a \u010do bolo e\u0161te lep\u0161ie, stanovil aj v\u00fd\u0161ku pr\u00edspevku pod\u013ea po\u010dtu obyvate\u013eov. Ten sa pohyboval od 0,30 halierov a\u017e po 1 korunu. 1924\u00a0 &#8211;\u00a0Krajsk\u00e1 kni\u017enica v teraj\u0161ej podobe tie\u017e e\u0161te neexistovala,\u00a0ale &#8230; <a title=\"Z hist\u00f3rie\" class=\"read-more\" href=\"https:\/\/www.krajskakniznicazilina.sk\/index.php\/o-kniznici\/z-historie\/\" aria-label=\"Pre\u010d\u00edtajte si viac o Z hist\u00f3rie\">\u010c\u00edta\u0165 viac<\/a><\/p>\n","protected":false},"author":1,"featured_media":0,"parent":7,"menu_order":0,"comment_status":"closed","ping_status":"closed","template":"","meta":{"footnotes":""},"class_list":["post-68","page","type-page","status-publish"],"_links":{"self":[{"href":"https:\/\/www.krajskakniznicazilina.sk\/index.php\/wp-json\/wp\/v2\/pages\/68","targetHints":{"allow":["GET"]}}],"collection":[{"href":"https:\/\/www.krajskakniznicazilina.sk\/index.php\/wp-json\/wp\/v2\/pages"}],"about":[{"href":"https:\/\/www.krajskakniznicazilina.sk\/index.php\/wp-json\/wp\/v2\/types\/page"}],"author":[{"embeddable":true,"href":"https:\/\/www.krajskakniznicazilina.sk\/index.php\/wp-json\/wp\/v2\/users\/1"}],"replies":[{"embeddable":true,"href":"https:\/\/www.krajskakniznicazilina.sk\/index.php\/wp-json\/wp\/v2\/comments?post=68"}],"version-history":[{"count":31,"href":"https:\/\/www.krajskakniznicazilina.sk\/index.php\/wp-json\/wp\/v2\/pages\/68\/revisions"}],"predecessor-version":[{"id":16508,"href":"https:\/\/www.krajskakniznicazilina.sk\/index.php\/wp-json\/wp\/v2\/pages\/68\/revisions\/16508"}],"up":[{"embeddable":true,"href":"https:\/\/www.krajskakniznicazilina.sk\/index.php\/wp-json\/wp\/v2\/pages\/7"}],"wp:attachment":[{"href":"https:\/\/www.krajskakniznicazilina.sk\/index.php\/wp-json\/wp\/v2\/media?parent=68"}],"curies":[{"name":"wp","href":"https:\/\/api.w.org\/{rel}","templated":true}]}}