{"id":73,"date":"2017-08-17T12:25:33","date_gmt":"2017-08-17T10:25:33","guid":{"rendered":"http:\/\/www.krajskakniznicazilina.sk\/novastranka\/?page_id=73"},"modified":"2025-03-13T07:55:30","modified_gmt":"2025-03-13T06:55:30","slug":"projekty","status":"publish","type":"page","link":"https:\/\/www.krajskakniznicazilina.sk\/index.php\/o-kniznici\/projekty\/","title":{"rendered":"Projekty"},"content":{"rendered":"<p>Kni\u017enica realizuje viacer\u00e9 projekty\u00a0na n\u00e1rodnej a medzin\u00e1rodnej \u00farovni.\u00a0<strong>Krajsk\u00e1 kni\u017enica v \u017diline\u00a0je zapojen\u00e1 do projektov:\u00a0<\/strong><\/p>\n<h3><a href=\"https:\/\/www.krajskakniznicazilina.sk\/index.php\/fond-na-podporu-umenia\/\"><strong>Fond na podporu umenia<\/strong><\/a><\/h3>\n<h3><a href=\"https:\/\/www.krajskakniznicazilina.sk\/index.php\/zsk\/\"><strong>\u017dilinsk\u00fd samospr\u00e1vny kraj<\/strong><\/a><\/h3>\n<h3><a href=\"https:\/\/www.krajskakniznicazilina.sk\/index.php\/o-kniznici\/projekty\/mesto-zilina-dotacie\/\"><strong>Mesto \u017dilina (dot\u00e1cie)<\/strong><\/a><\/h3>\n<h3><strong>Medzin\u00e1rodn\u00e9 projekty<\/strong><\/h3>\n<ul>\n<li>Projekt\u00a0<a href=\"https:\/\/www.krajskakniznicazilina.sk\/index.php\/o-kniznici\/projekty\/potulky\/\"><strong>Potulky<\/strong><\/a><\/li>\n<li>Projekt\u00a0<a href=\"https:\/\/www.krajskakniznicazilina.sk\/index.php\/o-kniznici\/projekty\/knihovisko\/\"><strong>Knihovisko<\/strong><\/a><\/li>\n<li>Projekt\u00a0<a href=\"https:\/\/www.krajskakniznicazilina.sk\/index.php\/o-kniznici\/projekty\/books-on-line\/\"><strong>Booo &#8211; Books On-Line<\/strong><\/a><\/li>\n<li>Projekt\u00a0<a href=\"https:\/\/www.krajskakniznicazilina.sk\/index.php\/o-kniznici\/projekty\/cestopis-jpii\/\"><strong>Duchapln\u00fd cestopis po stop\u00e1ch J\u00e1na Pavla II. v\u00a0na\u0161ich regi\u00f3noch<\/strong><\/a><\/li>\n<li>Projekt\u00a0<a href=\"https:\/\/www.krajskakniznicazilina.sk\/index.php\/o-kniznici\/projekty\/informacie-bez-hranic\/\"><strong>Inform\u00e1cie bez hran\u00edc<\/strong><\/a><\/li>\n<li>Projekt\u00a0<a href=\"https:\/\/www.krajskakniznicazilina.sk\/index.php\/sp-mosty-k-info-a-kult\/\"><strong>\u201eSpolo\u010dn\u00e9 mosty k\u00a0inform\u00e1ci\u00e1m a kult\u00fare\u201c<\/strong><\/a><\/li>\n<li>Projekt\u00a0<a href=\"https:\/\/www.krajskakniznicazilina.sk\/index.php\/bez-hranic\/\"><strong>Bez hran\u00edc<\/strong>\u00a0(spolo\u010dn\u00fd kult\u00farny priestor)<\/a><\/li>\n<li>Projekt\u00a0<a href=\"https:\/\/www.krajskakniznicazilina.sk\/index.php\/knihovnici-pre-ludi\/\"><strong>Knihovn\u00edci pre \u013eud\u00ed &#8211; od u\u010denia k poznaniu<\/strong><\/a><\/li>\n<li>Projekt\u00a0<a href=\"https:\/\/www.krajskakniznicazilina.sk\/index.php\/c-s-kniz-skolka\/\"><strong>\u010cesko-slovensk\u00e1 kni\u017eni\u010dn\u00e1 \u0161k\u00f4lka<\/strong><\/a><\/li>\n<li>Projekt\u00a0<a href=\"https:\/\/www.krajskakniznicazilina.sk\/index.php\/sme-rozdielni\/\"><strong style=\"line-height: inherit;\">Sme rozdielni, a predsa tak podobn\u00ed<\/strong><\/a><\/li>\n<li>Projekt\u00a0<a href=\"https:\/\/www.krajskakniznicazilina.sk\/index.php\/o-kniznici\/projekty\/nkpzc\/\"><strong>Na\u0161e kni\u017enice (aj) pre znev\u00fdhodnen\u00fdch \u010ditate\u013eov<\/strong><\/a><\/li>\n<li><a href=\"https:\/\/www.krajskakniznicazilina.sk\/index.php\/o-kniznici\/projekty\/doors-digital-incubator-for-museums-network\/\"><strong>DOORS \u2013 Digital Incubator for Museums network<\/strong><\/a><\/li>\n<li><a href=\"https:\/\/www.krajskakniznicazilina.sk\/index.php\/o-kniznici\/projekty\/erasmus-rozsirovanie-zrucnosti-knihovnikov-krajskej-kniznice-v-ziline\/\"><strong>Erasmus+ \/<\/strong> Roz\u0161irovanie zru\u010dnost\u00ed knihovn\u00edkov Krajskej kni\u017enice v \u017diline<\/a><\/li>\n<\/ul>\n<h3><strong>Ostatn\u00e9 projekty<\/strong><\/h3>\n<ul>\n<li><a href=\"https:\/\/www.krajskakniznicazilina.sk\/index.php\/o-kniznici\/projekty\/kia\/\"><strong>KIA Motors Slovakia<\/strong><\/a><\/li>\n<li>Projekt <a href=\"https:\/\/www.krajskakniznicazilina.sk\/index.php\/2022\/04\/13\/kurzy-zakladnej-pocitacovej-gramotnosti\/\"><strong>Seniori programuj\u00fa v kni\u017enici<\/strong> <\/a>podporil Nada\u010dn\u00fd fond Telekom<\/li>\n<li><a href=\"https:\/\/www.krajskakniznicazilina.sk\/index.php\/2022\/08\/08\/literarno-komunitny-park-pri-kniznici\/\"><strong>Liter\u00e1rno-komunitn\u00fd park pri kni\u017enici<\/strong><\/a> \u2013 miesto na vzdel\u00e1vanie, oddych i z\u00e1bavu<\/li>\n<\/ul>\n<h3 class=\"entry-title\"><strong>Architektonick\u00e1 s\u00fa\u0165a\u017e n\u00e1vrhov<\/strong><\/h3>\n<ul>\n<li class=\"entry-title\"><a style=\"font-size: 16px;\" href=\"https:\/\/www.krajskakniznicazilina.sk\/index.php\/o-kniznici\/projekty\/architektonicka-sutaz-navrhov-na-obnovu-2-poschodia\/\"><strong>Architektonick\u00e1 s\u00fa\u0165a\u017e n\u00e1vrhov na obnovu 2. poschodia<\/strong><\/a><\/li>\n<\/ul>\n","protected":false},"excerpt":{"rendered":"<p>Kni\u017enica realizuje viacer\u00e9 projekty\u00a0na n\u00e1rodnej a medzin\u00e1rodnej \u00farovni.\u00a0Krajsk\u00e1 kni\u017enica v \u017diline\u00a0je zapojen\u00e1 do projektov:\u00a0 Fond na podporu umenia \u017dilinsk\u00fd samospr\u00e1vny kraj Mesto \u017dilina (dot\u00e1cie) Medzin\u00e1rodn\u00e9 projekty Projekt\u00a0Potulky Projekt\u00a0Knihovisko Projekt\u00a0Booo &#8211; Books On-Line Projekt\u00a0Duchapln\u00fd cestopis po stop\u00e1ch J\u00e1na Pavla II. v\u00a0na\u0161ich regi\u00f3noch Projekt\u00a0Inform\u00e1cie bez hran\u00edc Projekt\u00a0\u201eSpolo\u010dn\u00e9 mosty k\u00a0inform\u00e1ci\u00e1m a kult\u00fare\u201c Projekt\u00a0Bez hran\u00edc\u00a0(spolo\u010dn\u00fd kult\u00farny priestor) Projekt\u00a0Knihovn\u00edci pre &#8230; <a title=\"Projekty\" class=\"read-more\" href=\"https:\/\/www.krajskakniznicazilina.sk\/index.php\/o-kniznici\/projekty\/\" aria-label=\"Pre\u010d\u00edtajte si viac o Projekty\">\u010c\u00edta\u0165 viac<\/a><\/p>\n","protected":false},"author":1,"featured_media":0,"parent":7,"menu_order":0,"comment_status":"closed","ping_status":"closed","template":"","meta":{"footnotes":""},"class_list":["post-73","page","type-page","status-publish"],"_links":{"self":[{"href":"https:\/\/www.krajskakniznicazilina.sk\/index.php\/wp-json\/wp\/v2\/pages\/73","targetHints":{"allow":["GET"]}}],"collection":[{"href":"https:\/\/www.krajskakniznicazilina.sk\/index.php\/wp-json\/wp\/v2\/pages"}],"about":[{"href":"https:\/\/www.krajskakniznicazilina.sk\/index.php\/wp-json\/wp\/v2\/types\/page"}],"author":[{"embeddable":true,"href":"https:\/\/www.krajskakniznicazilina.sk\/index.php\/wp-json\/wp\/v2\/users\/1"}],"replies":[{"embeddable":true,"href":"https:\/\/www.krajskakniznicazilina.sk\/index.php\/wp-json\/wp\/v2\/comments?post=73"}],"version-history":[{"count":37,"href":"https:\/\/www.krajskakniznicazilina.sk\/index.php\/wp-json\/wp\/v2\/pages\/73\/revisions"}],"predecessor-version":[{"id":14811,"href":"https:\/\/www.krajskakniznicazilina.sk\/index.php\/wp-json\/wp\/v2\/pages\/73\/revisions\/14811"}],"up":[{"embeddable":true,"href":"https:\/\/www.krajskakniznicazilina.sk\/index.php\/wp-json\/wp\/v2\/pages\/7"}],"wp:attachment":[{"href":"https:\/\/www.krajskakniznicazilina.sk\/index.php\/wp-json\/wp\/v2\/media?parent=73"}],"curies":[{"name":"wp","href":"https:\/\/api.w.org\/{rel}","templated":true}]}}