{"id":7724,"date":"2021-10-07T15:17:46","date_gmt":"2021-10-07T13:17:46","guid":{"rendered":"https:\/\/www.krajskakniznicazilina.sk\/?page_id=7724"},"modified":"2025-12-12T12:38:04","modified_gmt":"2025-12-12T11:38:04","slug":"socialne-siete","status":"publish","type":"page","link":"https:\/\/www.krajskakniznicazilina.sk\/index.php\/socialne-siete\/","title":{"rendered":"Soci\u00e1lne siete"},"content":{"rendered":"<h3><strong><a href=\"http:\/\/kniznicazilina.blogspot.sk\/\">Blog &#8211; Kni\u017enica spoza pultu<\/a><\/strong><\/h3>\n<p style=\"text-align: justify;\">S n\u00e1padom na publikovanie pr\u00edspevkov na kni\u017eni\u010dnom blogu sme sa pohr\u00e1vali dlho. Prv\u00fd pr\u00edspevok na blogu sme zverejnili 29. m\u00e1ja 2017 a odvtedy sa ka\u017ed\u00fd utorok sna\u017e\u00edme prin\u00e1\u0161a\u0165 nov\u00fd pr\u00edspevok, recenziu \u010di n\u00e1vod pre na\u0161ich \u010ditate\u013eov.<\/p>\n<p><a href=\"http:\/\/kniznicazilina.blogspot.sk\/\"><img decoding=\"async\" class=\"size-full alignnone\" src=\"https:\/\/www.krajskakniznicazilina.sk\/menu\/siete\/blog%20kkza.png\" width=\"50%\" height=\"50%\" \/><\/a><\/p>\n<h3><strong><a href=\"https:\/\/www.youtube.com\/channel\/UChz5Mb9BIaumZnsvgbmjDug?\">YouTube<\/a><\/strong><\/h3>\n<p style=\"text-align: justify;\">YouTube kan\u00e1l Krajskej kni\u017enice vznikol v \u010dase pand\u00e9mie kornoav\u00edrusu, aby sme mohli zosta\u0165 v kontakte s \u010ditate\u013emi. Prv\u00fdm videom bolo odpor\u00fa\u010danie literat\u00fary pre deti zverejnen\u00fd 30.3.2020.<\/p>\n<p><a href=\"https:\/\/www.youtube.com\/channel\/UChz5Mb9BIaumZnsvgbmjDug\"><img decoding=\"async\" class=\"alignnone size-full\" src=\"https:\/\/www.krajskakniznicazilina.sk\/menu\/siete\/youtube%20kkza.png\" width=\"50%\" height=\"50%\" \/><\/a><\/p>\n<h3><strong><a href=\"https:\/\/bit.ly\/kniznicaspozapultu-podcast\">Podcast &#8211; Kni\u017enica spoza pultu<\/a><\/strong><\/h3>\n<p>Podcast Krajskej kni\u017enice v \u017diline vznikol ako \u010fal\u0161\u00ed krok od video produkcie. Audio verzie niektor\u00fdch vide\u00ed, \u010d\u00edtan\u00e9 blogy a \u010fal\u0161ie slov\u00e1 o knih\u00e1ch spoza n\u00e1\u0161ho v\u00fdpo\u017ei\u010dn\u00e9ho pultu uverej\u0148ujeme od 6.10. 2021.<\/p>\n<p><img decoding=\"async\" class=\"alignright\" src=\"https:\/\/www.krajskakniznicazilina.sk\/menu\/siete\/podcast%20kkza.png\" alt=\"\" width=\"60%\" height=\"60%\" \/><\/p>\n<p>Podcast si m\u00f4\u017eete pusti\u0165 na:<\/p>\n<ul>\n<li style=\"list-style-type: none\">\n<ul>\n<li><a href=\"https:\/\/bit.ly\/kniznicaspozapultu-podcast\">Spotify<\/a><\/li>\n<\/ul>\n<\/li>\n<\/ul>\n<p>&nbsp;<\/p>\n<p>&nbsp;<\/p>\n","protected":false},"excerpt":{"rendered":"<p>Blog &#8211; Kni\u017enica spoza pultu S n\u00e1padom na publikovanie pr\u00edspevkov na kni\u017eni\u010dnom blogu sme sa pohr\u00e1vali dlho. Prv\u00fd pr\u00edspevok na blogu sme zverejnili 29. m\u00e1ja 2017 a odvtedy sa ka\u017ed\u00fd utorok sna\u017e\u00edme prin\u00e1\u0161a\u0165 nov\u00fd pr\u00edspevok, recenziu \u010di n\u00e1vod pre na\u0161ich \u010ditate\u013eov. YouTube YouTube kan\u00e1l Krajskej kni\u017enice vznikol v \u010dase pand\u00e9mie kornoav\u00edrusu, aby sme mohli zosta\u0165 &#8230; <a title=\"Soci\u00e1lne siete\" class=\"read-more\" href=\"https:\/\/www.krajskakniznicazilina.sk\/index.php\/socialne-siete\/\" aria-label=\"Pre\u010d\u00edtajte si viac o Soci\u00e1lne siete\">\u010c\u00edta\u0165 viac<\/a><\/p>\n","protected":false},"author":1,"featured_media":0,"parent":0,"menu_order":0,"comment_status":"closed","ping_status":"closed","template":"","meta":{"footnotes":""},"class_list":["post-7724","page","type-page","status-publish"],"_links":{"self":[{"href":"https:\/\/www.krajskakniznicazilina.sk\/index.php\/wp-json\/wp\/v2\/pages\/7724","targetHints":{"allow":["GET"]}}],"collection":[{"href":"https:\/\/www.krajskakniznicazilina.sk\/index.php\/wp-json\/wp\/v2\/pages"}],"about":[{"href":"https:\/\/www.krajskakniznicazilina.sk\/index.php\/wp-json\/wp\/v2\/types\/page"}],"author":[{"embeddable":true,"href":"https:\/\/www.krajskakniznicazilina.sk\/index.php\/wp-json\/wp\/v2\/users\/1"}],"replies":[{"embeddable":true,"href":"https:\/\/www.krajskakniznicazilina.sk\/index.php\/wp-json\/wp\/v2\/comments?post=7724"}],"version-history":[{"count":18,"href":"https:\/\/www.krajskakniznicazilina.sk\/index.php\/wp-json\/wp\/v2\/pages\/7724\/revisions"}],"predecessor-version":[{"id":16427,"href":"https:\/\/www.krajskakniznicazilina.sk\/index.php\/wp-json\/wp\/v2\/pages\/7724\/revisions\/16427"}],"wp:attachment":[{"href":"https:\/\/www.krajskakniznicazilina.sk\/index.php\/wp-json\/wp\/v2\/media?parent=7724"}],"curies":[{"name":"wp","href":"https:\/\/api.w.org\/{rel}","templated":true}]}}